{"id":5751,"date":"2025-02-14T11:14:29","date_gmt":"2025-02-14T10:14:29","guid":{"rendered":"https:\/\/www.fototv.de\/start\/?page_id=5751"},"modified":"2025-11-25T12:11:09","modified_gmt":"2025-11-25T11:11:09","slug":"f8-2","status":"publish","type":"page","link":"https:\/\/www.fototv.de\/start\/","title":{"rendered":"f8 FotoTV"},"content":{"rendered":"\t\t<div data-elementor-type=\"wp-page\" data-elementor-id=\"5751\" class=\"elementor elementor-5751\" data-elementor-post-type=\"page\">\n\t\t\t\t<div class=\"elementor-element elementor-element-7accdb95 e-flex e-con-boxed e-con e-parent\" data-id=\"7accdb95\" data-element_type=\"container\" data-settings=\"{&quot;background_background&quot;:&quot;video&quot;,&quot;background_video_link&quot;:&quot;https:\\\/\\\/www.fototv.de\\\/start\\\/wp-content\\\/uploads\\\/2023\\\/06\\\/Highilght_ohneLogo-2.mp4&quot;,&quot;background_play_on_mobile&quot;:&quot;yes&quot;}\">\n\t\t\t\t\t<div class=\"e-con-inner\">\n\t\t<div class=\"elementor-background-video-container\" aria-hidden=\"true\">\n\t\t\t\t\t\t\t<video class=\"elementor-background-video-hosted\" autoplay muted playsinline loop><\/video>\n\t\t\t\t\t<\/div>\t\t<div class=\"elementor-element elementor-element-16a7bf69 elementor-widget elementor-widget-heading\" data-id=\"16a7bf69\" data-element_type=\"widget\" data-widget_type=\"heading.default\">\n\t\t\t\t<div class=\"elementor-widget-container\">\n\t\t\t\t\t<h1 class=\"elementor-heading-title elementor-size-default\">Fotografie k\u00f6nnen lernen!\n<\/h1>\t\t\t\t<\/div>\n\t\t\t\t<\/div>\n\t\t\t\t<div class=\"elementor-element elementor-element-170180e5 elementor-widget elementor-widget-text-editor\" data-id=\"170180e5\" data-element_type=\"widget\" data-widget_type=\"text-editor.default\">\n\t\t\t\t<div class=\"elementor-widget-container\">\n\t\t\t\t\t\t\t\t\t<p>Wir vermitteln dir strukturiert das Fotowissen, mit dem du jederzeit herausragende Bilder machst.<\/p>\t\t\t\t\t\t\t\t<\/div>\n\t\t\t\t<\/div>\n\t\t\t\t<div class=\"elementor-element elementor-element-44907bbc elementor-widget elementor-widget-text-editor\" data-id=\"44907bbc\" data-element_type=\"widget\" data-widget_type=\"text-editor.default\">\n\t\t\t\t<div class=\"elementor-widget-container\">\n\t\t\t\t\t\t\t\t\t<p>FotoTV. ist die Lernplattform f\u00fcr ernsthaft Fotointeressierte, die fotografisch weiter kommen wollen und bereit sind, Fotografie wirklich zu lernen.<\/p><p>Bei uns lernst du alles \u00fcber Fotografie \u2013 vom Motiv \u00fcber Kamera- und Lichttechnik bis hin zu Bildbearbeitung und Pr\u00e4sentation deiner Ergebnisse.<\/p>\t\t\t\t\t\t\t\t<\/div>\n\t\t\t\t<\/div>\n\t\t\t\t<div class=\"elementor-element elementor-element-a8f6bea elementor-align-left elementor-widget elementor-widget-button\" data-id=\"a8f6bea\" data-element_type=\"widget\" data-widget_type=\"button.default\">\n\t\t\t\t<div class=\"elementor-widget-container\">\n\t\t\t\t\t\t\t\t\t<div class=\"elementor-button-wrapper\">\n\t\t\t\t\t<a class=\"elementor-button elementor-button-link elementor-size-lg\" href=\"#1\">\n\t\t\t\t\t\t<span class=\"elementor-button-content-wrapper\">\n\t\t\t\t\t\t\t\t\t<span class=\"elementor-button-text\">Teste uns ohne Risiko.<\/span>\n\t\t\t\t\t<\/span>\n\t\t\t\t\t<\/a>\n\t\t\t\t<\/div>\n\t\t\t\t\t\t\t\t<\/div>\n\t\t\t\t<\/div>\n\t\t<div class=\"elementor-element elementor-element-4d5b93e0 e-con-full e-flex e-con e-child\" data-id=\"4d5b93e0\" data-element_type=\"container\">\n\t\t\t\t<div class=\"elementor-element elementor-element-5d33dfb elementor-widget elementor-widget-image\" data-id=\"5d33dfb\" data-element_type=\"widget\" data-widget_type=\"image.default\">\n\t\t\t\t<div class=\"elementor-widget-container\">\n\t\t\t\t\t\t\t\t\t\t\t\t\t\t\t<img fetchpriority=\"high\" decoding=\"async\" width=\"300\" height=\"300\" src=\"https:\/\/www.fototv.de\/start\/wp-content\/uploads\/2022\/11\/PhotoWeekly239_EMPFEHLUNG_fotoTV.webp\" class=\"attachment-full size-full wp-image-4146\" alt=\"\" \/>\t\t\t\t\t\t\t\t\t\t\t\t\t\t\t<\/div>\n\t\t\t\t<\/div>\n\t\t\t\t<div class=\"elementor-element elementor-element-7eb6d64 elementor-widget elementor-widget-image\" data-id=\"7eb6d64\" data-element_type=\"widget\" data-widget_type=\"image.default\">\n\t\t\t\t<div class=\"elementor-widget-container\">\n\t\t\t\t\t\t\t\t\t\t\t\t\t\t\t<img decoding=\"async\" width=\"472\" height=\"300\" src=\"https:\/\/www.fototv.de\/start\/wp-content\/uploads\/2022\/11\/Digital-Photo.webp\" class=\"attachment-full size-full wp-image-4145\" alt=\"\" \/>\t\t\t\t\t\t\t\t\t\t\t\t\t\t\t<\/div>\n\t\t\t\t<\/div>\n\t\t\t\t<div class=\"elementor-element elementor-element-7929eb13 elementor-widget elementor-widget-image\" data-id=\"7929eb13\" data-element_type=\"widget\" data-widget_type=\"image.default\">\n\t\t\t\t<div class=\"elementor-widget-container\">\n\t\t\t\t\t\t\t\t\t\t\t\t\t\t\t<img decoding=\"async\" width=\"295\" height=\"300\" src=\"https:\/\/www.fototv.de\/start\/wp-content\/uploads\/2022\/11\/Bildschirmfoto-2022-10-17-um-22.11.08.webp\" class=\"attachment-full size-full wp-image-4144\" alt=\"\" \/>\t\t\t\t\t\t\t\t\t\t\t\t\t\t\t<\/div>\n\t\t\t\t<\/div>\n\t\t\t\t<div class=\"elementor-element elementor-element-19de5399 elementor-hidden-mobile elementor-widget elementor-widget-shortcode\" data-id=\"19de5399\" data-element_type=\"widget\" data-widget_type=\"shortcode.default\">\n\t\t\t\t<div class=\"elementor-widget-container\">\n\t\t\t\t\t\t\t<div class=\"elementor-shortcode\"><div data-src=\"https:\/\/cdn.trustindex.io\/loader.js?20034b1160ac77759f56b4029a5\"><\/div><\/div>\n\t\t\t\t\t\t<\/div>\n\t\t\t\t<\/div>\n\t\t\t\t<\/div>\n\t\t\t\t<div class=\"elementor-element elementor-element-6a16be2a elementor-hidden-desktop elementor-hidden-tablet elementor-widget elementor-widget-shortcode\" data-id=\"6a16be2a\" data-element_type=\"widget\" data-widget_type=\"shortcode.default\">\n\t\t\t\t<div class=\"elementor-widget-container\">\n\t\t\t\t\t\t\t<div class=\"elementor-shortcode\"><div data-src=\"https:\/\/cdn.trustindex.io\/loader.js?20034b1160ac77759f56b4029a5\"><\/div><\/div>\n\t\t\t\t\t\t<\/div>\n\t\t\t\t<\/div>\n\t\t\t\t\t<\/div>\n\t\t\t\t<\/div>\n\t\t<div class=\"elementor-element elementor-element-78158b19 e-flex e-con-boxed e-con e-parent\" data-id=\"78158b19\" data-element_type=\"container\" data-settings=\"{&quot;background_background&quot;:&quot;classic&quot;}\">\n\t\t\t\t\t<div class=\"e-con-inner\">\n\t\t\t\t<div class=\"elementor-element elementor-element-7b5948ba elementor-widget elementor-widget-heading\" data-id=\"7b5948ba\" data-element_type=\"widget\" data-widget_type=\"heading.default\">\n\t\t\t\t<div class=\"elementor-widget-container\">\n\t\t\t\t\t<h2 class=\"elementor-heading-title elementor-size-default\">Du brennst f\u00fcr Fotografie!<br>Du willst herausragende Fotos machen!<br>Warum Social Media dir Zeit stiehlt, statt weiterzuhelfen:<\/h2>\t\t\t\t<\/div>\n\t\t\t\t<\/div>\n\t\t\t\t<div class=\"elementor-element elementor-element-1689b353 elementor-widget elementor-widget-text-editor\" data-id=\"1689b353\" data-element_type=\"widget\" data-widget_type=\"text-editor.default\">\n\t\t\t\t<div class=\"elementor-widget-container\">\n\t\t\t\t\t\t\t\t\t<p>Social Media ist voll von Inhalten \u00fcber Fotografie und es scheint, dass man sich dort nur bedienen muss, um Fotografie zu lernen. Wir denken, dass diese Inhalte sicher gute Unterhaltung sind und ab und an auch gute Tipps enthalten, dass sie aber nicht daf\u00fcr geeignet sind, ernsthaft und zielgerichtet Fotografie zu lernen. Im Gegenteil &#8230;<\/p><p><strong>Hier die Gr\u00fcnde:<\/strong><\/p>\t\t\t\t\t\t\t\t<\/div>\n\t\t\t\t<\/div>\n\t\t<div class=\"elementor-element elementor-element-499f4556 e-flex e-con-boxed e-con e-child\" data-id=\"499f4556\" data-element_type=\"container\" data-settings=\"{&quot;background_background&quot;:&quot;classic&quot;}\">\n\t\t\t\t\t<div class=\"e-con-inner\">\n\t\t\t\t<div class=\"elementor-element elementor-element-6727d2e elementor-widget__width-inherit elementor-view-default elementor-position-block-start elementor-mobile-position-block-start elementor-widget elementor-widget-icon-box\" data-id=\"6727d2e\" data-element_type=\"widget\" data-widget_type=\"icon-box.default\">\n\t\t\t\t<div class=\"elementor-widget-container\">\n\t\t\t\t\t\t\t<div class=\"elementor-icon-box-wrapper\">\n\n\t\t\t\t\t\t<div class=\"elementor-icon-box-icon\">\n\t\t\t\t<span  class=\"elementor-icon\">\n\t\t\t\t<i aria-hidden=\"true\" class=\"fas fa-poo-storm\"><\/i>\t\t\t\t<\/span>\n\t\t\t<\/div>\n\t\t\t\n\t\t\t\t\t\t<div class=\"elementor-icon-box-content\">\n\n\t\t\t\t\t\t\t\t\t<h3 class=\"elementor-icon-box-title\">\n\t\t\t\t\t\t<span  >\n\t\t\t\t\t\t\tProblem 1:\t\t\t\t\t\t<\/span>\n\t\t\t\t\t<\/h3>\n\t\t\t\t\n\t\t\t\t\t\t\t\t\t<p class=\"elementor-icon-box-description\">\n\t\t\t\t\t\tRiesenmengen an H\u00e4ppchen-Inhalten (Tipps und Tricks)  ohne Struktur stehlen unsere Zeit und Konzentration.\t\t\t\t\t<\/p>\n\t\t\t\t\n\t\t\t<\/div>\n\t\t\t\n\t\t<\/div>\n\t\t\t\t\t\t<\/div>\n\t\t\t\t<\/div>\n\t\t\t\t<div class=\"elementor-element elementor-element-305c79e3 elementor-widget__width-inherit elementor-view-default elementor-position-block-start elementor-mobile-position-block-start elementor-widget elementor-widget-icon-box\" data-id=\"305c79e3\" data-element_type=\"widget\" data-widget_type=\"icon-box.default\">\n\t\t\t\t<div class=\"elementor-widget-container\">\n\t\t\t\t\t\t\t<div class=\"elementor-icon-box-wrapper\">\n\n\t\t\t\t\t\t<div class=\"elementor-icon-box-icon\">\n\t\t\t\t<span  class=\"elementor-icon\">\n\t\t\t\t<i aria-hidden=\"true\" class=\"fas fa-bolt\"><\/i>\t\t\t\t<\/span>\n\t\t\t<\/div>\n\t\t\t\n\t\t\t\t\t\t<div class=\"elementor-icon-box-content\">\n\n\t\t\t\t\t\t\t\t\t<h3 class=\"elementor-icon-box-title\">\n\t\t\t\t\t\t<span  >\n\t\t\t\t\t\t\tProblem 2:\t\t\t\t\t\t<\/span>\n\t\t\t\t\t<\/h3>\n\t\t\t\t\n\t\t\t\t\t\t\t\t\t<p class=\"elementor-icon-box-description\">\n\t\t\t\t\t\tSelbsternannte Experten teilen Meinungen statt Wissen und Erfahrung.\t\t\t\t\t<\/p>\n\t\t\t\t\n\t\t\t<\/div>\n\t\t\t\n\t\t<\/div>\n\t\t\t\t\t\t<\/div>\n\t\t\t\t<\/div>\n\t\t\t\t<div class=\"elementor-element elementor-element-5b793a2a elementor-widget__width-inherit elementor-view-default elementor-position-block-start elementor-mobile-position-block-start elementor-widget elementor-widget-icon-box\" data-id=\"5b793a2a\" data-element_type=\"widget\" data-widget_type=\"icon-box.default\">\n\t\t\t\t<div class=\"elementor-widget-container\">\n\t\t\t\t\t\t\t<div class=\"elementor-icon-box-wrapper\">\n\n\t\t\t\t\t\t<div class=\"elementor-icon-box-icon\">\n\t\t\t\t<span  class=\"elementor-icon\">\n\t\t\t\t<i aria-hidden=\"true\" class=\"fas fa-money-bill-alt\"><\/i>\t\t\t\t<\/span>\n\t\t\t<\/div>\n\t\t\t\n\t\t\t\t\t\t<div class=\"elementor-icon-box-content\">\n\n\t\t\t\t\t\t\t\t\t<h3 class=\"elementor-icon-box-title\">\n\t\t\t\t\t\t<span  >\n\t\t\t\t\t\t\tProblem 3:\t\t\t\t\t\t<\/span>\n\t\t\t\t\t<\/h3>\n\t\t\t\t\n\t\t\t\t\t\t\t\t\t<p class=\"elementor-icon-box-description\">\n\t\t\t\t\t\tKostenlose Inhalte wollen etwas verkaufen und tarnen sich als Wissensvermittlung.\t\t\t\t\t<\/p>\n\t\t\t\t\n\t\t\t<\/div>\n\t\t\t\n\t\t<\/div>\n\t\t\t\t\t\t<\/div>\n\t\t\t\t<\/div>\n\t\t\t\t\t<\/div>\n\t\t\t\t<\/div>\n\t\t\t\t<div class=\"elementor-element elementor-element-76965e35 elementor-widget elementor-widget-heading\" data-id=\"76965e35\" data-element_type=\"widget\" data-widget_type=\"heading.default\">\n\t\t\t\t<div class=\"elementor-widget-container\">\n\t\t\t\t\t<h2 class=\"elementor-heading-title elementor-size-default\">F\u00fcr wen FotoTV. gedacht ist und welches Problem wir l\u00f6sen.<\/h2>\t\t\t\t<\/div>\n\t\t\t\t<\/div>\n\t\t\t\t<div class=\"elementor-element elementor-element-6959e077 elementor-widget elementor-widget-text-editor\" data-id=\"6959e077\" data-element_type=\"widget\" data-widget_type=\"text-editor.default\">\n\t\t\t\t<div class=\"elementor-widget-container\">\n\t\t\t\t\t\t\t\t\t<p><strong>\u25ba <\/strong>Du willst ernsthaft Fotografie lernen<br \/><strong>\u25ba <\/strong>Du bist bereit, daf\u00fcr Zeit zu investieren <br \/><strong>\u25ba <\/strong>Du bist umfassend interessiert \u2013 auch an Fotografie als Kunst und an Hintergrundwissen zur Fotografie<\/p>\t\t\t\t\t\t\t\t<\/div>\n\t\t\t\t<\/div>\n\t\t\t\t<div class=\"elementor-element elementor-element-5f4a2ca0 elementor-widget elementor-widget-text-editor\" data-id=\"5f4a2ca0\" data-element_type=\"widget\" data-widget_type=\"text-editor.default\">\n\t\t\t\t<div class=\"elementor-widget-container\">\n\t\t\t\t\t\t\t\t\t<p>Du bist ernsthaft an Fotografie interessiert und liebst es, mit der Kamera die Welt zu entdecken und kreativ zu sein. Dabei m\u00f6chtest du <strong>fotografisch<\/strong> so <strong>sicher<\/strong> sein, dass du immer zu guten Bildern kommst?<\/p><p>Deswegen liest du Blogs und Zeitschriften und folgst Influencern auf YouTube, Instagram oder Facebook. <strong>Eigentlich solltest du vor lauter investierter Zeit und Geld schon lange Fotoprofis sein!<\/strong><\/p><p>Trotzdem gelingt es dir nicht immer, gute Fotos zu machen und du bist mit deinem \u201efotografischen Werk\u201c noch nicht zufrieden. Etwas fehlt.<\/p><p>Woran liegt es? <strong>Die unbequeme Wahrheit: Fotografie ist ein komplexer Prozess, in dem man verschiedene Aspekte (genauer gesagt 8 Kompetenzen) meistern muss!<\/strong><\/p><p>\u201e<strong>Tipps und Tricks<\/strong>\u201c sind niemals komplex. Sie sind die <strong>Schattenseite von Social Media<\/strong>, wo Influencer und Anbieter um Aufmerksamkeit konkurrieren, um Produkte zu verkaufen. Sie versprechen schnelle Erfolge durch Abk\u00fcrzungen, kosten aber letztlich nur Zeit, ohne ganzheitlich Zusammenh\u00e4nge und komplexe Sachverhalte zu vermitteln. <strong>\u2018Tricks\u2019 sind eben kein \u2018K\u00f6nnen\u2019<\/strong>!<\/p><p><b>Willst du weiter kommen, statt dir deine Zeit mit fragw\u00fcrdigen Inhalten stehlen zu lassen?<\/b><\/p>\t\t\t\t\t\t\t\t<\/div>\n\t\t\t\t<\/div>\n\t\t\t\t\t<\/div>\n\t\t\t\t<\/div>\n\t\t<div class=\"elementor-element elementor-element-4acdbcb0 e-flex e-con-boxed e-con e-parent\" data-id=\"4acdbcb0\" data-element_type=\"container\" data-settings=\"{&quot;background_background&quot;:&quot;classic&quot;}\">\n\t\t\t\t\t<div class=\"e-con-inner\">\n\t\t\t\t<div class=\"elementor-element elementor-element-4820fc36 elementor-align-center elementor-widget elementor-widget-button\" data-id=\"4820fc36\" data-element_type=\"widget\" data-widget_type=\"button.default\">\n\t\t\t\t<div class=\"elementor-widget-container\">\n\t\t\t\t\t\t\t\t\t<div class=\"elementor-button-wrapper\">\n\t\t\t\t\t<a class=\"elementor-button elementor-button-link elementor-size-xl\" href=\"#1\">\n\t\t\t\t\t\t<span class=\"elementor-button-content-wrapper\">\n\t\t\t\t\t\t\t\t\t<span class=\"elementor-button-text\">Jetzt risikolos mit Geld-zur\u00fcck-Garantie testen<\/span>\n\t\t\t\t\t<\/span>\n\t\t\t\t\t<\/a>\n\t\t\t\t<\/div>\n\t\t\t\t\t\t\t\t<\/div>\n\t\t\t\t<\/div>\n\t\t\t\t\t<\/div>\n\t\t\t\t<\/div>\n\t\t<div class=\"elementor-element elementor-element-10e23a12 elementor-hidden-mobile e-con-full e-flex e-con e-parent\" data-id=\"10e23a12\" data-element_type=\"container\" data-settings=\"{&quot;background_background&quot;:&quot;classic&quot;,&quot;sticky&quot;:&quot;top&quot;,&quot;sticky_on&quot;:[&quot;desktop&quot;,&quot;tablet&quot;,&quot;mobile&quot;],&quot;sticky_offset&quot;:0,&quot;sticky_effects_offset&quot;:0,&quot;sticky_anchor_link_offset&quot;:0}\">\n\t\t\t\t<div class=\"elementor-element elementor-element-ba6c3d8 elementor-hidden-mobile elementor-widget elementor-widget-image\" data-id=\"ba6c3d8\" data-element_type=\"widget\" data-widget_type=\"image.default\">\n\t\t\t\t<div class=\"elementor-widget-container\">\n\t\t\t\t\t\t\t\t\t\t\t\t\t\t\t\t<a href=\"https:\/\/fototv.de\">\n\t\t\t\t\t\t\t<img loading=\"lazy\" decoding=\"async\" width=\"100\" height=\"100\" src=\"https:\/\/www.fototv.de\/start\/wp-content\/uploads\/2023\/06\/Logo-FotoTV-weiss.svg\" class=\"attachment-full size-full wp-image-4578\" alt=\"\" srcset=\"https:\/\/www.fototv.de\/start\/wp-content\/uploads\/\/2023\/06\/Logo-FotoTV-weiss.svg 300w, https:\/\/www.fototv.de\/start\/wp-content\/uploads\/\/2023\/06\/Logo-FotoTV-weiss.svg 970w, https:\/\/www.fototv.de\/start\/wp-content\/uploads\/\/2023\/06\/Logo-FotoTV-weiss.svg 1920w, https:\/\/www.fototv.de\/start\/wp-content\/uploads\/\/2023\/06\/Logo-FotoTV-weiss.svg 100w\" sizes=\"(max-width: 100px) 100vw, 100px\" \/>\t\t\t\t\t\t\t\t<\/a>\n\t\t\t\t\t\t\t\t\t\t\t\t\t\t\t<\/div>\n\t\t\t\t<\/div>\n\t\t\t\t<div class=\"elementor-element elementor-element-2835f909 elementor-nav-menu--dropdown-none elementor-widget elementor-widget-nav-menu\" data-id=\"2835f909\" data-element_type=\"widget\" data-settings=\"{&quot;layout&quot;:&quot;horizontal&quot;,&quot;submenu_icon&quot;:{&quot;value&quot;:&quot;&lt;i class=\\&quot;fas fa-caret-down\\&quot; aria-hidden=\\&quot;true\\&quot;&gt;&lt;\\\/i&gt;&quot;,&quot;library&quot;:&quot;fa-solid&quot;}}\" data-widget_type=\"nav-menu.default\">\n\t\t\t\t<div class=\"elementor-widget-container\">\n\t\t\t\t\t\t\t\t<nav aria-label=\"Men\u00fc\" class=\"elementor-nav-menu--main elementor-nav-menu__container elementor-nav-menu--layout-horizontal e--pointer-none\">\n\t\t\t\t<ul id=\"menu-1-2835f909\" class=\"elementor-nav-menu\"><li class=\"menu-item menu-item-type-custom menu-item-object-custom menu-item-5329\"><a href=\"#tv\" class=\"elementor-item elementor-item-anchor\">FotoTV.<\/a><\/li>\n<li class=\"menu-item menu-item-type-custom menu-item-object-custom menu-item-5297\"><a href=\"#F8-Kompetenzen\" class=\"elementor-item elementor-item-anchor\">F8-Kompetenzen<\/a><\/li>\n<li class=\"menu-item menu-item-type-custom menu-item-object-custom menu-item-5299\"><a href=\"#referenzen\" class=\"elementor-item elementor-item-anchor\">Referenzen<\/a><\/li>\n<li class=\"menu-item menu-item-type-custom menu-item-object-custom menu-item-5352\"><a href=\"#vorteile\" class=\"elementor-item elementor-item-anchor\">Vorteile<\/a><\/li>\n<li class=\"menu-item menu-item-type-custom menu-item-object-custom menu-item-5465\"><a href=\"#90sek\" class=\"elementor-item elementor-item-anchor\">FotoTV. in 90 Sekunden<\/a><\/li>\n<li class=\"menu-item menu-item-type-custom menu-item-object-custom menu-item-5318\"><a href=\"#wir\" class=\"elementor-item elementor-item-anchor\">\u00dcber uns<\/a><\/li>\n<li class=\"menu-item menu-item-type-custom menu-item-object-custom menu-item-5325\"><a href=\"#faq\" class=\"elementor-item elementor-item-anchor\">FAQ<\/a><\/li>\n<li class=\"menu-item menu-item-type-custom menu-item-object-custom menu-item-5234\"><a href=\"#3schritte\" class=\"elementor-item elementor-item-anchor\">Jetzt testen!<\/a><\/li>\n<\/ul>\t\t\t<\/nav>\n\t\t\t\t\t\t<nav class=\"elementor-nav-menu--dropdown elementor-nav-menu__container\" aria-hidden=\"true\">\n\t\t\t\t<ul id=\"menu-2-2835f909\" class=\"elementor-nav-menu\"><li class=\"menu-item menu-item-type-custom menu-item-object-custom menu-item-5329\"><a href=\"#tv\" class=\"elementor-item elementor-item-anchor\" tabindex=\"-1\">FotoTV.<\/a><\/li>\n<li class=\"menu-item menu-item-type-custom menu-item-object-custom menu-item-5297\"><a href=\"#F8-Kompetenzen\" class=\"elementor-item elementor-item-anchor\" tabindex=\"-1\">F8-Kompetenzen<\/a><\/li>\n<li class=\"menu-item menu-item-type-custom menu-item-object-custom menu-item-5299\"><a href=\"#referenzen\" class=\"elementor-item elementor-item-anchor\" tabindex=\"-1\">Referenzen<\/a><\/li>\n<li class=\"menu-item menu-item-type-custom menu-item-object-custom menu-item-5352\"><a href=\"#vorteile\" class=\"elementor-item elementor-item-anchor\" tabindex=\"-1\">Vorteile<\/a><\/li>\n<li class=\"menu-item menu-item-type-custom menu-item-object-custom menu-item-5465\"><a href=\"#90sek\" class=\"elementor-item elementor-item-anchor\" tabindex=\"-1\">FotoTV. in 90 Sekunden<\/a><\/li>\n<li class=\"menu-item menu-item-type-custom menu-item-object-custom menu-item-5318\"><a href=\"#wir\" class=\"elementor-item elementor-item-anchor\" tabindex=\"-1\">\u00dcber uns<\/a><\/li>\n<li class=\"menu-item menu-item-type-custom menu-item-object-custom menu-item-5325\"><a href=\"#faq\" class=\"elementor-item elementor-item-anchor\" tabindex=\"-1\">FAQ<\/a><\/li>\n<li class=\"menu-item menu-item-type-custom menu-item-object-custom menu-item-5234\"><a href=\"#3schritte\" class=\"elementor-item elementor-item-anchor\" tabindex=\"-1\">Jetzt testen!<\/a><\/li>\n<\/ul>\t\t\t<\/nav>\n\t\t\t\t\t\t<\/div>\n\t\t\t\t<\/div>\n\t\t\t\t<\/div>\n\t\t<div class=\"elementor-element elementor-element-58e5524e e-flex e-con-boxed e-con e-parent\" data-id=\"58e5524e\" data-element_type=\"container\" data-settings=\"{&quot;background_background&quot;:&quot;classic&quot;}\">\n\t\t\t\t\t<div class=\"e-con-inner\">\n\t\t\t\t<div class=\"elementor-element elementor-element-86163d4 elementor-widget elementor-widget-heading\" data-id=\"86163d4\" data-element_type=\"widget\" data-widget_type=\"heading.default\">\n\t\t\t\t<div class=\"elementor-widget-container\">\n\t\t\t\t\t<h2 class=\"elementor-heading-title elementor-size-default\">Was unsere Mitglieder an FotoTV. sch\u00e4tzen<\/h2>\t\t\t\t<\/div>\n\t\t\t\t<\/div>\n\t\t\t\t<div class=\"elementor-element elementor-element-77f7359c elementor-widget elementor-widget-text-editor\" data-id=\"77f7359c\" data-element_type=\"widget\" data-widget_type=\"text-editor.default\">\n\t\t\t\t<div class=\"elementor-widget-container\">\n\t\t\t\t\t\t\t\t\t<p>\u00dcber 350 Bewertungen mit durchschnittlich 4,9 Sternen sprechen f\u00fcr sich!<\/p>\t\t\t\t\t\t\t\t<\/div>\n\t\t\t\t<\/div>\n\t\t\t\t<div class=\"elementor-element elementor-element-2d47c2fa elementor-widget elementor-widget-shortcode\" data-id=\"2d47c2fa\" data-element_type=\"widget\" data-widget_type=\"shortcode.default\">\n\t\t\t\t<div class=\"elementor-widget-container\">\n\t\t\t\t\t\t\t<div class=\"elementor-shortcode\"><div data-src=\"https:\/\/cdn.trustindex.io\/loader.js?f67e1f3166e877799d9679062f3\"><\/div><\/div>\n\t\t\t\t\t\t<\/div>\n\t\t\t\t<\/div>\n\t\t\t\t\t<\/div>\n\t\t\t\t<\/div>\n\t\t<div class=\"elementor-element elementor-element-5ec75cc2 e-flex e-con-boxed e-con e-parent\" data-id=\"5ec75cc2\" data-element_type=\"container\" data-settings=\"{&quot;background_background&quot;:&quot;classic&quot;}\">\n\t\t\t\t\t<div class=\"e-con-inner\">\n\t\t\t\t<div class=\"elementor-element elementor-element-594bf7bd elementor-align-center elementor-widget elementor-widget-button\" data-id=\"594bf7bd\" data-element_type=\"widget\" data-widget_type=\"button.default\">\n\t\t\t\t<div class=\"elementor-widget-container\">\n\t\t\t\t\t\t\t\t\t<div class=\"elementor-button-wrapper\">\n\t\t\t\t\t<a class=\"elementor-button elementor-button-link elementor-size-xl\" href=\"#1\">\n\t\t\t\t\t\t<span class=\"elementor-button-content-wrapper\">\n\t\t\t\t\t\t\t\t\t<span class=\"elementor-button-text\">Jetzt risikolos mit Geld-zur\u00fcck-Garantie testen<\/span>\n\t\t\t\t\t<\/span>\n\t\t\t\t\t<\/a>\n\t\t\t\t<\/div>\n\t\t\t\t\t\t\t\t<\/div>\n\t\t\t\t<\/div>\n\t\t\t\t\t<\/div>\n\t\t\t\t<\/div>\n\t\t<div class=\"elementor-element elementor-element-3d00b9e3 e-con-full e-flex e-con e-parent\" data-id=\"3d00b9e3\" data-element_type=\"container\" data-settings=\"{&quot;background_background&quot;:&quot;classic&quot;}\">\n\t\t\t\t<\/div>\n\t\t<div class=\"elementor-element elementor-element-47fb88a8 e-flex e-con-boxed e-con e-parent\" data-id=\"47fb88a8\" data-element_type=\"container\" data-settings=\"{&quot;background_background&quot;:&quot;classic&quot;}\">\n\t\t\t\t\t<div class=\"e-con-inner\">\n\t\t\t\t<div class=\"elementor-element elementor-element-6664cc23 elementor-widget elementor-widget-menu-anchor\" data-id=\"6664cc23\" data-element_type=\"widget\" data-widget_type=\"menu-anchor.default\">\n\t\t\t\t<div class=\"elementor-widget-container\">\n\t\t\t\t\t\t\t<div class=\"elementor-menu-anchor\" id=\"tv\"><\/div>\n\t\t\t\t\t\t<\/div>\n\t\t\t\t<\/div>\n\t\t\t\t<div class=\"elementor-element elementor-element-61a4af90 elementor-widget elementor-widget-heading\" data-id=\"61a4af90\" data-element_type=\"widget\" data-widget_type=\"heading.default\">\n\t\t\t\t<div class=\"elementor-widget-container\">\n\t\t\t\t\t<h2 class=\"elementor-heading-title elementor-size-default\">FotoTV. - von Fotografen f\u00fcr Fotografen<\/h2>\t\t\t\t<\/div>\n\t\t\t\t<\/div>\n\t\t<div class=\"elementor-element elementor-element-3cd31f82 e-flex e-con-boxed e-con e-child\" data-id=\"3cd31f82\" data-element_type=\"container\">\n\t\t\t\t\t<div class=\"e-con-inner\">\n\t\t\t\t<div class=\"elementor-element elementor-element-c983bff elementor-widget elementor-widget-text-editor\" data-id=\"c983bff\" data-element_type=\"widget\" data-widget_type=\"text-editor.default\">\n\t\t\t\t<div class=\"elementor-widget-container\">\n\t\t\t\t\t\t\t\t\t<p>Mein Name ist Marc Ludwig.<\/p><p>Ich habe FotoTV. vor 16 Jahren gegr\u00fcndet. Damals war ich frustriert, denn ich brannte f\u00fcr die Fotografie und habe relativ wahllos alles aufgesaugt, was ich dazu bekommen konnte. Nur wurden meine Bilder nicht so gut, wie ich wollte.<\/p><p>Erst als ich mit einem Profi an meiner Seite gelernt habe, ging es voran: Ich lernte<\/p><p><strong><span style=\"color: #fea82b;\">\u25ba<\/span> strukturiert,<\/strong><\/p><p><strong><span style=\"color: #fea82b;\">\u25ba<\/span> alle F\u00e4higkeiten und<\/strong><\/p><p><strong><span style=\"color: #fea82b;\">\u25ba<\/span> sehr anschaulich, wie man herausragende Bilder macht.<\/strong><\/p><p>Diese &#8216;Reise&#8217; zu exzellenten Fotos wollen mein Team und ich dir mit FotoTV. erm\u00f6glichen.<\/p><p>\u2028Daf\u00fcr haben wir den komplexen Prozess der Fotografie auf 8 Kompetenzen verdichtet, die man beherrschen muss. Wir nennen das die &#8216;FotoTV. F8-Kompetenzen&#8217; und sie zieht sich durch unser komplettes Lernangebot. Mit ihr geben wir dir vollst\u00e4ndiges und strukturiertes Wissen f\u00fcr deine Fotografie und einen Weg zu \u00fcberzeugenden Fotos.<\/p>\t\t\t\t\t\t\t\t<\/div>\n\t\t\t\t<\/div>\n\t\t\t\t<div class=\"elementor-element elementor-element-56febeac elementor-widget__width-initial elementor-widget elementor-widget-image\" data-id=\"56febeac\" data-element_type=\"widget\" data-widget_type=\"image.default\">\n\t\t\t\t<div class=\"elementor-widget-container\">\n\t\t\t\t\t\t\t\t\t\t\t\t\t\t\t<img loading=\"lazy\" decoding=\"async\" width=\"353\" height=\"530\" src=\"https:\/\/www.fototv.de\/start\/wp-content\/uploads\/2023\/05\/Unbenannt-e1687301261763.jpg\" class=\"attachment-full size-full wp-image-4415\" alt=\"\" \/>\t\t\t\t\t\t\t\t\t\t\t\t\t\t\t<\/div>\n\t\t\t\t<\/div>\n\t\t\t\t\t<\/div>\n\t\t\t\t<\/div>\n\t\t\t\t\t<\/div>\n\t\t\t\t<\/div>\n\t\t<div class=\"elementor-element elementor-element-c1a4f9a e-flex e-con-boxed e-con e-parent\" data-id=\"c1a4f9a\" data-element_type=\"container\" data-settings=\"{&quot;background_background&quot;:&quot;classic&quot;}\">\n\t\t\t\t\t<div class=\"e-con-inner\">\n\t\t\t\t<div class=\"elementor-element elementor-element-3082af12 elementor-widget__width-initial elementor-widget elementor-widget-video\" data-id=\"3082af12\" data-element_type=\"widget\" data-settings=\"{&quot;youtube_url&quot;:&quot;https:\\\/\\\/www.youtube.com\\\/watch?v=DN6d9G7vMQg&quot;,&quot;yt_privacy&quot;:&quot;yes&quot;,&quot;video_type&quot;:&quot;youtube&quot;,&quot;controls&quot;:&quot;yes&quot;}\" data-widget_type=\"video.default\">\n\t\t\t\t<div class=\"elementor-widget-container\">\n\t\t\t\t\t\t\t<div class=\"elementor-wrapper elementor-open-inline\">\n\t\t\t<div class=\"elementor-video\"><\/div>\t\t<\/div>\n\t\t\t\t\t\t<\/div>\n\t\t\t\t<\/div>\n\t\t\t\t\t<\/div>\n\t\t\t\t<\/div>\n\t\t<div class=\"elementor-element elementor-element-1732ba1f e-flex e-con-boxed e-con e-parent\" data-id=\"1732ba1f\" data-element_type=\"container\" data-settings=\"{&quot;background_background&quot;:&quot;classic&quot;}\">\n\t\t\t\t\t<div class=\"e-con-inner\">\n\t\t\t\t<div class=\"elementor-element elementor-element-7524473b elementor-align-center elementor-widget elementor-widget-button\" data-id=\"7524473b\" data-element_type=\"widget\" data-widget_type=\"button.default\">\n\t\t\t\t<div class=\"elementor-widget-container\">\n\t\t\t\t\t\t\t\t\t<div class=\"elementor-button-wrapper\">\n\t\t\t\t\t<a class=\"elementor-button elementor-button-link elementor-size-xl\" href=\"#1\">\n\t\t\t\t\t\t<span class=\"elementor-button-content-wrapper\">\n\t\t\t\t\t\t\t\t\t<span class=\"elementor-button-text\">Jetzt risikolos mit Geld-zur\u00fcck-Garantie testen<\/span>\n\t\t\t\t\t<\/span>\n\t\t\t\t\t<\/a>\n\t\t\t\t<\/div>\n\t\t\t\t\t\t\t\t<\/div>\n\t\t\t\t<\/div>\n\t\t\t\t\t<\/div>\n\t\t\t\t<\/div>\n\t\t<div class=\"elementor-element elementor-element-43d42645 e-flex e-con-boxed e-con e-parent\" data-id=\"43d42645\" data-element_type=\"container\" data-settings=\"{&quot;background_background&quot;:&quot;classic&quot;}\">\n\t\t\t\t\t<div class=\"e-con-inner\">\n\t\t\t\t<div class=\"elementor-element elementor-element-768e8885 elementor-widget elementor-widget-menu-anchor\" data-id=\"768e8885\" data-element_type=\"widget\" data-widget_type=\"menu-anchor.default\">\n\t\t\t\t<div class=\"elementor-widget-container\">\n\t\t\t\t\t\t\t<div class=\"elementor-menu-anchor\" id=\"F8-Kompetenzen\"><\/div>\n\t\t\t\t\t\t<\/div>\n\t\t\t\t<\/div>\n\t\t\t\t<div class=\"elementor-element elementor-element-60429146 elementor-widget elementor-widget-heading\" data-id=\"60429146\" data-element_type=\"widget\" data-widget_type=\"heading.default\">\n\t\t\t\t<div class=\"elementor-widget-container\">\n\t\t\t\t\t<h2 class=\"elementor-heading-title elementor-size-default\">Strukturiertes und ganzheitliches Lernen mit den F8-Kompetenzen!<\/h2>\t\t\t\t<\/div>\n\t\t\t\t<\/div>\n\t\t\t\t<div class=\"elementor-element elementor-element-7ccde50d elementor-widget elementor-widget-text-editor\" data-id=\"7ccde50d\" data-element_type=\"widget\" data-widget_type=\"text-editor.default\">\n\t\t\t\t<div class=\"elementor-widget-container\">\n\t\t\t\t\t\t\t\t\t<p>Fotografie hat eine <strong>innere Logik<\/strong>: Jedes Foto entsteht in einem 8-stufigen Prozess:<\/p>\t\t\t\t\t\t\t\t<\/div>\n\t\t\t\t<\/div>\n\t\t<div class=\"elementor-element elementor-element-6f2fe636 e-flex e-con-boxed e-con e-child\" data-id=\"6f2fe636\" data-element_type=\"container\">\n\t\t\t\t\t<div class=\"e-con-inner\">\n\t\t\t\t<div class=\"elementor-element elementor-element-5d0238f2 elementor-widget elementor-widget-image\" data-id=\"5d0238f2\" data-element_type=\"widget\" data-widget_type=\"image.default\">\n\t\t\t\t<div class=\"elementor-widget-container\">\n\t\t\t\t\t\t\t\t\t\t\t\t\t\t\t<img loading=\"lazy\" decoding=\"async\" width=\"300\" height=\"300\" src=\"https:\/\/www.fototv.de\/start\/wp-content\/uploads\/2023\/09\/Kreis-300x300.png\" class=\"attachment-thumbnail size-thumbnail wp-image-5451\" alt=\"\" srcset=\"https:\/\/www.fototv.de\/start\/wp-content\/uploads\/2023\/09\/Kreis-300x300.png 300w, https:\/\/www.fototv.de\/start\/wp-content\/uploads\/2023\/09\/Kreis-970x970.png 970w, https:\/\/www.fototv.de\/start\/wp-content\/uploads\/2023\/09\/Kreis-768x768.png 768w, https:\/\/www.fototv.de\/start\/wp-content\/uploads\/2023\/09\/Kreis-1536x1536.png 1536w, https:\/\/www.fototv.de\/start\/wp-content\/uploads\/2023\/09\/Kreis.png 1547w\" sizes=\"(max-width: 300px) 100vw, 300px\" \/>\t\t\t\t\t\t\t\t\t\t\t\t\t\t\t<\/div>\n\t\t\t\t<\/div>\n\t\t\t\t<div class=\"elementor-element elementor-element-213cb97a elementor-widget elementor-widget-text-editor\" data-id=\"213cb97a\" data-element_type=\"widget\" data-widget_type=\"text-editor.default\">\n\t\t\t\t<div class=\"elementor-widget-container\">\n\t\t\t\t\t\t\t\t\t<ol><li>Am Anfang stehst immer du, als <strong>Fotograf\/in<\/strong>. Du und deine Pers\u00f6nlichkeit entscheiden, dass und was du fotografierst.<\/li><li>Du hast oder erarbeitest dir eine <strong>Foto-Idee<\/strong><\/li><li>und w\u00e4hlst ein passendes\u00a0<strong>Fotomotiv <\/strong>und<\/li><li>das dazu passende <strong>Foto-Equipment.<\/strong><\/li><li>Das Equipment musst du (richtig) bedienen.<\/li><li>Damit und z. B. durch die Wahl des Ausschnitts und der Perspektive gestaltest du dein Bild.<\/li><li>Durch die <strong>Bearbeitung<\/strong> deiner Fotos optimierst du es.<\/li><li><strong>Wenn all dies erfolgt ist, pr\u00e4sentierst<\/strong> du es. Zum Beispiel im Internet oder als ausgedrucktes Foto.<\/li><\/ol>\t\t\t\t\t\t\t\t<\/div>\n\t\t\t\t<\/div>\n\t\t\t\t\t<\/div>\n\t\t\t\t<\/div>\n\t\t\t\t<div class=\"elementor-element elementor-element-2176f5ec elementor-widget elementor-widget-text-editor\" data-id=\"2176f5ec\" data-element_type=\"widget\" data-widget_type=\"text-editor.default\">\n\t\t\t\t<div class=\"elementor-widget-container\">\n\t\t\t\t\t\t\t\t\t<p>Wenn einer dieser Schritte Schw\u00e4chen hat, leidet darunter das ganze Bild. Was nutzt z. B. ein Foto ohne Idee? Was die beste Idee, wenn sie technisch schlecht umgesetzt ist? Was nutzt technische Perfektion von trivialen Motiven? Usw.<\/p><p>Achte mal darauf, dass die meisten Social-Media-Angebote meist nur einen oder zwei dieser Punkte besprechen!<\/p><p>Bei uns aber lernst du, jeden dieser 8 Schritte zu beherrschen.<\/p><p><strong>Die Vorteile:<\/strong><\/p>\t\t\t\t\t\t\t\t<\/div>\n\t\t\t\t<\/div>\n\t\t<div class=\"elementor-element elementor-element-1dffea96 e-flex e-con-boxed e-con e-child\" data-id=\"1dffea96\" data-element_type=\"container\">\n\t\t\t\t\t<div class=\"e-con-inner\">\n\t\t\t\t<div class=\"elementor-element elementor-element-15569fc4 elementor-widget__width-inherit elementor-view-default elementor-position-block-start elementor-mobile-position-block-start elementor-widget elementor-widget-icon-box\" data-id=\"15569fc4\" data-element_type=\"widget\" data-widget_type=\"icon-box.default\">\n\t\t\t\t<div class=\"elementor-widget-container\">\n\t\t\t\t\t\t\t<div class=\"elementor-icon-box-wrapper\">\n\n\t\t\t\t\t\t<div class=\"elementor-icon-box-icon\">\n\t\t\t\t<span  class=\"elementor-icon\">\n\t\t\t\t<i aria-hidden=\"true\" class=\"fas fa-star\"><\/i>\t\t\t\t<\/span>\n\t\t\t<\/div>\n\t\t\t\n\t\t\t\t\t\t<div class=\"elementor-icon-box-content\">\n\n\t\t\t\t\t\t\t\t\t<h3 class=\"elementor-icon-box-title\">\n\t\t\t\t\t\t<span  >\n\t\t\t\t\t\t\tAlle 8 Kompetenzen lernen statt H\u00e4ppchenwissen\t\t\t\t\t\t<\/span>\n\t\t\t\t\t<\/h3>\n\t\t\t\t\n\t\t\t\t\n\t\t\t<\/div>\n\t\t\t\n\t\t<\/div>\n\t\t\t\t\t\t<\/div>\n\t\t\t\t<\/div>\n\t\t\t\t<div class=\"elementor-element elementor-element-6f5487b6 elementor-hidden-tablet elementor-hidden-mobile elementor-view-default elementor-widget elementor-widget-icon\" data-id=\"6f5487b6\" data-element_type=\"widget\" data-widget_type=\"icon.default\">\n\t\t\t\t<div class=\"elementor-widget-container\">\n\t\t\t\t\t\t\t<div class=\"elementor-icon-wrapper\">\n\t\t\t<div class=\"elementor-icon\">\n\t\t\t<i aria-hidden=\"true\" class=\"fas fa-arrow-right\"><\/i>\t\t\t<\/div>\n\t\t<\/div>\n\t\t\t\t\t\t<\/div>\n\t\t\t\t<\/div>\n\t\t\t\t<div class=\"elementor-element elementor-element-53cfee26 elementor-hidden-desktop elementor-view-default elementor-widget elementor-widget-icon\" data-id=\"53cfee26\" data-element_type=\"widget\" data-widget_type=\"icon.default\">\n\t\t\t\t<div class=\"elementor-widget-container\">\n\t\t\t\t\t\t\t<div class=\"elementor-icon-wrapper\">\n\t\t\t<div class=\"elementor-icon\">\n\t\t\t<i aria-hidden=\"true\" class=\"fas fa-arrow-down\"><\/i>\t\t\t<\/div>\n\t\t<\/div>\n\t\t\t\t\t\t<\/div>\n\t\t\t\t<\/div>\n\t\t\t\t<div class=\"elementor-element elementor-element-4b332714 elementor-widget__width-inherit elementor-view-default elementor-position-block-start elementor-mobile-position-block-start elementor-widget elementor-widget-icon-box\" data-id=\"4b332714\" data-element_type=\"widget\" data-widget_type=\"icon-box.default\">\n\t\t\t\t<div class=\"elementor-widget-container\">\n\t\t\t\t\t\t\t<div class=\"elementor-icon-box-wrapper\">\n\n\t\t\t\t\t\t<div class=\"elementor-icon-box-icon\">\n\t\t\t\t<span  class=\"elementor-icon\">\n\t\t\t\t<i aria-hidden=\"true\" class=\"fas fa-star\"><\/i>\t\t\t\t<\/span>\n\t\t\t<\/div>\n\t\t\t\n\t\t\t\t\t\t<div class=\"elementor-icon-box-content\">\n\n\t\t\t\t\t\t\t\t\t<h3 class=\"elementor-icon-box-title\">\n\t\t\t\t\t\t<span  >\n\t\t\t\t\t\t\tKonzepte lernen: alle 8 Aspekte eines Fotos abstimmen\t\t\t\t\t\t<\/span>\n\t\t\t\t\t<\/h3>\n\t\t\t\t\n\t\t\t\t\n\t\t\t<\/div>\n\t\t\t\n\t\t<\/div>\n\t\t\t\t\t\t<\/div>\n\t\t\t\t<\/div>\n\t\t\t\t<div class=\"elementor-element elementor-element-3bd0e8db elementor-hidden-tablet elementor-hidden-mobile elementor-view-default elementor-widget elementor-widget-icon\" data-id=\"3bd0e8db\" data-element_type=\"widget\" data-widget_type=\"icon.default\">\n\t\t\t\t<div class=\"elementor-widget-container\">\n\t\t\t\t\t\t\t<div class=\"elementor-icon-wrapper\">\n\t\t\t<div class=\"elementor-icon\">\n\t\t\t<i aria-hidden=\"true\" class=\"fas fa-arrow-right\"><\/i>\t\t\t<\/div>\n\t\t<\/div>\n\t\t\t\t\t\t<\/div>\n\t\t\t\t<\/div>\n\t\t\t\t<div class=\"elementor-element elementor-element-783e6bde elementor-hidden-desktop elementor-view-default elementor-widget elementor-widget-icon\" data-id=\"783e6bde\" data-element_type=\"widget\" data-widget_type=\"icon.default\">\n\t\t\t\t<div class=\"elementor-widget-container\">\n\t\t\t\t\t\t\t<div class=\"elementor-icon-wrapper\">\n\t\t\t<div class=\"elementor-icon\">\n\t\t\t<i aria-hidden=\"true\" class=\"fas fa-arrow-down\"><\/i>\t\t\t<\/div>\n\t\t<\/div>\n\t\t\t\t\t\t<\/div>\n\t\t\t\t<\/div>\n\t\t\t\t<div class=\"elementor-element elementor-element-5550e36f elementor-widget__width-inherit elementor-view-default elementor-position-block-start elementor-mobile-position-block-start elementor-widget elementor-widget-icon-box\" data-id=\"5550e36f\" data-element_type=\"widget\" data-widget_type=\"icon-box.default\">\n\t\t\t\t<div class=\"elementor-widget-container\">\n\t\t\t\t\t\t\t<div class=\"elementor-icon-box-wrapper\">\n\n\t\t\t\t\t\t<div class=\"elementor-icon-box-icon\">\n\t\t\t\t<span  class=\"elementor-icon\">\n\t\t\t\t<i aria-hidden=\"true\" class=\"fas fa-star\"><\/i>\t\t\t\t<\/span>\n\t\t\t<\/div>\n\t\t\t\n\t\t\t\t\t\t<div class=\"elementor-icon-box-content\">\n\n\t\t\t\t\t\t\t\t\t<h3 class=\"elementor-icon-box-title\">\n\t\t\t\t\t\t<span  >\n\t\t\t\t\t\t\tStrukturiert und planbar Fotosituationen meistern und herausragende Fotos machen\t\t\t\t\t\t<\/span>\n\t\t\t\t\t<\/h3>\n\t\t\t\t\n\t\t\t\t\n\t\t\t<\/div>\n\t\t\t\n\t\t<\/div>\n\t\t\t\t\t\t<\/div>\n\t\t\t\t<\/div>\n\t\t\t\t\t<\/div>\n\t\t\t\t<\/div>\n\t\t\t\t<div class=\"elementor-element elementor-element-33acd0fc elementor-widget elementor-widget-text-editor\" data-id=\"33acd0fc\" data-element_type=\"widget\" data-widget_type=\"text-editor.default\">\n\t\t\t\t<div class=\"elementor-widget-container\">\n\t\t\t\t\t\t\t\t\t<p>Und das alles, ohne dass wir dir etwas verkaufen wollen (au\u00dfer Wissen)!<\/p>\t\t\t\t\t\t\t\t<\/div>\n\t\t\t\t<\/div>\n\t\t\t\t\t<\/div>\n\t\t\t\t<\/div>\n\t\t<div class=\"elementor-element elementor-element-fc90230 e-flex e-con-boxed e-con e-parent\" data-id=\"fc90230\" data-element_type=\"container\" data-settings=\"{&quot;background_background&quot;:&quot;classic&quot;}\">\n\t\t\t\t\t<div class=\"e-con-inner\">\n\t\t\t\t<div class=\"elementor-element elementor-element-31ccf51f elementor-align-center elementor-widget elementor-widget-button\" data-id=\"31ccf51f\" data-element_type=\"widget\" data-widget_type=\"button.default\">\n\t\t\t\t<div class=\"elementor-widget-container\">\n\t\t\t\t\t\t\t\t\t<div class=\"elementor-button-wrapper\">\n\t\t\t\t\t<a class=\"elementor-button elementor-button-link elementor-size-xl\" href=\"#1\">\n\t\t\t\t\t\t<span class=\"elementor-button-content-wrapper\">\n\t\t\t\t\t\t\t\t\t<span class=\"elementor-button-text\">Jetzt risikolos mit Geld-zur\u00fcck-Garantie testen<\/span>\n\t\t\t\t\t<\/span>\n\t\t\t\t\t<\/a>\n\t\t\t\t<\/div>\n\t\t\t\t\t\t\t\t<\/div>\n\t\t\t\t<\/div>\n\t\t\t\t\t<\/div>\n\t\t\t\t<\/div>\n\t\t<div class=\"elementor-element elementor-element-7d6816d4 elementor-hidden-mobile e-flex e-con-boxed e-con e-parent\" data-id=\"7d6816d4\" data-element_type=\"container\" data-settings=\"{&quot;background_background&quot;:&quot;classic&quot;}\">\n\t\t\t\t\t<div class=\"e-con-inner\">\n\t\t\t\t<div class=\"elementor-element elementor-element-176bf512 elementor-widget elementor-widget-heading\" data-id=\"176bf512\" data-element_type=\"widget\" data-widget_type=\"heading.default\">\n\t\t\t\t<div class=\"elementor-widget-container\">\n\t\t\t\t\t<h2 class=\"elementor-heading-title elementor-size-default\">Die 8 fotografischen Kompetenzen f\u00fcr perfekte Fotos im Detail und wie wir sie dir vermitteln:<\/h2>\t\t\t\t<\/div>\n\t\t\t\t<\/div>\n\t\t\t\t<div class=\"elementor-element elementor-element-4744415b elementor-tabs-view-horizontal elementor-widget elementor-widget-tabs\" data-id=\"4744415b\" data-element_type=\"widget\" data-widget_type=\"tabs.default\">\n\t\t\t\t<div class=\"elementor-widget-container\">\n\t\t\t\t\t\t\t<div class=\"elementor-tabs\">\n\t\t\t<div class=\"elementor-tabs-wrapper\" role=\"tablist\" >\n\t\t\t\t\t\t\t\t\t<div id=\"elementor-tab-title-1191\" class=\"elementor-tab-title elementor-tab-desktop-title\" aria-selected=\"true\" data-tab=\"1\" role=\"tab\" tabindex=\"0\" aria-controls=\"elementor-tab-content-1191\" aria-expanded=\"false\">Fotograf<\/div>\n\t\t\t\t\t\t\t\t\t<div id=\"elementor-tab-title-1192\" class=\"elementor-tab-title elementor-tab-desktop-title\" aria-selected=\"false\" data-tab=\"2\" role=\"tab\" tabindex=\"-1\" aria-controls=\"elementor-tab-content-1192\" aria-expanded=\"false\">Idee<\/div>\n\t\t\t\t\t\t\t\t\t<div id=\"elementor-tab-title-1193\" class=\"elementor-tab-title elementor-tab-desktop-title\" aria-selected=\"false\" data-tab=\"3\" role=\"tab\" tabindex=\"-1\" aria-controls=\"elementor-tab-content-1193\" aria-expanded=\"false\">Motiv<\/div>\n\t\t\t\t\t\t\t\t\t<div id=\"elementor-tab-title-1194\" class=\"elementor-tab-title elementor-tab-desktop-title\" aria-selected=\"false\" data-tab=\"4\" role=\"tab\" tabindex=\"-1\" aria-controls=\"elementor-tab-content-1194\" aria-expanded=\"false\">Equipment<\/div>\n\t\t\t\t\t\t\t\t\t<div id=\"elementor-tab-title-1195\" class=\"elementor-tab-title elementor-tab-desktop-title\" aria-selected=\"false\" data-tab=\"5\" role=\"tab\" tabindex=\"-1\" aria-controls=\"elementor-tab-content-1195\" aria-expanded=\"false\">Bedienung<\/div>\n\t\t\t\t\t\t\t\t\t<div id=\"elementor-tab-title-1196\" class=\"elementor-tab-title elementor-tab-desktop-title\" aria-selected=\"false\" data-tab=\"6\" role=\"tab\" tabindex=\"-1\" aria-controls=\"elementor-tab-content-1196\" aria-expanded=\"false\">Gestaltung!<\/div>\n\t\t\t\t\t\t\t\t\t<div id=\"elementor-tab-title-1197\" class=\"elementor-tab-title elementor-tab-desktop-title\" aria-selected=\"false\" data-tab=\"7\" role=\"tab\" tabindex=\"-1\" aria-controls=\"elementor-tab-content-1197\" aria-expanded=\"false\">Bildbearbeitung<\/div>\n\t\t\t\t\t\t\t\t\t<div id=\"elementor-tab-title-1198\" class=\"elementor-tab-title elementor-tab-desktop-title\" aria-selected=\"false\" data-tab=\"8\" role=\"tab\" tabindex=\"-1\" aria-controls=\"elementor-tab-content-1198\" aria-expanded=\"false\">Pr\u00e4sentation<\/div>\n\t\t\t\t\t\t\t<\/div>\n\t\t\t<div class=\"elementor-tabs-content-wrapper\" role=\"tablist\" aria-orientation=\"vertical\">\n\t\t\t\t\t\t\t\t\t<div class=\"elementor-tab-title elementor-tab-mobile-title\" aria-selected=\"true\" data-tab=\"1\" role=\"tab\" tabindex=\"0\" aria-controls=\"elementor-tab-content-1191\" aria-expanded=\"false\">Fotograf<\/div>\n\t\t\t\t\t<div id=\"elementor-tab-content-1191\" class=\"elementor-tab-content elementor-clearfix\" data-tab=\"1\" role=\"tabpanel\" aria-labelledby=\"elementor-tab-title-1191\" tabindex=\"0\" hidden=\"false\">\t\t<div data-elementor-type=\"container\" data-elementor-id=\"4789\" class=\"elementor elementor-4789\" data-elementor-post-type=\"elementor_library\">\n\t\t\t\t<div class=\"elementor-element elementor-element-60518ed2 e-flex e-con-boxed e-con e-parent\" data-id=\"60518ed2\" data-element_type=\"container\">\n\t\t\t\t\t<div class=\"e-con-inner\">\n\t\t\t\t<div class=\"elementor-element elementor-element-27365ad1 elementor-widget elementor-widget-image\" data-id=\"27365ad1\" data-element_type=\"widget\" data-widget_type=\"image.default\">\n\t\t\t\t<div class=\"elementor-widget-container\">\n\t\t\t\t\t\t\t\t\t\t\t\t\t\t\t<img loading=\"lazy\" decoding=\"async\" width=\"300\" height=\"300\" src=\"https:\/\/www.fototv.de\/start\/wp-content\/uploads\/2023\/09\/6-ausgewa\u0308hlt-1-fotograf-300x300.png\" class=\"attachment-thumbnail size-thumbnail wp-image-5535\" alt=\"\" srcset=\"https:\/\/www.fototv.de\/start\/wp-content\/uploads\/2023\/09\/6-ausgewa\u0308hlt-1-fotograf-300x300.png 300w, https:\/\/www.fototv.de\/start\/wp-content\/uploads\/2023\/09\/6-ausgewa\u0308hlt-1-fotograf-970x970.png 970w, https:\/\/www.fototv.de\/start\/wp-content\/uploads\/2023\/09\/6-ausgewa\u0308hlt-1-fotograf-768x768.png 768w, https:\/\/www.fototv.de\/start\/wp-content\/uploads\/2023\/09\/6-ausgewa\u0308hlt-1-fotograf-1536x1536.png 1536w, https:\/\/www.fototv.de\/start\/wp-content\/uploads\/2023\/09\/6-ausgewa\u0308hlt-1-fotograf.png 1736w\" sizes=\"(max-width: 300px) 100vw, 300px\" \/>\t\t\t\t\t\t\t\t\t\t\t\t\t\t\t<\/div>\n\t\t\t\t<\/div>\n\t\t\t\t<div class=\"elementor-element elementor-element-2935a643 elementor-widget elementor-widget-text-editor\" data-id=\"2935a643\" data-element_type=\"widget\" data-widget_type=\"text-editor.default\">\n\t\t\t\t<div class=\"elementor-widget-container\">\n\t\t\t\t\t\t\t\t\t<h3>1) Der Fotograf \u2013 Alles beginnt bei dir selbst<\/h3><p>Der Ursprung eines exzellenten Fotos ist immer der Fotograf, also DU!<\/p><p>Dein <strong>Wissen, Lebenserfahrung, Inspirationen, Interessen, Ziele<\/strong> usw.<\/p><p>FotoTV. hilft Dir, dich <strong>fotografisch \u2018aufzutanken\u2019<\/strong> und deine eigene fotografischen Interessen herauszuarbeiten:<\/p><ul><li>Erarbeite dir in Interviews mit den weltweit bekanntesten Fotografen ein <strong>Gef\u00fchl und Wissen \u00fcber gute Fotografie.<\/strong><\/li><li>Lerne die \u2018Denke\u2019 bekannter Fotografen.<\/li><li>In Filmen \u00fcber die <strong>Geschichte der Fotografie<\/strong> lernst Du Fotografie umfassend zu verstehen.<\/li><li>Steigere deine <strong>Motivation und Freude<\/strong> an der Fotografie und am Lernen durch begeisternde Reportagen.<\/li><\/ul>\t\t\t\t\t\t\t\t<\/div>\n\t\t\t\t<\/div>\n\t\t\t\t\t<\/div>\n\t\t\t\t<\/div>\n\t\t\t\t<\/div>\n\t\t<p>\u00a0<\/p><\/div>\n\t\t\t\t\t\t\t\t\t<div class=\"elementor-tab-title elementor-tab-mobile-title\" aria-selected=\"false\" data-tab=\"2\" role=\"tab\" tabindex=\"-1\" aria-controls=\"elementor-tab-content-1192\" aria-expanded=\"false\">Idee<\/div>\n\t\t\t\t\t<div id=\"elementor-tab-content-1192\" class=\"elementor-tab-content elementor-clearfix\" data-tab=\"2\" role=\"tabpanel\" aria-labelledby=\"elementor-tab-title-1192\" tabindex=\"0\" hidden=\"hidden\">\t\t<div data-elementor-type=\"container\" data-elementor-id=\"4889\" class=\"elementor elementor-4889\" data-elementor-post-type=\"elementor_library\">\n\t\t\t\t<div class=\"elementor-element elementor-element-74a0c2ac e-flex e-con-boxed e-con e-parent\" data-id=\"74a0c2ac\" data-element_type=\"container\">\n\t\t\t\t\t<div class=\"e-con-inner\">\n\t\t\t\t<div class=\"elementor-element elementor-element-7daafe29 elementor-widget elementor-widget-image\" data-id=\"7daafe29\" data-element_type=\"widget\" data-widget_type=\"image.default\">\n\t\t\t\t<div class=\"elementor-widget-container\">\n\t\t\t\t\t\t\t\t\t\t\t\t\t\t\t<img loading=\"lazy\" decoding=\"async\" width=\"300\" height=\"300\" src=\"https:\/\/www.fototv.de\/start\/wp-content\/uploads\/2023\/09\/6-ausgewa\u0308hlt-2-idee-300x300.png\" class=\"attachment-thumbnail size-thumbnail wp-image-5528\" alt=\"\" srcset=\"https:\/\/www.fototv.de\/start\/wp-content\/uploads\/2023\/09\/6-ausgewa\u0308hlt-2-idee-300x300.png 300w, https:\/\/www.fototv.de\/start\/wp-content\/uploads\/2023\/09\/6-ausgewa\u0308hlt-2-idee-970x970.png 970w, https:\/\/www.fototv.de\/start\/wp-content\/uploads\/2023\/09\/6-ausgewa\u0308hlt-2-idee-768x768.png 768w, https:\/\/www.fototv.de\/start\/wp-content\/uploads\/2023\/09\/6-ausgewa\u0308hlt-2-idee-1536x1536.png 1536w, https:\/\/www.fototv.de\/start\/wp-content\/uploads\/2023\/09\/6-ausgewa\u0308hlt-2-idee.png 1736w\" sizes=\"(max-width: 300px) 100vw, 300px\" \/>\t\t\t\t\t\t\t\t\t\t\t\t\t\t\t<\/div>\n\t\t\t\t<\/div>\n\t\t\t\t<div class=\"elementor-element elementor-element-780d3609 elementor-widget elementor-widget-text-editor\" data-id=\"780d3609\" data-element_type=\"widget\" data-widget_type=\"text-editor.default\">\n\t\t\t\t<div class=\"elementor-widget-container\">\n\t\t\t\t\t\t\t\t\t<h3>2) Die fotografische Idee \u2013 Original statt Kopie<\/h3><p>Am Anfang eines Fotos steht <strong>IMMER<\/strong> eine Idee (auch wenn sie h\u00e4ufig geklaut ist). Noch besser als eine Idee ist ein Konzept, denn es ist die Leitschnur, mit der man auf Ideen kommt und die zu immer besseren Bildern f\u00fchrt.<\/p><p>Bei FotoTV. lernst du:<\/p><ul><li><strong>Kreativtechniken<\/strong> und das <strong>Fotografieren mit Konzept.<\/strong><\/li><li>In <strong>Bildstrecken<\/strong> zu denken und zu fotografieren.<\/li><li><strong>Storytelling<\/strong> mit Fotos<br \/><strong>Inspiration<\/strong> aus der Fotografie anderer zu finden, ohne zu kopieren.<\/li><li>Durch <strong>serielles Arbeiten<\/strong>, deine Ideen auszuarbeiten und zu verfeinern und sie auf <strong>Profiniveau<\/strong> zu bringen.<\/li><\/ul>\t\t\t\t\t\t\t\t<\/div>\n\t\t\t\t<\/div>\n\t\t\t\t\t<\/div>\n\t\t\t\t<\/div>\n\t\t\t\t<\/div>\n\t\t<\/div>\n\t\t\t\t\t\t\t\t\t<div class=\"elementor-tab-title elementor-tab-mobile-title\" aria-selected=\"false\" data-tab=\"3\" role=\"tab\" tabindex=\"-1\" aria-controls=\"elementor-tab-content-1193\" aria-expanded=\"false\">Motiv<\/div>\n\t\t\t\t\t<div id=\"elementor-tab-content-1193\" class=\"elementor-tab-content elementor-clearfix\" data-tab=\"3\" role=\"tabpanel\" aria-labelledby=\"elementor-tab-title-1193\" tabindex=\"0\" hidden=\"hidden\">\t\t<div data-elementor-type=\"container\" data-elementor-id=\"4892\" class=\"elementor elementor-4892\" data-elementor-post-type=\"elementor_library\">\n\t\t\t\t<div class=\"elementor-element elementor-element-b4b42fb e-flex e-con-boxed e-con e-parent\" data-id=\"b4b42fb\" data-element_type=\"container\">\n\t\t\t\t\t<div class=\"e-con-inner\">\n\t\t\t\t<div class=\"elementor-element elementor-element-12f1b21 elementor-widget elementor-widget-image\" data-id=\"12f1b21\" data-element_type=\"widget\" data-widget_type=\"image.default\">\n\t\t\t\t<div class=\"elementor-widget-container\">\n\t\t\t\t\t\t\t\t\t\t\t\t\t\t\t<img loading=\"lazy\" decoding=\"async\" width=\"300\" height=\"300\" src=\"https:\/\/www.fototv.de\/start\/wp-content\/uploads\/2023\/09\/6-ausgewa\u0308hlt-3-motiv-300x300.png\" class=\"attachment-thumbnail size-thumbnail wp-image-5529\" alt=\"\" srcset=\"https:\/\/www.fototv.de\/start\/wp-content\/uploads\/2023\/09\/6-ausgewa\u0308hlt-3-motiv-300x300.png 300w, https:\/\/www.fototv.de\/start\/wp-content\/uploads\/2023\/09\/6-ausgewa\u0308hlt-3-motiv-970x970.png 970w, https:\/\/www.fototv.de\/start\/wp-content\/uploads\/2023\/09\/6-ausgewa\u0308hlt-3-motiv-768x768.png 768w, https:\/\/www.fototv.de\/start\/wp-content\/uploads\/2023\/09\/6-ausgewa\u0308hlt-3-motiv-1536x1536.png 1536w, https:\/\/www.fototv.de\/start\/wp-content\/uploads\/2023\/09\/6-ausgewa\u0308hlt-3-motiv.png 1736w\" sizes=\"(max-width: 300px) 100vw, 300px\" \/>\t\t\t\t\t\t\t\t\t\t\t\t\t\t\t<\/div>\n\t\t\t\t<\/div>\n\t\t\t\t<div class=\"elementor-element elementor-element-2672ea6a elementor-widget elementor-widget-text-editor\" data-id=\"2672ea6a\" data-element_type=\"widget\" data-widget_type=\"text-editor.default\">\n\t\t\t\t<div class=\"elementor-widget-container\">\n\t\t\t\t\t\t\t\t\t<h3>3) Das Fotomotiv \u2013 Wissen schafft Zugang<\/h3><p>Wenn du wei\u00dft, was deine Idee ist, dann geht es als N\u00e4chstes ums Motiv.<\/p><p>Wo findest du deine Motive, was muss man \u00fcber sie wissen, wie geht man mit ihnen um?<\/p><p>Bei FotoTV. findest du <strong>hunderte Filme<\/strong> \u00fcber<\/p><ul><li>gute <strong>Fotolocations<\/strong> in Deutschland<\/li><li>fotografische <strong>Reiseziele<\/strong><\/li><li>das <strong>Arbeiten mit Models:<\/strong> Von der Suche bis zu <strong>Vertr\u00e4gen, Posing und Kommunikation<\/strong><\/li><li><strong>Werbe- und Stil Life Fotografie, Tierfotografie, Architektur und Innenarchitekturfotografie<\/strong> usw.<\/li><\/ul>\t\t\t\t\t\t\t\t<\/div>\n\t\t\t\t<\/div>\n\t\t\t\t\t<\/div>\n\t\t\t\t<\/div>\n\t\t\t\t<\/div>\n\t\t<\/div>\n\t\t\t\t\t\t\t\t\t<div class=\"elementor-tab-title elementor-tab-mobile-title\" aria-selected=\"false\" data-tab=\"4\" role=\"tab\" tabindex=\"-1\" aria-controls=\"elementor-tab-content-1194\" aria-expanded=\"false\">Equipment<\/div>\n\t\t\t\t\t<div id=\"elementor-tab-content-1194\" class=\"elementor-tab-content elementor-clearfix\" data-tab=\"4\" role=\"tabpanel\" aria-labelledby=\"elementor-tab-title-1194\" tabindex=\"0\" hidden=\"hidden\">\t\t<div data-elementor-type=\"container\" data-elementor-id=\"4896\" class=\"elementor elementor-4896\" data-elementor-post-type=\"elementor_library\">\n\t\t\t\t<div class=\"elementor-element elementor-element-4c7b57a4 e-flex e-con-boxed e-con e-parent\" data-id=\"4c7b57a4\" data-element_type=\"container\">\n\t\t\t\t\t<div class=\"e-con-inner\">\n\t\t\t\t<div class=\"elementor-element elementor-element-14cb4664 elementor-widget elementor-widget-image\" data-id=\"14cb4664\" data-element_type=\"widget\" data-widget_type=\"image.default\">\n\t\t\t\t<div class=\"elementor-widget-container\">\n\t\t\t\t\t\t\t\t\t\t\t\t\t\t\t<img loading=\"lazy\" decoding=\"async\" width=\"300\" height=\"300\" src=\"https:\/\/www.fototv.de\/start\/wp-content\/uploads\/2023\/09\/6-ausgewa\u0308hlt-4-equipment-300x300.png\" class=\"attachment-thumbnail size-thumbnail wp-image-5530\" alt=\"\" srcset=\"https:\/\/www.fototv.de\/start\/wp-content\/uploads\/2023\/09\/6-ausgewa\u0308hlt-4-equipment-300x300.png 300w, https:\/\/www.fototv.de\/start\/wp-content\/uploads\/2023\/09\/6-ausgewa\u0308hlt-4-equipment-970x970.png 970w, https:\/\/www.fototv.de\/start\/wp-content\/uploads\/2023\/09\/6-ausgewa\u0308hlt-4-equipment-768x768.png 768w, https:\/\/www.fototv.de\/start\/wp-content\/uploads\/2023\/09\/6-ausgewa\u0308hlt-4-equipment-1536x1536.png 1536w, https:\/\/www.fototv.de\/start\/wp-content\/uploads\/2023\/09\/6-ausgewa\u0308hlt-4-equipment.png 1736w\" sizes=\"(max-width: 300px) 100vw, 300px\" \/>\t\t\t\t\t\t\t\t\t\t\t\t\t\t\t<\/div>\n\t\t\t\t<\/div>\n\t\t\t\t<div class=\"elementor-element elementor-element-460df82e elementor-widget elementor-widget-text-editor\" data-id=\"460df82e\" data-element_type=\"widget\" data-widget_type=\"text-editor.default\">\n\t\t\t\t<div class=\"elementor-widget-container\">\n\t\t\t\t\t\t\t\t\t<h3>4) \u00a0Das Foto-Equipment \u2013 Orientierung im Angebotsdschungel<\/h3><p>Das Internet ist voll von Equipment-Empfehlungen. <em>\u2018Kaufe das\u2019, \u2018Die beste Kamera\u2019<\/em> usw.<\/p><p>Davon halten wir nichts, denn <strong>es gibt nicht DAS beste Equipment.<\/strong> Es gibt nur <strong>das richtige Equipment f\u00fcr einen bestimmten Zweck!<\/strong><\/p><p>Bei FotoTV. siehst du in unseren Videos\u2028<\/p><ul><li><strong>welches Equipment f\u00fcr welches Motiv<\/strong> passt!<\/li><li>was die besten Fotografen eines jedes Genres verwenden, um zu ihren Ergebnissen zu kommen<\/li><li>wie man mit m\u00f6glich <strong>wenig Equipment<\/strong> zum Bild kommt<\/li><li>wie man manches Equipment <strong>einfach selbst baut.<\/strong><\/li><\/ul><p>Und last but not least:<\/p><p><strong>Equipment wird meist in seiner Bedeutung \u00fcberbewertet,<\/strong> weil Influencer und die Werbung suggerieren, dass gutes Equipment gute Bilder macht. Wir sind frei von Werbung und m\u00fcssen dir nichts \u2018aufschwatzen\u2019.<\/p>\t\t\t\t\t\t\t\t<\/div>\n\t\t\t\t<\/div>\n\t\t\t\t\t<\/div>\n\t\t\t\t<\/div>\n\t\t\t\t<\/div>\n\t\t<\/div>\n\t\t\t\t\t\t\t\t\t<div class=\"elementor-tab-title elementor-tab-mobile-title\" aria-selected=\"false\" data-tab=\"5\" role=\"tab\" tabindex=\"-1\" aria-controls=\"elementor-tab-content-1195\" aria-expanded=\"false\">Bedienung<\/div>\n\t\t\t\t\t<div id=\"elementor-tab-content-1195\" class=\"elementor-tab-content elementor-clearfix\" data-tab=\"5\" role=\"tabpanel\" aria-labelledby=\"elementor-tab-title-1195\" tabindex=\"0\" hidden=\"hidden\">\t\t<div data-elementor-type=\"container\" data-elementor-id=\"4899\" class=\"elementor elementor-4899\" data-elementor-post-type=\"elementor_library\">\n\t\t\t\t<div class=\"elementor-element elementor-element-1ea845a5 e-flex e-con-boxed e-con e-parent\" data-id=\"1ea845a5\" data-element_type=\"container\">\n\t\t\t\t\t<div class=\"e-con-inner\">\n\t\t\t\t<div class=\"elementor-element elementor-element-51ae6b8f elementor-widget elementor-widget-image\" data-id=\"51ae6b8f\" data-element_type=\"widget\" data-widget_type=\"image.default\">\n\t\t\t\t<div class=\"elementor-widget-container\">\n\t\t\t\t\t\t\t\t\t\t\t\t\t\t\t<img loading=\"lazy\" decoding=\"async\" width=\"300\" height=\"300\" src=\"https:\/\/www.fototv.de\/start\/wp-content\/uploads\/2023\/09\/6-ausgewa\u0308hlt-5-bedienung-300x300.png\" class=\"attachment-thumbnail size-thumbnail wp-image-5531\" alt=\"\" srcset=\"https:\/\/www.fototv.de\/start\/wp-content\/uploads\/2023\/09\/6-ausgewa\u0308hlt-5-bedienung-300x300.png 300w, https:\/\/www.fototv.de\/start\/wp-content\/uploads\/2023\/09\/6-ausgewa\u0308hlt-5-bedienung-970x970.png 970w, https:\/\/www.fototv.de\/start\/wp-content\/uploads\/2023\/09\/6-ausgewa\u0308hlt-5-bedienung-768x768.png 768w, https:\/\/www.fototv.de\/start\/wp-content\/uploads\/2023\/09\/6-ausgewa\u0308hlt-5-bedienung-1536x1536.png 1536w, https:\/\/www.fototv.de\/start\/wp-content\/uploads\/2023\/09\/6-ausgewa\u0308hlt-5-bedienung.png 1736w\" sizes=\"(max-width: 300px) 100vw, 300px\" \/>\t\t\t\t\t\t\t\t\t\t\t\t\t\t\t<\/div>\n\t\t\t\t<\/div>\n\t\t\t\t<div class=\"elementor-element elementor-element-49938c3e elementor-widget elementor-widget-text-editor\" data-id=\"49938c3e\" data-element_type=\"widget\" data-widget_type=\"text-editor.default\">\n\t\t\t\t<div class=\"elementor-widget-container\">\n\t\t\t\t\t\t\t\t\t<h3>5) Die Bedienung \u2013 entdecke dein Equipment!<\/h3><p><strong>Das beste Equipment nutzt nichts, wenn du nicht wei\u00dft, wie du es bedienst.<\/strong><\/p><p>In unseren FotoTV.-Kursen und Trainings lernst du u. a.<\/p><ul><li>wie <strong>Profis<\/strong> das ihr Equipment richtig anwenden, um ein gew\u00fcnschtes Ergebnis zu erzielen.<\/li><li>Bedienung von <strong>Blitz- und Studiolicht<\/strong><\/li><li><strong>Kamerabedienung<\/strong> jenseits der Automatikprogramme<\/li><li>durch korrektes Arbeiten <strong>Zeit in der Nachbearbeitung zu sparen<\/strong><\/li><li>fotografische Probleme wie z. B. <strong>schwierige Lichtverh\u00e4ltnisse zu meistern<\/strong><\/li><\/ul><p>Unsere Meinung: Mit korrekter Bedienung kann man mehr erreichen als mit teurem Equipment!<\/p>\t\t\t\t\t\t\t\t<\/div>\n\t\t\t\t<\/div>\n\t\t\t\t\t<\/div>\n\t\t\t\t<\/div>\n\t\t\t\t<\/div>\n\t\t<\/div>\n\t\t\t\t\t\t\t\t\t<div class=\"elementor-tab-title elementor-tab-mobile-title\" aria-selected=\"false\" data-tab=\"6\" role=\"tab\" tabindex=\"-1\" aria-controls=\"elementor-tab-content-1196\" aria-expanded=\"false\">Gestaltung!<\/div>\n\t\t\t\t\t<div id=\"elementor-tab-content-1196\" class=\"elementor-tab-content elementor-clearfix\" data-tab=\"6\" role=\"tabpanel\" aria-labelledby=\"elementor-tab-title-1196\" tabindex=\"0\" hidden=\"hidden\">\t\t<div data-elementor-type=\"container\" data-elementor-id=\"4902\" class=\"elementor elementor-4902\" data-elementor-post-type=\"elementor_library\">\n\t\t\t\t<div class=\"elementor-element elementor-element-1bccdba6 e-flex e-con-boxed e-con e-parent\" data-id=\"1bccdba6\" data-element_type=\"container\">\n\t\t\t\t\t<div class=\"e-con-inner\">\n\t\t\t\t<div class=\"elementor-element elementor-element-3657a0ed elementor-widget elementor-widget-image\" data-id=\"3657a0ed\" data-element_type=\"widget\" data-widget_type=\"image.default\">\n\t\t\t\t<div class=\"elementor-widget-container\">\n\t\t\t\t\t\t\t\t\t\t\t\t\t\t\t<img loading=\"lazy\" decoding=\"async\" width=\"300\" height=\"300\" src=\"https:\/\/www.fototv.de\/start\/wp-content\/uploads\/2023\/09\/6-ausgewa\u0308hlt-6-gestaltung-300x300.png\" class=\"attachment-thumbnail size-thumbnail wp-image-5532\" alt=\"\" srcset=\"https:\/\/www.fototv.de\/start\/wp-content\/uploads\/2023\/09\/6-ausgewa\u0308hlt-6-gestaltung-300x300.png 300w, https:\/\/www.fototv.de\/start\/wp-content\/uploads\/2023\/09\/6-ausgewa\u0308hlt-6-gestaltung-970x970.png 970w, https:\/\/www.fototv.de\/start\/wp-content\/uploads\/2023\/09\/6-ausgewa\u0308hlt-6-gestaltung-768x768.png 768w, https:\/\/www.fototv.de\/start\/wp-content\/uploads\/2023\/09\/6-ausgewa\u0308hlt-6-gestaltung-1536x1536.png 1536w, https:\/\/www.fototv.de\/start\/wp-content\/uploads\/2023\/09\/6-ausgewa\u0308hlt-6-gestaltung.png 1736w\" sizes=\"(max-width: 300px) 100vw, 300px\" \/>\t\t\t\t\t\t\t\t\t\t\t\t\t\t\t<\/div>\n\t\t\t\t<\/div>\n\t\t\t\t<div class=\"elementor-element elementor-element-33638e26 elementor-widget elementor-widget-text-editor\" data-id=\"33638e26\" data-element_type=\"widget\" data-widget_type=\"text-editor.default\">\n\t\t\t\t<div class=\"elementor-widget-container\">\n\t\t\t\t\t\t\t\t\t<h3>6) Gestaltung, Gestaltung, Gestaltung!<\/h3><p>Vielleicht das wichtigste Thema \u00fcberhaupt und genau das, was kaum gelehrt wird! Diese Fragen beantwortet dir FotoTV.:<\/p><ul><li>Wie <strong>positioniere<\/strong> ich ein Motiv in meinem Bild?<\/li><li>Welche <strong>psychologische Wirkung<\/strong> erreiche ich damit?<\/li><li>Welche <strong>Fehler<\/strong> muss ich vermeiden?<\/li><li>Wie kann Gestaltung meine <strong>Idee transportieren<\/strong> und helfen, andere Bilder zu machen, als die, die im Internet millionenfach kopiert werden?<\/li><li>Welche <strong>Regeln<\/strong> gibt es, bessere Fotos zu machen?<\/li><li>Und wie <strong>breche<\/strong> ich diese Regeln <strong>kreativ<\/strong>?<\/li><\/ul><p>Bei FotoTV. gibt es ganze <strong>Kurse<\/strong> und <strong>Masterclasses<\/strong> zum Thema Gestaltung, die dir helfen, exzellente und wirkungsvollere Fotos zu machen.<\/p>\t\t\t\t\t\t\t\t<\/div>\n\t\t\t\t<\/div>\n\t\t\t\t\t<\/div>\n\t\t\t\t<\/div>\n\t\t\t\t<\/div>\n\t\t<\/div>\n\t\t\t\t\t\t\t\t\t<div class=\"elementor-tab-title elementor-tab-mobile-title\" aria-selected=\"false\" data-tab=\"7\" role=\"tab\" tabindex=\"-1\" aria-controls=\"elementor-tab-content-1197\" aria-expanded=\"false\">Bildbearbeitung<\/div>\n\t\t\t\t\t<div id=\"elementor-tab-content-1197\" class=\"elementor-tab-content elementor-clearfix\" data-tab=\"7\" role=\"tabpanel\" aria-labelledby=\"elementor-tab-title-1197\" tabindex=\"0\" hidden=\"hidden\">\t\t<div data-elementor-type=\"container\" data-elementor-id=\"4905\" class=\"elementor elementor-4905\" data-elementor-post-type=\"elementor_library\">\n\t\t\t\t<div class=\"elementor-element elementor-element-41fe70ea e-flex e-con-boxed e-con e-parent\" data-id=\"41fe70ea\" data-element_type=\"container\">\n\t\t\t\t\t<div class=\"e-con-inner\">\n\t\t\t\t<div class=\"elementor-element elementor-element-65052df8 elementor-widget elementor-widget-image\" data-id=\"65052df8\" data-element_type=\"widget\" data-widget_type=\"image.default\">\n\t\t\t\t<div class=\"elementor-widget-container\">\n\t\t\t\t\t\t\t\t\t\t\t\t\t\t\t<img loading=\"lazy\" decoding=\"async\" width=\"300\" height=\"300\" src=\"https:\/\/www.fototv.de\/start\/wp-content\/uploads\/2023\/09\/6-ausgewa\u0308hlt-7-bearbeitung-300x300.png\" class=\"attachment-thumbnail size-thumbnail wp-image-5533\" alt=\"\" srcset=\"https:\/\/www.fototv.de\/start\/wp-content\/uploads\/2023\/09\/6-ausgewa\u0308hlt-7-bearbeitung-300x300.png 300w, https:\/\/www.fototv.de\/start\/wp-content\/uploads\/2023\/09\/6-ausgewa\u0308hlt-7-bearbeitung-970x970.png 970w, https:\/\/www.fototv.de\/start\/wp-content\/uploads\/2023\/09\/6-ausgewa\u0308hlt-7-bearbeitung-768x768.png 768w, https:\/\/www.fototv.de\/start\/wp-content\/uploads\/2023\/09\/6-ausgewa\u0308hlt-7-bearbeitung-1536x1536.png 1536w, https:\/\/www.fototv.de\/start\/wp-content\/uploads\/2023\/09\/6-ausgewa\u0308hlt-7-bearbeitung.png 1736w\" sizes=\"(max-width: 300px) 100vw, 300px\" \/>\t\t\t\t\t\t\t\t\t\t\t\t\t\t\t<\/div>\n\t\t\t\t<\/div>\n\t\t\t\t<div class=\"elementor-element elementor-element-3ebf38b0 elementor-widget elementor-widget-text-editor\" data-id=\"3ebf38b0\" data-element_type=\"widget\" data-widget_type=\"text-editor.default\">\n\t\t\t\t<div class=\"elementor-widget-container\">\n\t\t\t\t\t\t\t\t\t<h3>7) Bildbearbeitung<\/h3><p>In der Bildbearbeitung werden viele Fehler gemacht.<\/p><p>Manche Fotografen nutzen sie gar nicht und verschenken Potenziale ihrer Fotos. Andere verlieren sich in Photoshop und sonstiger Software und in vordergr\u00fcndigen Effekten.<\/p><p>Bei FotoTV. lernst du, zielgerichtet deine Bilder zu bearbeiten:<\/p><ul><li>Kurse in <strong>Photoshop<\/strong><\/li><li>Kurse in <strong>Lightroom<\/strong><\/li><li>Kurse in <strong>K\u00fcnstlicher Intelligenz<\/strong><\/li><li>Kurse in <strong>Luminar<\/strong><\/li><li>Kurse in <strong>Affinity Photo<\/strong><\/li><li>Kurse in vielen weiteren n\u00fctzlichen <strong>Software-Tools!<\/strong><\/li><\/ul>\t\t\t\t\t\t\t\t<\/div>\n\t\t\t\t<\/div>\n\t\t\t\t\t<\/div>\n\t\t\t\t<\/div>\n\t\t\t\t<\/div>\n\t\t<\/div>\n\t\t\t\t\t\t\t\t\t<div class=\"elementor-tab-title elementor-tab-mobile-title\" aria-selected=\"false\" data-tab=\"8\" role=\"tab\" tabindex=\"-1\" aria-controls=\"elementor-tab-content-1198\" aria-expanded=\"false\">Pr\u00e4sentation<\/div>\n\t\t\t\t\t<div id=\"elementor-tab-content-1198\" class=\"elementor-tab-content elementor-clearfix\" data-tab=\"8\" role=\"tabpanel\" aria-labelledby=\"elementor-tab-title-1198\" tabindex=\"0\" hidden=\"hidden\">\t\t<div data-elementor-type=\"container\" data-elementor-id=\"4908\" class=\"elementor elementor-4908\" data-elementor-post-type=\"elementor_library\">\n\t\t\t\t<div class=\"elementor-element elementor-element-32af1837 e-flex e-con-boxed e-con e-parent\" data-id=\"32af1837\" data-element_type=\"container\">\n\t\t\t\t\t<div class=\"e-con-inner\">\n\t\t\t\t<div class=\"elementor-element elementor-element-10c16299 elementor-widget elementor-widget-image\" data-id=\"10c16299\" data-element_type=\"widget\" data-widget_type=\"image.default\">\n\t\t\t\t<div class=\"elementor-widget-container\">\n\t\t\t\t\t\t\t\t\t\t\t\t\t\t\t<img loading=\"lazy\" decoding=\"async\" width=\"300\" height=\"300\" src=\"https:\/\/www.fototv.de\/start\/wp-content\/uploads\/2023\/09\/6-ausgewa\u0308hlt-8-pra\u0308sentation-300x300.png\" class=\"attachment-thumbnail size-thumbnail wp-image-5534\" alt=\"\" srcset=\"https:\/\/www.fototv.de\/start\/wp-content\/uploads\/2023\/09\/6-ausgewa\u0308hlt-8-pra\u0308sentation-300x300.png 300w, https:\/\/www.fototv.de\/start\/wp-content\/uploads\/2023\/09\/6-ausgewa\u0308hlt-8-pra\u0308sentation-970x970.png 970w, https:\/\/www.fototv.de\/start\/wp-content\/uploads\/2023\/09\/6-ausgewa\u0308hlt-8-pra\u0308sentation-768x768.png 768w, https:\/\/www.fototv.de\/start\/wp-content\/uploads\/2023\/09\/6-ausgewa\u0308hlt-8-pra\u0308sentation-1536x1536.png 1536w, https:\/\/www.fototv.de\/start\/wp-content\/uploads\/2023\/09\/6-ausgewa\u0308hlt-8-pra\u0308sentation.png 1736w\" sizes=\"(max-width: 300px) 100vw, 300px\" \/>\t\t\t\t\t\t\t\t\t\t\t\t\t\t\t<\/div>\n\t\t\t\t<\/div>\n\t\t\t\t<div class=\"elementor-element elementor-element-709326 elementor-widget elementor-widget-text-editor\" data-id=\"709326\" data-element_type=\"widget\" data-widget_type=\"text-editor.default\">\n\t\t\t\t<div class=\"elementor-widget-container\">\n\t\t\t\t\t\t\t\t\t<h3>8) Pr\u00e4sentation<\/h3><p>Das Foto auf der Festplatte, das keiner sieht, ist kein Foto, sondern <strong>Datenm\u00fcll<\/strong>.<\/p><p>Erst gedruckt, an der Wand, auf dem Beamer oder im Internet entfaltet es seine Magie!<\/p><p>FotoTV. gibt dir <strong>Inspiration und Anleitungen<\/strong> zum:<\/p><ul><li><strong>Drucken<\/strong> von Fotos<\/li><li><strong>Rahmen<\/strong> von Fotos und zur Arbeit mit Passepartouts und sonstigen Pr\u00e4sentationsformen<\/li><li>zur Erstellung deiner eigenen Fotografen-<strong>Website<\/strong><\/li><li>Masterclass zur <strong>Fotobucherstellung <\/strong><\/li><li>Gestaltung von <strong>Ausstellungen<\/strong><\/li><li>Zusammenstellung deines Fotografen-<strong>Portfolios<\/strong><\/li><\/ul>\t\t\t\t\t\t\t\t<\/div>\n\t\t\t\t<\/div>\n\t\t\t\t\t<\/div>\n\t\t\t\t<\/div>\n\t\t\t\t<\/div>\n\t\t<\/div>\n\t\t\t\t\t\t\t<\/div>\n\t\t<\/div>\n\t\t\t\t\t\t<\/div>\n\t\t\t\t<\/div>\n\t\t\t\t<div class=\"elementor-element elementor-element-2c270ea9 elementor-position-inline-start elementor-view-default elementor-mobile-position-block-start elementor-widget elementor-widget-icon-box\" data-id=\"2c270ea9\" data-element_type=\"widget\" data-widget_type=\"icon-box.default\">\n\t\t\t\t<div class=\"elementor-widget-container\">\n\t\t\t\t\t\t\t<div class=\"elementor-icon-box-wrapper\">\n\n\t\t\t\t\t\t<div class=\"elementor-icon-box-icon\">\n\t\t\t\t<span  class=\"elementor-icon\">\n\t\t\t\t<i aria-hidden=\"true\" class=\"fas fa-bullhorn\"><\/i>\t\t\t\t<\/span>\n\t\t\t<\/div>\n\t\t\t\n\t\t\t\t\t\t<div class=\"elementor-icon-box-content\">\n\n\t\t\t\t\t\t\t\t\t<h3 class=\"elementor-icon-box-title\">\n\t\t\t\t\t\t<span  >\n\t\t\t\t\t\t\tMan muss alle 8 Kompetenzen beherrschen. Nur wenn man sie alle in einem Foto vereint, entstehen planbar statt zuf\u00e4llig beeindruckende Bilder. FotoTV. vermittelt dir diese 8 Kompetenzen.\t\t\t\t\t\t<\/span>\n\t\t\t\t\t<\/h3>\n\t\t\t\t\n\t\t\t\t\n\t\t\t<\/div>\n\t\t\t\n\t\t<\/div>\n\t\t\t\t\t\t<\/div>\n\t\t\t\t<\/div>\n\t\t\t\t\t<\/div>\n\t\t\t\t<\/div>\n\t\t<div class=\"elementor-element elementor-element-7c1f705d elementor-hidden-mobile e-flex e-con-boxed e-con e-parent\" data-id=\"7c1f705d\" data-element_type=\"container\" data-settings=\"{&quot;background_background&quot;:&quot;classic&quot;}\">\n\t\t\t\t\t<div class=\"e-con-inner\">\n\t\t\t\t<div class=\"elementor-element elementor-element-79982473 elementor-align-center elementor-widget elementor-widget-button\" data-id=\"79982473\" data-element_type=\"widget\" data-widget_type=\"button.default\">\n\t\t\t\t<div class=\"elementor-widget-container\">\n\t\t\t\t\t\t\t\t\t<div class=\"elementor-button-wrapper\">\n\t\t\t\t\t<a class=\"elementor-button elementor-button-link elementor-size-xl\" href=\"#1\">\n\t\t\t\t\t\t<span class=\"elementor-button-content-wrapper\">\n\t\t\t\t\t\t\t\t\t<span class=\"elementor-button-text\">Jetzt risikolos mit Geld-zur\u00fcck-Garantie testen<\/span>\n\t\t\t\t\t<\/span>\n\t\t\t\t\t<\/a>\n\t\t\t\t<\/div>\n\t\t\t\t\t\t\t\t<\/div>\n\t\t\t\t<\/div>\n\t\t\t\t\t<\/div>\n\t\t\t\t<\/div>\n\t\t<div class=\"elementor-element elementor-element-4beeb857 e-flex e-con-boxed e-con e-parent\" data-id=\"4beeb857\" data-element_type=\"container\" data-settings=\"{&quot;background_background&quot;:&quot;classic&quot;}\">\n\t\t\t\t\t<div class=\"e-con-inner\">\n\t\t\t\t\t<\/div>\n\t\t\t\t<\/div>\n\t\t<div class=\"elementor-element elementor-element-5d46f74f e-flex e-con-boxed e-con e-parent\" data-id=\"5d46f74f\" data-element_type=\"container\" data-settings=\"{&quot;background_background&quot;:&quot;classic&quot;}\">\n\t\t\t\t\t<div class=\"e-con-inner\">\n\t\t\t\t<div class=\"elementor-element elementor-element-398cb0e8 elementor-widget elementor-widget-menu-anchor\" data-id=\"398cb0e8\" data-element_type=\"widget\" data-widget_type=\"menu-anchor.default\">\n\t\t\t\t<div class=\"elementor-widget-container\">\n\t\t\t\t\t\t\t<div class=\"elementor-menu-anchor\" id=\"vorteile\"><\/div>\n\t\t\t\t\t\t<\/div>\n\t\t\t\t<\/div>\n\t\t<div class=\"elementor-element elementor-element-64331ae5 e-flex e-con-boxed e-con e-child\" data-id=\"64331ae5\" data-element_type=\"container\">\n\t\t\t\t\t<div class=\"e-con-inner\">\n\t\t\t\t<div class=\"elementor-element elementor-element-473e1f4c elementor-widget elementor-widget-text-editor\" data-id=\"473e1f4c\" data-element_type=\"widget\" data-widget_type=\"text-editor.default\">\n\t\t\t\t<div class=\"elementor-widget-container\">\n\t\t\t\t\t\t\t\t\t<p>Unser Angebot an dich:<br \/>F\u00fcr 9,95 Euro monatlich mit <span style=\"color: #00ff00;\">Geld-zur\u00fcck-Garantie<\/span> die beste Lernplattform \u00fcber Fotografie nutzen!<\/p>\t\t\t\t\t\t\t\t<\/div>\n\t\t\t\t<\/div>\n\t\t\t\t<div class=\"elementor-element elementor-element-6783b0f elementor-widget__width-inherit elementor-widget elementor-widget-image\" data-id=\"6783b0f\" data-element_type=\"widget\" data-widget_type=\"image.default\">\n\t\t\t\t<div class=\"elementor-widget-container\">\n\t\t\t\t\t\t\t\t\t\t\t\t\t\t\t<img loading=\"lazy\" decoding=\"async\" width=\"800\" height=\"799\" src=\"https:\/\/www.fototv.de\/start\/wp-content\/uploads\/2019\/05\/FotoTV_Mockup-e1560415478840-1.png\" class=\"attachment-large size-large wp-image-4952\" alt=\"Fotografieren lernen - online - FotoTV.de Mockup\" srcset=\"https:\/\/www.fototv.de\/start\/wp-content\/uploads\/2019\/05\/FotoTV_Mockup-e1560415478840-1.png 1000w, https:\/\/www.fototv.de\/start\/wp-content\/uploads\/2019\/05\/FotoTV_Mockup-e1560415478840-1-970x970.png 970w, https:\/\/www.fototv.de\/start\/wp-content\/uploads\/2019\/05\/FotoTV_Mockup-e1560415478840-1-300x300.png 300w, https:\/\/www.fototv.de\/start\/wp-content\/uploads\/2019\/05\/FotoTV_Mockup-e1560415478840-1-768x767.png 768w\" sizes=\"(max-width: 800px) 100vw, 800px\" \/>\t\t\t\t\t\t\t\t\t\t\t\t\t\t\t<\/div>\n\t\t\t\t<\/div>\n\t\t\t\t\t<\/div>\n\t\t\t\t<\/div>\n\t\t<div class=\"elementor-element elementor-element-51a72d52 e-flex e-con-boxed e-con e-child\" data-id=\"51a72d52\" data-element_type=\"container\">\n\t\t\t\t\t<div class=\"e-con-inner\">\n\t\t\t\t<div class=\"elementor-element elementor-element-6cd5a458 elementor-view-framed elementor-widget__width-inherit elementor-shape-circle elementor-position-block-start elementor-mobile-position-block-start elementor-widget elementor-widget-icon-box\" data-id=\"6cd5a458\" data-element_type=\"widget\" data-widget_type=\"icon-box.default\">\n\t\t\t\t<div class=\"elementor-widget-container\">\n\t\t\t\t\t\t\t<div class=\"elementor-icon-box-wrapper\">\n\n\t\t\t\t\t\t<div class=\"elementor-icon-box-icon\">\n\t\t\t\t<span  class=\"elementor-icon\">\n\t\t\t\t<i aria-hidden=\"true\" class=\"fas fa-medal\"><\/i>\t\t\t\t<\/span>\n\t\t\t<\/div>\n\t\t\t\n\t\t\t\t\t\t<div class=\"elementor-icon-box-content\">\n\n\t\t\t\t\t\t\t\t\t<h3 class=\"elementor-icon-box-title\">\n\t\t\t\t\t\t<span  >\n\t\t\t\t\t\t\tBeste Referenten\t\t\t\t\t\t<\/span>\n\t\t\t\t\t<\/h3>\n\t\t\t\t\n\t\t\t\t\t\t\t\t\t<p class=\"elementor-icon-box-description\">\n\t\t\t\t\t\t... wir haben die besten Fotografen, Fotografinnen, Referenten und Referentinnen im Programm! Aus ganz Deutschland, Europa und der Welt!\t\t\t\t\t<\/p>\n\t\t\t\t\n\t\t\t<\/div>\n\t\t\t\n\t\t<\/div>\n\t\t\t\t\t\t<\/div>\n\t\t\t\t<\/div>\n\t\t\t\t<div class=\"elementor-element elementor-element-937259 elementor-view-framed elementor-widget__width-inherit elementor-shape-circle elementor-position-block-start elementor-mobile-position-block-start elementor-widget elementor-widget-icon-box\" data-id=\"937259\" data-element_type=\"widget\" data-widget_type=\"icon-box.default\">\n\t\t\t\t<div class=\"elementor-widget-container\">\n\t\t\t\t\t\t\t<div class=\"elementor-icon-box-wrapper\">\n\n\t\t\t\t\t\t<div class=\"elementor-icon-box-icon\">\n\t\t\t\t<span  class=\"elementor-icon\">\n\t\t\t\t<i aria-hidden=\"true\" class=\"fas fa-filter\"><\/i>\t\t\t\t<\/span>\n\t\t\t<\/div>\n\t\t\t\n\t\t\t\t\t\t<div class=\"elementor-icon-box-content\">\n\n\t\t\t\t\t\t\t\t\t<h3 class=\"elementor-icon-box-title\">\n\t\t\t\t\t\t<span  >\n\t\t\t\t\t\t\tWerbefrei und unabh\u00e4ngig\t\t\t\t\t\t<\/span>\n\t\t\t\t\t<\/h3>\n\t\t\t\t\n\t\t\t\t\t\t\t\t\t<p class=\"elementor-icon-box-description\">\n\t\t\t\t\t\t... wir sind nur unseren Zuschauern und Zuschauerinnen verpflichtet! Denn wir finanzieren uns durch Mitgliedsbeitr\u00e4ge und nicht durch Werbeeinnahmen!\t\t\t\t\t<\/p>\n\t\t\t\t\n\t\t\t<\/div>\n\t\t\t\n\t\t<\/div>\n\t\t\t\t\t\t<\/div>\n\t\t\t\t<\/div>\n\t\t\t\t<div class=\"elementor-element elementor-element-1fff922d elementor-view-framed elementor-widget__width-inherit elementor-shape-circle elementor-position-block-start elementor-mobile-position-block-start elementor-widget elementor-widget-icon-box\" data-id=\"1fff922d\" data-element_type=\"widget\" data-widget_type=\"icon-box.default\">\n\t\t\t\t<div class=\"elementor-widget-container\">\n\t\t\t\t\t\t\t<div class=\"elementor-icon-box-wrapper\">\n\n\t\t\t\t\t\t<div class=\"elementor-icon-box-icon\">\n\t\t\t\t<span  class=\"elementor-icon\">\n\t\t\t\t<i aria-hidden=\"true\" class=\"fas fa-hands-helping\"><\/i>\t\t\t\t<\/span>\n\t\t\t<\/div>\n\t\t\t\n\t\t\t\t\t\t<div class=\"elementor-icon-box-content\">\n\n\t\t\t\t\t\t\t\t\t<h3 class=\"elementor-icon-box-title\">\n\t\t\t\t\t\t<span  >\n\t\t\t\t\t\t\tWir helfen einander\t\t\t\t\t\t<\/span>\n\t\t\t\t\t<\/h3>\n\t\t\t\t\n\t\t\t\t\t\t\t\t\t<p class=\"elementor-icon-box-description\">\n\t\t\t\t\t\t... du kannst uns anrufen, Mails schicken und in live Sendungen mit uns sprechen. Fragen und Kommentare zu Filmen beantworten wir, die Referenten und andere Mitglieder.\t\t\t\t\t<\/p>\n\t\t\t\t\n\t\t\t<\/div>\n\t\t\t\n\t\t<\/div>\n\t\t\t\t\t\t<\/div>\n\t\t\t\t<\/div>\n\t\t\t\t\t<\/div>\n\t\t\t\t<\/div>\n\t\t<div class=\"elementor-element elementor-element-22fa662c e-flex e-con-boxed e-con e-child\" data-id=\"22fa662c\" data-element_type=\"container\">\n\t\t\t\t\t<div class=\"e-con-inner\">\n\t\t\t\t<div class=\"elementor-element elementor-element-10415507 elementor-view-framed elementor-widget__width-inherit elementor-shape-circle elementor-position-block-start elementor-mobile-position-block-start elementor-widget elementor-widget-icon-box\" data-id=\"10415507\" data-element_type=\"widget\" data-widget_type=\"icon-box.default\">\n\t\t\t\t<div class=\"elementor-widget-container\">\n\t\t\t\t\t\t\t<div class=\"elementor-icon-box-wrapper\">\n\n\t\t\t\t\t\t<div class=\"elementor-icon-box-icon\">\n\t\t\t\t<span  class=\"elementor-icon\">\n\t\t\t\t<i aria-hidden=\"true\" class=\"far fa-check-circle\"><\/i>\t\t\t\t<\/span>\n\t\t\t<\/div>\n\t\t\t\n\t\t\t\t\t\t<div class=\"elementor-icon-box-content\">\n\n\t\t\t\t\t\t\t\t\t<h3 class=\"elementor-icon-box-title\">\n\t\t\t\t\t\t<span  >\n\t\t\t\t\t\t\tF8-Methode\t\t\t\t\t\t<\/span>\n\t\t\t\t\t<\/h3>\n\t\t\t\t\n\t\t\t\t\t\t\t\t\t<p class=\"elementor-icon-box-description\">\n\t\t\t\t\t\tLerne strukturiert und angeleitet alle 8 Kompetenzen der Fotografie, um sicher herausragende Fotos zu machen.\t\t\t\t\t<\/p>\n\t\t\t\t\n\t\t\t<\/div>\n\t\t\t\n\t\t<\/div>\n\t\t\t\t\t\t<\/div>\n\t\t\t\t<\/div>\n\t\t\t\t<div class=\"elementor-element elementor-element-40fee3cd elementor-view-framed elementor-widget__width-inherit elementor-shape-circle elementor-position-block-start elementor-mobile-position-block-start elementor-widget elementor-widget-icon-box\" data-id=\"40fee3cd\" data-element_type=\"widget\" data-widget_type=\"icon-box.default\">\n\t\t\t\t<div class=\"elementor-widget-container\">\n\t\t\t\t\t\t\t<div class=\"elementor-icon-box-wrapper\">\n\n\t\t\t\t\t\t<div class=\"elementor-icon-box-icon\">\n\t\t\t\t<span  class=\"elementor-icon\">\n\t\t\t\t<i aria-hidden=\"true\" class=\"fas fa-database\"><\/i>\t\t\t\t<\/span>\n\t\t\t<\/div>\n\t\t\t\n\t\t\t\t\t\t<div class=\"elementor-icon-box-content\">\n\n\t\t\t\t\t\t\t\t\t<h3 class=\"elementor-icon-box-title\">\n\t\t\t\t\t\t<span  >\n\t\t\t\t\t\t\t4000 Videos, Kurse und Tutorials\t\t\t\t\t\t<\/span>\n\t\t\t\t\t<\/h3>\n\t\t\t\t\n\t\t\t\t\t\t\t\t\t<p class=\"elementor-icon-box-description\">\n\t\t\t\t\t\t... zu allen Facetten der Fotografie! Wir kuratieren unser Programm und stellen f\u00fcr dich eine gro\u00dfe Vielfalt an Themen und Filmkategorien zur Verf\u00fcgung.\t\t\t\t\t<\/p>\n\t\t\t\t\n\t\t\t<\/div>\n\t\t\t\n\t\t<\/div>\n\t\t\t\t\t\t<\/div>\n\t\t\t\t<\/div>\n\t\t\t\t<div class=\"elementor-element elementor-element-6ed4ea39 elementor-view-framed elementor-widget__width-inherit elementor-shape-circle elementor-position-block-start elementor-mobile-position-block-start elementor-widget elementor-widget-icon-box\" data-id=\"6ed4ea39\" data-element_type=\"widget\" data-widget_type=\"icon-box.default\">\n\t\t\t\t<div class=\"elementor-widget-container\">\n\t\t\t\t\t\t\t<div class=\"elementor-icon-box-wrapper\">\n\n\t\t\t\t\t\t<div class=\"elementor-icon-box-icon\">\n\t\t\t\t<span  class=\"elementor-icon\">\n\t\t\t\t<i aria-hidden=\"true\" class=\"fas fa-exclamation-circle\"><\/i>\t\t\t\t<\/span>\n\t\t\t<\/div>\n\t\t\t\n\t\t\t\t\t\t<div class=\"elementor-icon-box-content\">\n\n\t\t\t\t\t\t\t\t\t<h3 class=\"elementor-icon-box-title\">\n\t\t\t\t\t\t<span  >\n\t\t\t\t\t\t\tFotozeitschrift  inklusive\t\t\t\t\t\t<\/span>\n\t\t\t\t\t<\/h3>\n\t\t\t\t\n\t\t\t\t\t\t\t\t\t<p class=\"elementor-icon-box-description\">\n\t\t\t\t\t\tunsere Mitglieder k\u00f6nnen sich eine monatlich wechselnde Fotozeitschrift herunterladen. Darunter u.a. DigitalPhoto, Chip Foto Video und Docma\t\t\t\t\t<\/p>\n\t\t\t\t\n\t\t\t<\/div>\n\t\t\t\n\t\t<\/div>\n\t\t\t\t\t\t<\/div>\n\t\t\t\t<\/div>\n\t\t\t\t\t<\/div>\n\t\t\t\t<\/div>\n\t\t\t\t\t<\/div>\n\t\t\t\t<\/div>\n\t\t<div class=\"elementor-element elementor-element-618a9669 e-flex e-con-boxed e-con e-parent\" data-id=\"618a9669\" data-element_type=\"container\" data-settings=\"{&quot;background_background&quot;:&quot;classic&quot;}\">\n\t\t\t\t\t<div class=\"e-con-inner\">\n\t\t\t\t<div class=\"elementor-element elementor-element-cd904d4 elementor-widget elementor-widget-menu-anchor\" data-id=\"cd904d4\" data-element_type=\"widget\" data-widget_type=\"menu-anchor.default\">\n\t\t\t\t<div class=\"elementor-widget-container\">\n\t\t\t\t\t\t\t<div class=\"elementor-menu-anchor\" id=\"1\"><\/div>\n\t\t\t\t\t\t<\/div>\n\t\t\t\t<\/div>\n\t\t\t\t<div class=\"elementor-element elementor-element-66c1871e elementor-widget elementor-widget-menu-anchor\" data-id=\"66c1871e\" data-element_type=\"widget\" data-widget_type=\"menu-anchor.default\">\n\t\t\t\t<div class=\"elementor-widget-container\">\n\t\t\t\t\t\t\t<div class=\"elementor-menu-anchor\" id=\"3schritte\"><\/div>\n\t\t\t\t\t\t<\/div>\n\t\t\t\t<\/div>\n\t\t\t\t<div class=\"elementor-element elementor-element-1a0dcc0 elementor-widget elementor-widget-heading\" data-id=\"1a0dcc0\" data-element_type=\"widget\" data-widget_type=\"heading.default\">\n\t\t\t\t<div class=\"elementor-widget-container\">\n\t\t\t\t\t<h2 class=\"elementor-heading-title elementor-size-default\">Drei Schritte zur Mitgliedschaft<br>Kosten- und risikolos durch Geld-zur\u00fcck-Garantie!<\/h2>\t\t\t\t<\/div>\n\t\t\t\t<\/div>\n\t\t<div class=\"elementor-element elementor-element-229e0fe2 e-flex e-con-boxed e-con e-child\" data-id=\"229e0fe2\" data-element_type=\"container\">\n\t\t\t\t\t<div class=\"e-con-inner\">\n\t\t<div class=\"elementor-element elementor-element-575c852b e-flex e-con-boxed e-con e-child\" data-id=\"575c852b\" data-element_type=\"container\" data-settings=\"{&quot;background_background&quot;:&quot;classic&quot;}\">\n\t\t\t\t\t<div class=\"e-con-inner\">\n\t\t\t\t<div class=\"elementor-element elementor-element-2724e719 elementor-widget__width-inherit elementor-widget elementor-widget-image\" data-id=\"2724e719\" data-element_type=\"widget\" data-widget_type=\"image.default\">\n\t\t\t\t<div class=\"elementor-widget-container\">\n\t\t\t\t\t\t\t\t\t\t\t\t\t\t\t<img loading=\"lazy\" decoding=\"async\" width=\"100\" height=\"100\" src=\"https:\/\/www.fototv.de\/start\/wp-content\/uploads\/2023\/09\/4.svg\" class=\"attachment-medium_large size-medium_large wp-image-5560\" alt=\"\" \/>\t\t\t\t\t\t\t\t\t\t\t\t\t\t\t<\/div>\n\t\t\t\t<\/div>\n\t\t\t\t<div class=\"elementor-element elementor-element-552779be elementor-widget elementor-widget-heading\" data-id=\"552779be\" data-element_type=\"widget\" data-widget_type=\"heading.default\">\n\t\t\t\t<div class=\"elementor-widget-container\">\n\t\t\t\t\t<h3 class=\"elementor-heading-title elementor-size-default\">Schritt 1: Sieh Dich um!<\/h3>\t\t\t\t<\/div>\n\t\t\t\t<\/div>\n\t\t\t\t<div class=\"elementor-element elementor-element-2e0e5f45 elementor-widget elementor-widget-text-editor\" data-id=\"2e0e5f45\" data-element_type=\"widget\" data-widget_type=\"text-editor.default\">\n\t\t\t\t<div class=\"elementor-widget-container\">\n\t\t\t\t\t\t\t\t\t<p>Keine Katze im Sack: Unsere Website ist v\u00f6llig transparent und du kannst die ersten 3 Minuten jedes Videos sofort sehen. Verschaffe dir einen \u00dcberblick \u00fcber unser gesamtes Programm, Kurse, Mitgliederkommentare zu Filmen usw.<\/p>\t\t\t\t\t\t\t\t<\/div>\n\t\t\t\t<\/div>\n\t\t\t\t<div class=\"elementor-element elementor-element-785e41b1 elementor-widget elementor-widget-button\" data-id=\"785e41b1\" data-element_type=\"widget\" data-widget_type=\"button.default\">\n\t\t\t\t<div class=\"elementor-widget-container\">\n\t\t\t\t\t\t\t\t\t<div class=\"elementor-button-wrapper\">\n\t\t\t\t\t<a class=\"elementor-button elementor-button-link elementor-size-lg\" href=\"https:\/\/fototv.de\">\n\t\t\t\t\t\t<span class=\"elementor-button-content-wrapper\">\n\t\t\t\t\t\t\t\t\t<span class=\"elementor-button-text\">Jetzt st\u00f6bern<\/span>\n\t\t\t\t\t<\/span>\n\t\t\t\t\t<\/a>\n\t\t\t\t<\/div>\n\t\t\t\t\t\t\t\t<\/div>\n\t\t\t\t<\/div>\n\t\t\t\t\t<\/div>\n\t\t\t\t<\/div>\n\t\t<div class=\"elementor-element elementor-element-58c7939a e-flex e-con-boxed e-con e-child\" data-id=\"58c7939a\" data-element_type=\"container\" data-settings=\"{&quot;background_background&quot;:&quot;classic&quot;}\">\n\t\t\t\t\t<div class=\"e-con-inner\">\n\t\t\t\t<div class=\"elementor-element elementor-element-1c8ec800 elementor-widget__width-inherit elementor-widget elementor-widget-image\" data-id=\"1c8ec800\" data-element_type=\"widget\" data-widget_type=\"image.default\">\n\t\t\t\t<div class=\"elementor-widget-container\">\n\t\t\t\t\t\t\t\t\t\t\t\t\t\t\t<img loading=\"lazy\" decoding=\"async\" width=\"100\" height=\"100\" src=\"https:\/\/www.fototv.de\/start\/wp-content\/uploads\/2023\/09\/old-tv-02.svg\" class=\"attachment-thumbnail size-thumbnail wp-image-5561\" alt=\"\" \/>\t\t\t\t\t\t\t\t\t\t\t\t\t\t\t<\/div>\n\t\t\t\t<\/div>\n\t\t\t\t<div class=\"elementor-element elementor-element-56e6a058 elementor-widget elementor-widget-heading\" data-id=\"56e6a058\" data-element_type=\"widget\" data-widget_type=\"heading.default\">\n\t\t\t\t<div class=\"elementor-widget-container\">\n\t\t\t\t\t<h3 class=\"elementor-heading-title elementor-size-default\">Schritt 2: <br> F\u00fcnf Videos kostenlos sehen<\/h3>\t\t\t\t<\/div>\n\t\t\t\t<\/div>\n\t\t\t\t<div class=\"elementor-element elementor-element-26d359e9 elementor-widget elementor-widget-text-editor\" data-id=\"26d359e9\" data-element_type=\"widget\" data-widget_type=\"text-editor.default\">\n\t\t\t\t<div class=\"elementor-widget-container\">\n\t\t\t\t\t\t\t\t\t<p>Registriere kostenlos einen Nutzer und lass dir unseren Newsletter schicken (den du jederzeit problemlos abbestellen kannst -versprochen!). Zum Dank erh\u00e4ltst du einen Gutschein \u00fcber 5 Filme nach Wahl.<\/p>\t\t\t\t\t\t\t\t<\/div>\n\t\t\t\t<\/div>\n\t\t\t\t<div class=\"elementor-element elementor-element-191af8cd elementor-widget elementor-widget-button\" data-id=\"191af8cd\" data-element_type=\"widget\" data-widget_type=\"button.default\">\n\t\t\t\t<div class=\"elementor-widget-container\">\n\t\t\t\t\t\t\t\t\t<div class=\"elementor-button-wrapper\">\n\t\t\t\t\t<a class=\"elementor-button elementor-button-link elementor-size-lg\" href=\"https:\/\/www.fototv.de\/testpaket\">\n\t\t\t\t\t\t<span class=\"elementor-button-content-wrapper\">\n\t\t\t\t\t\t\t\t\t<span class=\"elementor-button-text\">Jetzt testen<\/span>\n\t\t\t\t\t<\/span>\n\t\t\t\t\t<\/a>\n\t\t\t\t<\/div>\n\t\t\t\t\t\t\t\t<\/div>\n\t\t\t\t<\/div>\n\t\t\t\t\t<\/div>\n\t\t\t\t<\/div>\n\t\t<div class=\"elementor-element elementor-element-2fc3394e e-flex e-con-boxed e-con e-child\" data-id=\"2fc3394e\" data-element_type=\"container\" data-settings=\"{&quot;background_background&quot;:&quot;classic&quot;}\">\n\t\t\t\t\t<div class=\"e-con-inner\">\n\t\t\t\t<div class=\"elementor-element elementor-element-6e19fb92 elementor-widget__width-inherit elementor-widget elementor-widget-image\" data-id=\"6e19fb92\" data-element_type=\"widget\" data-widget_type=\"image.default\">\n\t\t\t\t<div class=\"elementor-widget-container\">\n\t\t\t\t\t\t\t\t\t\t\t\t\t\t\t<img loading=\"lazy\" decoding=\"async\" width=\"1000\" height=\"483\" src=\"https:\/\/www.fototv.de\/start\/wp-content\/uploads\/2023\/09\/Geld-zurueck-Garantie-Kopie.png\" class=\"attachment-full size-full wp-image-5558\" alt=\"\" srcset=\"https:\/\/www.fototv.de\/start\/wp-content\/uploads\/2023\/09\/Geld-zurueck-Garantie-Kopie.png 1000w, https:\/\/www.fototv.de\/start\/wp-content\/uploads\/2023\/09\/Geld-zurueck-Garantie-Kopie-970x469.png 970w, https:\/\/www.fototv.de\/start\/wp-content\/uploads\/2023\/09\/Geld-zurueck-Garantie-Kopie-768x371.png 768w\" sizes=\"(max-width: 1000px) 100vw, 1000px\" \/>\t\t\t\t\t\t\t\t\t\t\t\t\t\t\t<\/div>\n\t\t\t\t<\/div>\n\t\t\t\t<div class=\"elementor-element elementor-element-c2a90b elementor-widget elementor-widget-heading\" data-id=\"c2a90b\" data-element_type=\"widget\" data-widget_type=\"heading.default\">\n\t\t\t\t<div class=\"elementor-widget-container\">\n\t\t\t\t\t<h3 class=\"elementor-heading-title elementor-size-default\">Schritt 3: Mitglied werden<\/h3>\t\t\t\t<\/div>\n\t\t\t\t<\/div>\n\t\t\t\t<div class=\"elementor-element elementor-element-46add7de elementor-widget elementor-widget-text-editor\" data-id=\"46add7de\" data-element_type=\"widget\" data-widget_type=\"text-editor.default\">\n\t\t\t\t<div class=\"elementor-widget-container\">\n\t\t\t\t\t\t\t\t\t<p>\u00dcberzeugt wie tausende andere Fotobegeisterte? Dann werde risikolos Mitglied durch unsere 7-Tage-Geld-zur\u00fcck-Garantie! Nutze unser Angebot 7 Tage \u2013 gef\u00e4llt es dir nicht, bekommst du dein Geld ohne Wenn und Aber zur\u00fcck!<\/p>\t\t\t\t\t\t\t\t<\/div>\n\t\t\t\t<\/div>\n\t\t\t\t<div class=\"elementor-element elementor-element-b657e5d elementor-widget elementor-widget-button\" data-id=\"b657e5d\" data-element_type=\"widget\" data-widget_type=\"button.default\">\n\t\t\t\t<div class=\"elementor-widget-container\">\n\t\t\t\t\t\t\t\t\t<div class=\"elementor-button-wrapper\">\n\t\t\t\t\t<a class=\"elementor-button elementor-button-link elementor-size-lg\" href=\"https:\/\/www.fototv.de\/zugang\">\n\t\t\t\t\t\t<span class=\"elementor-button-content-wrapper\">\n\t\t\t\t\t\t\t\t\t<span class=\"elementor-button-text\">Jetzt buchen<\/span>\n\t\t\t\t\t<\/span>\n\t\t\t\t\t<\/a>\n\t\t\t\t<\/div>\n\t\t\t\t\t\t\t\t<\/div>\n\t\t\t\t<\/div>\n\t\t\t\t\t<\/div>\n\t\t\t\t<\/div>\n\t\t\t\t\t<\/div>\n\t\t\t\t<\/div>\n\t\t\t\t\t<\/div>\n\t\t\t\t<\/div>\n\t\t<div class=\"elementor-element elementor-element-6e11635 e-flex e-con-boxed e-con e-parent\" data-id=\"6e11635\" data-element_type=\"container\" data-settings=\"{&quot;background_background&quot;:&quot;classic&quot;}\">\n\t\t\t\t\t<div class=\"e-con-inner\">\n\t\t\t\t<div class=\"elementor-element elementor-element-6684625c elementor-widget elementor-widget-heading\" data-id=\"6684625c\" data-element_type=\"widget\" data-widget_type=\"heading.default\">\n\t\t\t\t<div class=\"elementor-widget-container\">\n\t\t\t\t\t<h2 class=\"elementor-heading-title elementor-size-default\">Bist du bereit, zielgerichtet und strukturiert zu beeindruckenden Fotos zu kommen?\n<\/h2>\t\t\t\t<\/div>\n\t\t\t\t<\/div>\n\t\t\t\t<div class=\"elementor-element elementor-element-478f1db4 elementor-widget elementor-widget-text-editor\" data-id=\"478f1db4\" data-element_type=\"widget\" data-widget_type=\"text-editor.default\">\n\t\t\t\t<div class=\"elementor-widget-container\">\n\t\t\t\t\t\t\t\t\t<p>Du m\u00f6chtest aus deiner Leidenschaft f\u00fcr Fotografie Zufriedenheit \u00fcber deine Fotos machen?<\/p><p>Du kannst nat\u00fcrlich die n\u00e4chsten 500 Tipps und Tricks im Internet anschauen, aber kommst du damit weiter oder fotografierst du damit nur die gleichen Sachen ohne tieferes Verst\u00e4ndnis der Fotografie und ohne eigenen Ideen?<\/p><p>Lerne jetzt mit FotoTV. strukturiert und ganzheitlich, deine Ideen zu Bildern zu machen, mit denen selbst du zufrieden bist!<\/p>\t\t\t\t\t\t\t\t<\/div>\n\t\t\t\t<\/div>\n\t\t\t\t\t<\/div>\n\t\t\t\t<\/div>\n\t\t<div class=\"elementor-element elementor-element-24aca67b e-flex e-con-boxed e-con e-parent\" data-id=\"24aca67b\" data-element_type=\"container\" data-settings=\"{&quot;background_background&quot;:&quot;classic&quot;}\">\n\t\t\t\t\t<div class=\"e-con-inner\">\n\t\t\t\t<div class=\"elementor-element elementor-element-51b77249 elementor-align-center elementor-widget elementor-widget-button\" data-id=\"51b77249\" data-element_type=\"widget\" data-widget_type=\"button.default\">\n\t\t\t\t<div class=\"elementor-widget-container\">\n\t\t\t\t\t\t\t\t\t<div class=\"elementor-button-wrapper\">\n\t\t\t\t\t<a class=\"elementor-button elementor-button-link elementor-size-xl\" href=\"#1\">\n\t\t\t\t\t\t<span class=\"elementor-button-content-wrapper\">\n\t\t\t\t\t\t\t\t\t<span class=\"elementor-button-text\">Jetzt risikolos mit Geld-zur\u00fcck-Garantie testen<\/span>\n\t\t\t\t\t<\/span>\n\t\t\t\t\t<\/a>\n\t\t\t\t<\/div>\n\t\t\t\t\t\t\t\t<\/div>\n\t\t\t\t<\/div>\n\t\t\t\t\t<\/div>\n\t\t\t\t<\/div>\n\t\t<div class=\"elementor-element elementor-element-52a0d103 elementor-hidden-mobile e-flex e-con-boxed e-con e-parent\" data-id=\"52a0d103\" data-element_type=\"container\" data-settings=\"{&quot;background_background&quot;:&quot;classic&quot;}\">\n\t\t\t\t\t<div class=\"e-con-inner\">\n\t\t\t\t\t<\/div>\n\t\t\t\t<\/div>\n\t\t<div class=\"elementor-element elementor-element-6fee662b elementor-hidden-mobile e-flex e-con-boxed e-con e-parent\" data-id=\"6fee662b\" data-element_type=\"container\" data-settings=\"{&quot;background_background&quot;:&quot;classic&quot;}\">\n\t\t\t\t\t<div class=\"e-con-inner\">\n\t\t\t\t<div class=\"elementor-element elementor-element-cc126c2 elementor-widget elementor-widget-menu-anchor\" data-id=\"cc126c2\" data-element_type=\"widget\" data-widget_type=\"menu-anchor.default\">\n\t\t\t\t<div class=\"elementor-widget-container\">\n\t\t\t\t\t\t\t<div class=\"elementor-menu-anchor\" id=\"referenzen\"><\/div>\n\t\t\t\t\t\t<\/div>\n\t\t\t\t<\/div>\n\t\t\t\t<div class=\"elementor-element elementor-element-7589bc8c elementor-widget elementor-widget-heading\" data-id=\"7589bc8c\" data-element_type=\"widget\" data-widget_type=\"heading.default\">\n\t\t\t\t<div class=\"elementor-widget-container\">\n\t\t\t\t\t<h2 class=\"elementor-heading-title elementor-size-default\">Was unsere Mitglieder sagen:<\/h2>\t\t\t\t<\/div>\n\t\t\t\t<\/div>\n\t\t\t\t<div class=\"elementor-element elementor-element-5eba358d elementor-testimonial--layout-image_above elementor-testimonial--skin-default elementor-testimonial--align-center elementor-arrows-yes elementor-pagination-type-bullets elementor-widget elementor-widget-testimonial-carousel\" data-id=\"5eba358d\" data-element_type=\"widget\" data-settings=\"{&quot;slides_per_view&quot;:&quot;3&quot;,&quot;slides_to_scroll&quot;:&quot;1&quot;,&quot;slides_per_view_tablet&quot;:&quot;2&quot;,&quot;show_arrows&quot;:&quot;yes&quot;,&quot;pagination&quot;:&quot;bullets&quot;,&quot;speed&quot;:500,&quot;autoplay&quot;:&quot;yes&quot;,&quot;autoplay_speed&quot;:5000,&quot;loop&quot;:&quot;yes&quot;,&quot;pause_on_hover&quot;:&quot;yes&quot;,&quot;pause_on_interaction&quot;:&quot;yes&quot;,&quot;space_between&quot;:{&quot;unit&quot;:&quot;px&quot;,&quot;size&quot;:10,&quot;sizes&quot;:[]},&quot;space_between_tablet&quot;:{&quot;unit&quot;:&quot;px&quot;,&quot;size&quot;:10,&quot;sizes&quot;:[]},&quot;space_between_mobile&quot;:{&quot;unit&quot;:&quot;px&quot;,&quot;size&quot;:10,&quot;sizes&quot;:[]}}\" data-widget_type=\"testimonial-carousel.default\">\n\t\t\t\t<div class=\"elementor-widget-container\">\n\t\t\t\t\t\t\t\t\t<div class=\"elementor-swiper\">\n\t\t\t\t\t<div class=\"elementor-main-swiper swiper\" role=\"region\" aria-roledescription=\"carousel\" aria-label=\"Slider\">\n\t\t\t\t<div class=\"swiper-wrapper\">\n\t\t\t\t\t\t\t\t\t\t\t<div class=\"swiper-slide\" role=\"group\" aria-roledescription=\"slide\">\n\t\t\t\t\t\t\t\t\t<div class=\"elementor-testimonial\">\n\t\t\t\t\t\t\t<div class=\"elementor-testimonial__content\">\n\t\t\t\t\t<div class=\"elementor-testimonial__text\">\n\t\t\t\t\t\tIch hatte vorher keine Erfahrung mit Fotografie, wollte mich aber reinarbeiten und habe jeden Tag ein paar der didaktisch super gemachten FotoTV.-Beitr\u00e4ge geschaut und damit viel gelernt. Mittlerweile fotografiere ich als Portr\u00e4tfotografin Schauspieler und K\u00fcnstler mit gro\u00dfer Freude und schaue weiter FotoTV., um weiterzukommen.\t\t\t\t\t<\/div>\n\t\t\t\t\t<cite class=\"elementor-testimonial__cite\"><span class=\"elementor-testimonial__name\">Mirela<\/span><span class=\"elementor-testimonial__title\">Instagram: mimika_photography<\/span><\/cite>\t\t\t\t<\/div>\n\t\t\t\t\t\t<div class=\"elementor-testimonial__footer\">\n\t\t\t\t\t\t\t\t\t<div class=\"elementor-testimonial__image\">\n\t\t\t\t\t\t<img decoding=\"async\" src=\"https:\/\/www.fototv.de\/start\/wp-content\/uploads\/2018\/09\/MIrela.jpg\" alt=\"Mirela\">\n\t\t\t\t\t\t\t\t\t\t\t<\/div>\n\t\t\t\t\t\t\t\t\t\t\t<\/div>\n\t\t<\/div>\n\t\t\t\t\t\t\t\t<\/div>\n\t\t\t\t\t\t\t\t\t\t\t<div class=\"swiper-slide\" role=\"group\" aria-roledescription=\"slide\">\n\t\t\t\t\t\t\t\t\t<div class=\"elementor-testimonial\">\n\t\t\t\t\t\t\t<div class=\"elementor-testimonial__content\">\n\t\t\t\t\t<div class=\"elementor-testimonial__text\">\n\t\t\t\t\t\tAls Fotograf und Dozent bin ich selber schon lange Nutzer von FotoTV. Hier habe ich sehr viele Anregungen und zus\u00e4tzliches Fachwissen erhalten, welches ich heute dank FotoTV. erfolgreich umsetzen kann. Meinen Teilnehmern empfehle ich immer gerne FotoTV. als Fortbildungsplattform und wir setzen gemeinsam die Anregungen begeistert um. FotoTV. ist f\u00fcr mich zu einer unverzichtbaren Weiterbildungsquelle geworden. Das gilt f\u00fcr Hobbyfotografen, Einsteiger und Profis gleicherma\u00dfen.\t\t\t\t\t<\/div>\n\t\t\t\t\t<cite class=\"elementor-testimonial__cite\"><span class=\"elementor-testimonial__name\">Bernd G\u00fcnther<\/span><span class=\"elementor-testimonial__title\">Fotograf und Dozent u.a. bei\u00a0Akademie Deutsche POP<\/span><\/cite>\t\t\t\t<\/div>\n\t\t\t\t\t\t<div class=\"elementor-testimonial__footer\">\n\t\t\t\t\t\t\t\t\t<div class=\"elementor-testimonial__image\">\n\t\t\t\t\t\t<img decoding=\"async\" src=\"https:\/\/www.fototv.de\/start\/wp-content\/uploads\/2018\/09\/Bernd-Gu\u0308nther.jpg\" alt=\"Bernd G\u00fcnther\">\n\t\t\t\t\t\t\t\t\t\t\t<\/div>\n\t\t\t\t\t\t\t\t\t\t\t<\/div>\n\t\t<\/div>\n\t\t\t\t\t\t\t\t<\/div>\n\t\t\t\t\t\t\t\t\t\t\t<div class=\"swiper-slide\" role=\"group\" aria-roledescription=\"slide\">\n\t\t\t\t\t\t\t\t\t<div class=\"elementor-testimonial\">\n\t\t\t\t\t\t\t<div class=\"elementor-testimonial__content\">\n\t\t\t\t\t<div class=\"elementor-testimonial__text\">\n\t\t\t\t\t\tDurch die fundierten Filme bei FotoTV. konnte ich meine fotografischen Kenntnisse nicht nur auffrischen sondern auf ein professionelles Niveau heben. Als Nebenberuf hatte ich mich mit Event- und Produktfotografie auseinandergesetzt, wozu mich viele Filme auf FotoTV. inspiriert haben. Meine Leidenschaft ist zudem die Reisefotografie. Momentan lebe ich in Laos. Da es (fast) \u00fcberall Internet gibt, kann ich mich auch hier durch die aktuellen Filme von FotoTV. inspirieren lassen. Besonders gef\u00e4llt mir, dass FotoTV. sich immer weiterentwickelt, -\u00a0 wie z.B. die neue Reihe \u201eFotoTV.U\u201c.\t\t\t\t\t<\/div>\n\t\t\t\t\t<cite class=\"elementor-testimonial__cite\"><span class=\"elementor-testimonial__name\">Gerhard Mutz<\/span><\/cite>\t\t\t\t<\/div>\n\t\t\t\t\t\t<div class=\"elementor-testimonial__footer\">\n\t\t\t\t\t\t\t\t\t<div class=\"elementor-testimonial__image\">\n\t\t\t\t\t\t<img decoding=\"async\" src=\"https:\/\/www.fototv.de\/start\/wp-content\/uploads\/2018\/09\/Gerhard-Mutz-e1537454087957.jpg\" alt=\"Gerhard Mutz\">\n\t\t\t\t\t\t\t\t\t\t\t<\/div>\n\t\t\t\t\t\t\t\t\t\t\t<\/div>\n\t\t<\/div>\n\t\t\t\t\t\t\t\t<\/div>\n\t\t\t\t\t\t\t\t\t\t\t<div class=\"swiper-slide\" role=\"group\" aria-roledescription=\"slide\">\n\t\t\t\t\t\t\t\t\t<div class=\"elementor-testimonial\">\n\t\t\t\t\t\t\t<div class=\"elementor-testimonial__content\">\n\t\t\t\t\t<div class=\"elementor-testimonial__text\">\n\t\t\t\t\t\tAls Gesundheits- und Krankenpfleger bin ich auf der Suche nach einem Ausgleich gewesen und bin recht schnell auf das Thema Fotografie gekommen.\u00a0 Nach kurzer Suche bin ich auf FotoTV. gesto\u00dfen. Am Anfang recht skeptisch habe ich mich dann doch entschlossen etwas Geld in die Hand zu nehmen und FotoTV. auszuprobieren.... und was soll ich sagen?! Ich wurde mit sehr starken Videos \u00fcberrascht und professionell durch Themen und Probleme meines neuen Hobbys gef\u00fchrt.\t\t\t\t\t<\/div>\n\t\t\t\t\t<cite class=\"elementor-testimonial__cite\"><span class=\"elementor-testimonial__name\">Johannes Dudek<\/span><span class=\"elementor-testimonial__title\">Extraqueer Photography<\/span><\/cite>\t\t\t\t<\/div>\n\t\t\t\t\t\t<div class=\"elementor-testimonial__footer\">\n\t\t\t\t\t\t\t\t\t<div class=\"elementor-testimonial__image\">\n\t\t\t\t\t\t<img decoding=\"async\" src=\"https:\/\/www.fototv.de\/start\/wp-content\/uploads\/2018\/09\/42218090_261362034719502_5265303620525490176_n.jpg\" alt=\"Johannes Dudek\">\n\t\t\t\t\t\t\t\t\t\t\t<\/div>\n\t\t\t\t\t\t\t\t\t\t\t<\/div>\n\t\t<\/div>\n\t\t\t\t\t\t\t\t<\/div>\n\t\t\t\t\t\t\t\t\t\t\t<div class=\"swiper-slide\" role=\"group\" aria-roledescription=\"slide\">\n\t\t\t\t\t\t\t\t\t<div class=\"elementor-testimonial\">\n\t\t\t\t\t\t\t<div class=\"elementor-testimonial__content\">\n\t\t\t\t\t<div class=\"elementor-testimonial__text\">\n\t\t\t\t\t\tDas Angebot an kostenlosen Online-Tutorials und Youtube-Videos zu allen erdenklichen Themen ist gigantisch. Gigantisch und kaum \u00fcberschaubar.\n\nFotoTV. vermittelt auch unz\u00e4hlige Themen, aber gut strukturiert,\nredaktionell aufgearbeitet und in hervorragender Video\/Audioqualit\u00e4t (es geht schlie\u00dflich um BILDER). Die Gespr\u00e4chspartner bzw. Tutoren sind ausnahmslos aktiv t\u00e4tige Fotografen mit Reputation, so da\u00df f\u00fcr mich das Verh\u00e4ltnis Zeitaufwand\/Inspiration bzw. Lerneffekt bedeutend effektiver\nals anderswo ausf\u00e4llt.\t\t\t\t\t<\/div>\n\t\t\t\t\t<cite class=\"elementor-testimonial__cite\"><span class=\"elementor-testimonial__name\">Andreas Spiegel<\/span><\/cite>\t\t\t\t<\/div>\n\t\t\t\t\t\t<div class=\"elementor-testimonial__footer\">\n\t\t\t\t\t\t\t\t\t<div class=\"elementor-testimonial__image\">\n\t\t\t\t\t\t<img decoding=\"async\" src=\"https:\/\/www.fototv.de\/start\/wp-content\/uploads\/2018\/09\/Andreas-Spiegel.jpg\" alt=\"Andreas Spiegel\">\n\t\t\t\t\t\t\t\t\t\t\t<\/div>\n\t\t\t\t\t\t\t\t\t\t\t<\/div>\n\t\t<\/div>\n\t\t\t\t\t\t\t\t<\/div>\n\t\t\t\t\t\t\t\t\t\t\t<div class=\"swiper-slide\" role=\"group\" aria-roledescription=\"slide\">\n\t\t\t\t\t\t\t\t\t<div class=\"elementor-testimonial\">\n\t\t\t\t\t\t\t<div class=\"elementor-testimonial__content\">\n\t\t\t\t\t<div class=\"elementor-testimonial__text\">\n\t\t\t\t\t\tIch schaue gerne Leuten bei der Arbeit \u00fcber die Schulter, um daraus zu lernen, weiter zu kommen, quer zu denken oder einfach nur eine andere Herangehensweise kennen zu lernen. FotoTV. bietet mir dieses seit Jahren im Bereich der Fotografie. Ich schaue zu der jew. mir am besten passenden Zeit die Themen, die mich interessieren und lasse mich von einem neu erstellten Film gerne auch mal zu relevanten Themen in deren vielf\u00e4ltigem Archiv leiten. Ich denke, dass \u00fcber die Jahre mein Blick auf Bilder, Technik uvm. weiter gesch\u00e4rft wurde und vieles davon auch in meinen beruflichen Alltag als Designer Einzug gefunden hat. Danke an FotoTV. f\u00fcr viele gemeinsame und hoffentlich noch viele zuk\u00fcnftige Jahre.\t\t\t\t\t<\/div>\n\t\t\t\t\t<cite class=\"elementor-testimonial__cite\"><span class=\"elementor-testimonial__name\">Ralf Heyer<\/span><\/cite>\t\t\t\t<\/div>\n\t\t\t\t\t\t<div class=\"elementor-testimonial__footer\">\n\t\t\t\t\t\t\t\t\t<div class=\"elementor-testimonial__image\">\n\t\t\t\t\t\t<img decoding=\"async\" src=\"https:\/\/www.fototv.de\/start\/wp-content\/uploads\/2018\/10\/Ralf-Heyer.jpg\" alt=\"Ralf Heyer\">\n\t\t\t\t\t\t\t\t\t\t\t<\/div>\n\t\t\t\t\t\t\t\t\t\t\t<\/div>\n\t\t<\/div>\n\t\t\t\t\t\t\t\t<\/div>\n\t\t\t\t\t\t\t\t\t\t\t<div class=\"swiper-slide\" role=\"group\" aria-roledescription=\"slide\">\n\t\t\t\t\t\t\t\t\t<div class=\"elementor-testimonial\">\n\t\t\t\t\t\t\t<div class=\"elementor-testimonial__content\">\n\t\t\t\t\t<div class=\"elementor-testimonial__text\">\n\t\t\t\t\t\tMeine Eindr\u00fccke zu den von mir teilgenommen Webinaren: Das Format empfinde ich als au\u00dferordentlich gut gelungen. Letztendlich begr\u00fcndet sich der Erfolg aus meiner Sicht insbesondere in den Moderatoren, die mit Geschick, Offenheit sowie einer ansprechenden Gespr\u00e4chsf\u00fchrung diesen begr\u00fcnden. Dass dies bei allen Moderatoren gleicherma\u00dfen auf einem umfassenden, tiefgreifenden Fachwissen beruht, ist nicht immer selbstverst\u00e4ndlich und deshalb besonders wohltuend. Die intensive, teilnehmerzentrierte Ausrichtung \u00fcbertraf meine jeweilige Erwartungshaltung und hat mir bei vielen meiner Fragestellungen der Bildgestaltung, der Bearbeitung sowie der Bildanalyse wertvolle Hilfestellungen gegeben, einen eigenen (leider bisher nicht in jedem Fall erfolgreichen) Bildstil zu entwickeln, der sich nicht am jeweiligen Mainstream orientiert. \t\t\t\t\t<\/div>\n\t\t\t\t\t<cite class=\"elementor-testimonial__cite\"><span class=\"elementor-testimonial__name\">Gerhard Br\u00fcggemann<\/span><\/cite>\t\t\t\t<\/div>\n\t\t\t\t\t\t<div class=\"elementor-testimonial__footer\">\n\t\t\t\t\t\t\t\t\t<div class=\"elementor-testimonial__image\">\n\t\t\t\t\t\t<img decoding=\"async\" src=\"https:\/\/www.fototv.de\/start\/wp-content\/uploads\/2024\/02\/20240223.jpg\" alt=\"Gerhard Br\u00fcggemann\">\n\t\t\t\t\t\t\t\t\t\t\t<\/div>\n\t\t\t\t\t\t\t\t\t\t\t<\/div>\n\t\t<\/div>\n\t\t\t\t\t\t\t\t<\/div>\n\t\t\t\t\t\t\t\t\t<\/div>\n\t\t\t\t\t\t\t\t\t\t\t\t\t\t\t<div class=\"elementor-swiper-button elementor-swiper-button-prev\" role=\"button\" tabindex=\"0\" aria-label=\"Voriger\">\n\t\t\t\t\t\t\t<i aria-hidden=\"true\" class=\"eicon-chevron-left\"><\/i>\t\t\t\t\t\t<\/div>\n\t\t\t\t\t\t<div class=\"elementor-swiper-button elementor-swiper-button-next\" role=\"button\" tabindex=\"0\" aria-label=\"N\u00e4chster\">\n\t\t\t\t\t\t\t<i aria-hidden=\"true\" class=\"eicon-chevron-right\"><\/i>\t\t\t\t\t\t<\/div>\n\t\t\t\t\t\t\t\t\t\t\t\t\t\t\t\t<div class=\"swiper-pagination\"><\/div>\n\t\t\t\t\t\t\t\t\t\t\t\t<\/div>\n\t\t\t\t<\/div>\n\t\t\t\t\t\t\t\t<\/div>\n\t\t\t\t<\/div>\n\t\t\t\t\t<\/div>\n\t\t\t\t<\/div>\n\t\t<div class=\"elementor-element elementor-element-f8c12fa e-flex e-con-boxed e-con e-parent\" data-id=\"f8c12fa\" data-element_type=\"container\" data-settings=\"{&quot;background_background&quot;:&quot;classic&quot;}\">\n\t\t\t\t\t<div class=\"e-con-inner\">\n\t\t\t\t<div class=\"elementor-element elementor-element-212b9042 elementor-widget__width-initial elementor-widget elementor-widget-video\" data-id=\"212b9042\" data-element_type=\"widget\" data-settings=\"{&quot;youtube_url&quot;:&quot;https:\\\/\\\/youtu.be\\\/VubTUTYtbRY&quot;,&quot;yt_privacy&quot;:&quot;yes&quot;,&quot;video_type&quot;:&quot;youtube&quot;,&quot;controls&quot;:&quot;yes&quot;}\" data-widget_type=\"video.default\">\n\t\t\t\t<div class=\"elementor-widget-container\">\n\t\t\t\t\t\t\t<div class=\"elementor-wrapper elementor-open-inline\">\n\t\t\t<div class=\"elementor-video\"><\/div>\t\t<\/div>\n\t\t\t\t\t\t<\/div>\n\t\t\t\t<\/div>\n\t\t\t\t\t<\/div>\n\t\t\t\t<\/div>\n\t\t<div class=\"elementor-element elementor-element-77d137d3 elementor-hidden-mobile e-flex e-con-boxed e-con e-parent\" data-id=\"77d137d3\" data-element_type=\"container\" data-settings=\"{&quot;background_background&quot;:&quot;classic&quot;}\">\n\t\t\t\t\t<div class=\"e-con-inner\">\n\t\t\t\t<div class=\"elementor-element elementor-element-72c6829c elementor-align-center elementor-widget elementor-widget-button\" data-id=\"72c6829c\" data-element_type=\"widget\" data-widget_type=\"button.default\">\n\t\t\t\t<div class=\"elementor-widget-container\">\n\t\t\t\t\t\t\t\t\t<div class=\"elementor-button-wrapper\">\n\t\t\t\t\t<a class=\"elementor-button elementor-button-link elementor-size-xl\" href=\"#1\">\n\t\t\t\t\t\t<span class=\"elementor-button-content-wrapper\">\n\t\t\t\t\t\t\t\t\t<span class=\"elementor-button-text\">Jetzt risikolos mit Geld-zur\u00fcck-Garantie testen<\/span>\n\t\t\t\t\t<\/span>\n\t\t\t\t\t<\/a>\n\t\t\t\t<\/div>\n\t\t\t\t\t\t\t\t<\/div>\n\t\t\t\t<\/div>\n\t\t\t\t\t<\/div>\n\t\t\t\t<\/div>\n\t\t<div class=\"elementor-element elementor-element-7e143f85 elementor-hidden-mobile e-flex e-con-boxed e-con e-parent\" data-id=\"7e143f85\" data-element_type=\"container\" data-settings=\"{&quot;background_background&quot;:&quot;classic&quot;}\">\n\t\t\t\t\t<div class=\"e-con-inner\">\n\t\t\t\t<div class=\"elementor-element elementor-element-5f71a8d8 elementor-widget elementor-widget-html\" data-id=\"5f71a8d8\" data-element_type=\"widget\" data-widget_type=\"html.default\">\n\t\t\t\t<div class=\"elementor-widget-container\">\n\t\t\t\t\t<!-- ProvenExpert Bewertungssiegel -->\n<div id=\"pewl\"><\/div>\n<script type=\"text\/javascript\" src=\"https:\/\/www.provenexpert.com\/widget\/landing_stellar-videoproduktion-fototv.js?feedback=1&avatar=1&competence=1&style=white\" async><\/script>\n<link rel=\"stylesheet\" type=\"text\/css\" href=\"https:\/\/www.provenexpert.com\/css\/widget_landing.css\" media=\"screen,print\">\n<!-- ProvenExpert Bewertungssiegel Ende -->\t\t\t\t<\/div>\n\t\t\t\t<\/div>\n\t\t\t\t\t<\/div>\n\t\t\t\t<\/div>\n\t\t<div class=\"elementor-element elementor-element-9911c5c elementor-hidden-mobile e-flex e-con-boxed e-con e-parent\" data-id=\"9911c5c\" data-element_type=\"container\" data-settings=\"{&quot;background_background&quot;:&quot;classic&quot;}\">\n\t\t\t\t\t<div class=\"e-con-inner\">\n\t\t\t\t<div class=\"elementor-element elementor-element-48abff53 elementor-widget elementor-widget-heading\" data-id=\"48abff53\" data-element_type=\"widget\" data-widget_type=\"heading.default\">\n\t\t\t\t<div class=\"elementor-widget-container\">\n\t\t\t\t\t<h2 class=\"elementor-heading-title elementor-size-default\">Akademisch geadelt: FotoTV. im Hochschuleinsatz<\/h2>\t\t\t\t<\/div>\n\t\t\t\t<\/div>\n\t\t\t\t<div class=\"elementor-element elementor-element-7ca314d5 elementor-widget elementor-widget-text-editor\" data-id=\"7ca314d5\" data-element_type=\"widget\" data-widget_type=\"text-editor.default\">\n\t\t\t\t<div class=\"elementor-widget-container\">\n\t\t\t\t\t\t\t\t\t<p style=\"text-align: left;\">Der didaktische Ansatz von FotoTV. hat selbst viele Foto-Unis \u00fcberzeugt, die FotoTV. im Unterricht einsetzen.<\/p>\t\t\t\t\t\t\t\t<\/div>\n\t\t\t\t<\/div>\n\t\t\t\t<div class=\"elementor-element elementor-element-5432b75b elementor-testimonial--layout-image_stacked elementor-testimonial--skin-default elementor-testimonial--align-center elementor-pagination-type-bullets elementor-widget elementor-widget-testimonial-carousel\" data-id=\"5432b75b\" data-element_type=\"widget\" data-settings=\"{&quot;space_between&quot;:{&quot;unit&quot;:&quot;px&quot;,&quot;size&quot;:11,&quot;sizes&quot;:[]},&quot;slides_per_view&quot;:&quot;3&quot;,&quot;slides_per_view_tablet&quot;:&quot;3&quot;,&quot;pagination&quot;:&quot;bullets&quot;,&quot;speed&quot;:500,&quot;loop&quot;:&quot;yes&quot;,&quot;space_between_tablet&quot;:{&quot;unit&quot;:&quot;px&quot;,&quot;size&quot;:10,&quot;sizes&quot;:[]},&quot;space_between_mobile&quot;:{&quot;unit&quot;:&quot;px&quot;,&quot;size&quot;:10,&quot;sizes&quot;:[]}}\" data-widget_type=\"testimonial-carousel.default\">\n\t\t\t\t<div class=\"elementor-widget-container\">\n\t\t\t\t\t\t\t\t\t<div class=\"elementor-swiper\">\n\t\t\t\t\t<div class=\"elementor-main-swiper swiper\" role=\"region\" aria-roledescription=\"carousel\" aria-label=\"Slider\">\n\t\t\t\t<div class=\"swiper-wrapper\">\n\t\t\t\t\t\t\t\t\t\t\t<div class=\"swiper-slide\" role=\"group\" aria-roledescription=\"slide\">\n\t\t\t\t\t\t\t\t\t<div class=\"elementor-testimonial\">\n\t\t\t\t\t\t\t<div class=\"elementor-testimonial__content\">\n\t\t\t\t\t<div class=\"elementor-testimonial__text\">\n\t\t\t\t\t\t\n\"FotoTV. hat im Laufe seines Bestehens eine Vielzahl von fundierten Videos zu vielen Facetten der professionellen Fotografie herausgebracht:\u00a0Profis aus Kunst und Design kommen gleicherma\u00dfen zu Wort und geben Einblick in ihre oft Jahrzehnte lange Arbeit am fotografischen Bild.\"\t\t\t\t\t<\/div>\n\t\t\t\t\t\t\t\t\t<\/div>\n\t\t\t\t\t\t<div class=\"elementor-testimonial__footer\">\n\t\t\t\t\t\t\t\t\t<div class=\"elementor-testimonial__image\">\n\t\t\t\t\t\t<img decoding=\"async\" src=\"https:\/\/www.fototv.de\/start\/wp-content\/uploads\/2020\/05\/LP_1000PXRUND065b334a-311c-496c-85e0-a53c0f6865b0.jpg\" alt=\"Matthias Leupold\">\n\t\t\t\t\t\t\t\t\t\t\t<\/div>\n\t\t\t\t\t\t\t\t<cite class=\"elementor-testimonial__cite\"><span class=\"elementor-testimonial__name\">Matthias Leupold<\/span><span class=\"elementor-testimonial__title\">University of Applied Sciences Europe Berlin <\/span><\/cite>\t\t\t<\/div>\n\t\t<\/div>\n\t\t\t\t\t\t\t\t<\/div>\n\t\t\t\t\t\t\t\t\t\t\t<div class=\"swiper-slide\" role=\"group\" aria-roledescription=\"slide\">\n\t\t\t\t\t\t\t\t\t<div class=\"elementor-testimonial\">\n\t\t\t\t\t\t\t<div class=\"elementor-testimonial__content\">\n\t\t\t\t\t<div class=\"elementor-testimonial__text\">\n\t\t\t\t\t\t\"FotoTV. bietet einen reichhaltigen und einzigartigen Fundus an Interviews mit historisch bedeutenden Pers\u00f6nlichkeiten der Fotografie. Eine Schatzkiste f\u00fcr jeden, der sich neben Technik auch f\u00fcr die Geschichte der Fotografie begeistert.\u201c\t\t\t\t\t<\/div>\n\t\t\t\t\t\t\t\t\t<\/div>\n\t\t\t\t\t\t<div class=\"elementor-testimonial__footer\">\n\t\t\t\t\t\t\t\t\t<div class=\"elementor-testimonial__image\">\n\t\t\t\t\t\t<img decoding=\"async\" src=\"https:\/\/www.fototv.de\/start\/wp-content\/uploads\/2020\/05\/MICHAELEBERTNEUNEU.jpg\" alt=\"Michael Ebert\">\n\t\t\t\t\t\t\t\t\t\t\t<\/div>\n\t\t\t\t\t\t\t\t<cite class=\"elementor-testimonial__cite\"><span class=\"elementor-testimonial__name\">Michael Ebert<\/span><span class=\"elementor-testimonial__title\">Hochschule Hannover<\/span><\/cite>\t\t\t<\/div>\n\t\t<\/div>\n\t\t\t\t\t\t\t\t<\/div>\n\t\t\t\t\t\t\t\t\t\t\t<div class=\"swiper-slide\" role=\"group\" aria-roledescription=\"slide\">\n\t\t\t\t\t\t\t\t\t<div class=\"elementor-testimonial\">\n\t\t\t\t\t\t\t<div class=\"elementor-testimonial__content\">\n\t\t\t\t\t<div class=\"elementor-testimonial__text\">\n\t\t\t\t\t\t\"Durch die Einbindung von FotoTV. in die Lehre kann ich die Seminare f\u00fcr alle interessant und abwechslungsreich gestalten und auf jeden Studierenden eingehen. Es gibt sowohl Tipps f\u00fcr Profis als auch Einf\u00fchrungsvideos f\u00fcr fotografische Laien. Niemand wird gelangweilt oder \u00fcberfordert.\"\t\t\t\t\t<\/div>\n\t\t\t\t\t\t\t\t\t<\/div>\n\t\t\t\t\t\t<div class=\"elementor-testimonial__footer\">\n\t\t\t\t\t\t\t\t\t<div class=\"elementor-testimonial__image\">\n\t\t\t\t\t\t<img decoding=\"async\" src=\"https:\/\/www.fototv.de\/start\/wp-content\/uploads\/2020\/05\/LP_1000PX_RUND065b334a-311c-496c-85e0-a53c0f6865b0.jpg\" alt=\"Prof. Dr. Bernd Vesper\">\n\t\t\t\t\t\t\t\t\t\t\t<\/div>\n\t\t\t\t\t\t\t\t<cite class=\"elementor-testimonial__cite\"><span class=\"elementor-testimonial__name\">Prof. Dr. Bernd Vesper<\/span><span class=\"elementor-testimonial__title\">Fachhochschule Kiel<\/span><\/cite>\t\t\t<\/div>\n\t\t<\/div>\n\t\t\t\t\t\t\t\t<\/div>\n\t\t\t\t\t\t\t\t\t<\/div>\n\t\t\t\t\t\t\t\t\t\t\t\t\t\t\t\t\t\t\t\t<div class=\"swiper-pagination\"><\/div>\n\t\t\t\t\t\t\t\t\t\t\t\t<\/div>\n\t\t\t\t<\/div>\n\t\t\t\t\t\t\t\t<\/div>\n\t\t\t\t<\/div>\n\t\t\t\t\t<\/div>\n\t\t\t\t<\/div>\n\t\t<div class=\"elementor-element elementor-element-473f5735 elementor-hidden-mobile e-flex e-con-boxed e-con e-parent\" data-id=\"473f5735\" data-element_type=\"container\" data-settings=\"{&quot;background_background&quot;:&quot;classic&quot;}\">\n\t\t\t\t\t<div class=\"e-con-inner\">\n\t\t\t\t<div class=\"elementor-element elementor-element-74c121d1 elementor-align-center elementor-widget elementor-widget-button\" data-id=\"74c121d1\" data-element_type=\"widget\" data-widget_type=\"button.default\">\n\t\t\t\t<div class=\"elementor-widget-container\">\n\t\t\t\t\t\t\t\t\t<div class=\"elementor-button-wrapper\">\n\t\t\t\t\t<a class=\"elementor-button elementor-button-link elementor-size-xl\" href=\"#1\">\n\t\t\t\t\t\t<span class=\"elementor-button-content-wrapper\">\n\t\t\t\t\t\t\t\t\t<span class=\"elementor-button-text\">Jetzt risikolos mit Geld-zur\u00fcck-Garantie testen<\/span>\n\t\t\t\t\t<\/span>\n\t\t\t\t\t<\/a>\n\t\t\t\t<\/div>\n\t\t\t\t\t\t\t\t<\/div>\n\t\t\t\t<\/div>\n\t\t\t\t\t<\/div>\n\t\t\t\t<\/div>\n\t\t<div class=\"elementor-element elementor-element-3281c731 e-flex e-con-boxed e-con e-parent\" data-id=\"3281c731\" data-element_type=\"container\" data-settings=\"{&quot;background_background&quot;:&quot;classic&quot;}\">\n\t\t\t\t\t<div class=\"e-con-inner\">\n\t\t\t\t<div class=\"elementor-element elementor-element-4db25d3f elementor-widget elementor-widget-heading\" data-id=\"4db25d3f\" data-element_type=\"widget\" data-widget_type=\"heading.default\">\n\t\t\t\t<div class=\"elementor-widget-container\">\n\t\t\t\t\t<h2 class=\"elementor-heading-title elementor-size-default\">Die Erkl\u00e4rer, Inspirierer, Verbl\u00fcffer und Zeiger<\/h2>\t\t\t\t<\/div>\n\t\t\t\t<\/div>\n\t\t\t\t<div class=\"elementor-element elementor-element-2af26832 elementor-widget elementor-widget-text-editor\" data-id=\"2af26832\" data-element_type=\"widget\" data-widget_type=\"text-editor.default\">\n\t\t\t\t<div class=\"elementor-widget-container\">\n\t\t\t\t\t\t\t\t\t<p>Nur sechs der vielen gro\u00dfen Namen, die wir vor der Linse hatten. Menschen, die als die Besten ihres Fachs gelten. Die dir ihre Arbeitsweise erkl\u00e4ren und dich \u00fcber die Schulter blicken lassen.<\/p>\t\t\t\t\t\t\t\t<\/div>\n\t\t\t\t<\/div>\n\t\t\t\t<div class=\"elementor-element elementor-element-149d35b4 uael-img-grid__column-3 uael-img-grid-tablet__column-3 uael-img-grid-mobile__column-2 uael-ins-normal uael-img-caption-valign-bottom elementor-widget elementor-widget-uael-image-gallery\" data-id=\"149d35b4\" data-element_type=\"widget\" data-settings=\"{&quot;gallery_columns&quot;:&quot;3&quot;,&quot;gallery_columns_tablet&quot;:&quot;3&quot;,&quot;gallery_columns_mobile&quot;:&quot;2&quot;,&quot;column_gap&quot;:{&quot;unit&quot;:&quot;px&quot;,&quot;size&quot;:20,&quot;sizes&quot;:[]},&quot;column_gap_tablet&quot;:{&quot;unit&quot;:&quot;px&quot;,&quot;size&quot;:&quot;&quot;,&quot;sizes&quot;:[]},&quot;column_gap_mobile&quot;:{&quot;unit&quot;:&quot;px&quot;,&quot;size&quot;:&quot;&quot;,&quot;sizes&quot;:[]},&quot;row_gap&quot;:{&quot;unit&quot;:&quot;px&quot;,&quot;size&quot;:20,&quot;sizes&quot;:[]},&quot;row_gap_tablet&quot;:{&quot;unit&quot;:&quot;px&quot;,&quot;size&quot;:&quot;&quot;,&quot;sizes&quot;:[]},&quot;row_gap_mobile&quot;:{&quot;unit&quot;:&quot;px&quot;,&quot;size&quot;:&quot;&quot;,&quot;sizes&quot;:[]},&quot;images_valign&quot;:&quot;flex-start&quot;,&quot;caption_padding&quot;:{&quot;unit&quot;:&quot;px&quot;,&quot;top&quot;:&quot;&quot;,&quot;right&quot;:&quot;&quot;,&quot;bottom&quot;:&quot;&quot;,&quot;left&quot;:&quot;&quot;,&quot;isLinked&quot;:true},&quot;caption_padding_tablet&quot;:{&quot;unit&quot;:&quot;px&quot;,&quot;top&quot;:&quot;&quot;,&quot;right&quot;:&quot;&quot;,&quot;bottom&quot;:&quot;&quot;,&quot;left&quot;:&quot;&quot;,&quot;isLinked&quot;:true},&quot;caption_padding_mobile&quot;:{&quot;unit&quot;:&quot;px&quot;,&quot;top&quot;:&quot;&quot;,&quot;right&quot;:&quot;&quot;,&quot;bottom&quot;:&quot;&quot;,&quot;left&quot;:&quot;&quot;,&quot;isLinked&quot;:true}}\" data-widget_type=\"uael-image-gallery.default\">\n\t\t\t\t<div class=\"elementor-widget-container\">\n\t\t\t\t\t<div class=\"uael-gallery-parent uael-caption-on-hover uael-gallery-unjustified\"><div class=\"uael-img-gallery-wrap uael-img-grid-wrap uael-img-grid-masonry-wrap\" data-filter-default=\"All\"><div class=\"uael-grid-item  uael-img-gallery-item-1\"><div class=\"uael-grid-item-content\"><figure class=\"uael-grid-img uael-grid-gallery-img uael-ins-hover elementor-clickable\"><div class=\"uael-grid-img-thumbnail uael-ins-target\"><img loading=\"lazy\" decoding=\"async\" width=\"400\" height=\"400\" src=\"https:\/\/www.fototv.de\/start\/wp-content\/uploads\/2022\/11\/ralph-profil-2016.webp\" class=\"attachment-full size-full wp-image-4010\" alt=\"Ralph Man\" srcset=\"https:\/\/www.fototv.de\/start\/wp-content\/uploads\/2022\/11\/ralph-profil-2016.webp 400w, https:\/\/www.fototv.de\/start\/wp-content\/uploads\/2022\/11\/ralph-profil-2016-300x300.webp 300w\" sizes=\"(max-width: 400px) 100vw, 400px\" \/><\/div><div class=\"uael-grid-img-overlay\"><\/div><\/figure><figcaption class=\"uael-grid-img-content\"><div class=\"uael-grid-img-caption\"><div class=\"uael-grid-caption-text\"><b>Ralph Man<\/b><br>Der Fashion- und Beauty-Fotograf Ralph Man l\u00e4sst FotoTV.-Zuschauer hinter die Kulissen seiner Profi-Shootings schauen. Er arbeitet f\u00fcr die Werbung sowie Zeitschriften und stellt in Galerien aus. Der gelernte Tischler ist fotografischer Autodidakt, aber die Kamera begleitet ihn schon sein fr\u00fcher Jugend.<\/div><\/div><\/figcaption><\/div><\/div><div class=\"uael-grid-item  uael-img-gallery-item-2\"><div class=\"uael-grid-item-content\"><figure class=\"uael-grid-img uael-grid-gallery-img uael-ins-hover elementor-clickable\"><div class=\"uael-grid-img-thumbnail uael-ins-target\"><img loading=\"lazy\" decoding=\"async\" width=\"400\" height=\"400\" src=\"https:\/\/www.fototv.de\/start\/wp-content\/uploads\/2022\/11\/Oliver-Rausch.webp\" class=\"attachment-full size-full wp-image-4009\" alt=\"Oliver Rausch\" srcset=\"https:\/\/www.fototv.de\/start\/wp-content\/uploads\/2022\/11\/Oliver-Rausch.webp 400w, https:\/\/www.fototv.de\/start\/wp-content\/uploads\/2022\/11\/Oliver-Rausch-300x300.webp 300w\" sizes=\"(max-width: 400px) 100vw, 400px\" \/><\/div><div class=\"uael-grid-img-overlay\"><\/div><\/figure><figcaption class=\"uael-grid-img-content\"><div class=\"uael-grid-img-caption\"><div class=\"uael-grid-caption-text\"><b>Oliver Rausch<\/b><br>Unser Licht-Spezialist Oliver Rausch hat Fotografie an der \"Royal Academie\" in Den Haag und an der \"Rijksakademie\" in Amsterdam studiert. Er arbeitete kommerziell f\u00fcr Werbung und Magazine und macht als freier Fotograf k\u00fcnstlerische und experimentelle Fotos, f\u00fcr die er verschiedene Preise und Nominierungen erhielt.<\/div><\/div><\/figcaption><\/div><\/div><div class=\"uael-grid-item  uael-img-gallery-item-3\"><div class=\"uael-grid-item-content\"><figure class=\"uael-grid-img uael-grid-gallery-img uael-ins-hover elementor-clickable\"><div class=\"uael-grid-img-thumbnail uael-ins-target\"><img loading=\"lazy\" decoding=\"async\" width=\"400\" height=\"400\" src=\"https:\/\/www.fototv.de\/start\/wp-content\/uploads\/2022\/11\/Maike-Jarsetz-Starschnitt.webp\" class=\"attachment-full size-full wp-image-4008\" alt=\"Maike Jarsetz\" srcset=\"https:\/\/www.fototv.de\/start\/wp-content\/uploads\/2022\/11\/Maike-Jarsetz-Starschnitt.webp 400w, https:\/\/www.fototv.de\/start\/wp-content\/uploads\/2022\/11\/Maike-Jarsetz-Starschnitt-300x300.webp 300w\" sizes=\"(max-width: 400px) 100vw, 400px\" \/><\/div><div class=\"uael-grid-img-overlay\"><\/div><\/figure><figcaption class=\"uael-grid-img-content\"><div class=\"uael-grid-img-caption\"><div class=\"uael-grid-caption-text\"><b>Maike Jarsetz <\/b><br>Die Hamburgerin Maike Jarsetz Adobe Certified Expert, und gilt als ausgewiesene Expertin f\u00fcr Adobe Photoshop und Lightroom. Auf vielen Veranstaltungen der Fotografie- und Bildbearbeiter-Szene ist sie mit Pr\u00e4sentationen und Vortr\u00e4gen vertreten. In ihren Vortr\u00e4gen, B\u00fcchern und Artikeln verkn\u00fcpft die gelernte Fotografin aktuelles Software-Knowhow mit ihren beruflichen Wurzeln.<\/div><\/div><\/figcaption><\/div><\/div><div class=\"uael-grid-item  uael-img-gallery-item-4\"><div class=\"uael-grid-item-content\"><figure class=\"uael-grid-img uael-grid-gallery-img uael-ins-hover elementor-clickable\"><div class=\"uael-grid-img-thumbnail uael-ins-target\"><img loading=\"lazy\" decoding=\"async\" width=\"400\" height=\"400\" src=\"https:\/\/www.fototv.de\/start\/wp-content\/uploads\/2022\/11\/jorns-gross.webp\" class=\"attachment-full size-full wp-image-4007\" alt=\"Andreas Jorns\" srcset=\"https:\/\/www.fototv.de\/start\/wp-content\/uploads\/2022\/11\/jorns-gross.webp 400w, https:\/\/www.fototv.de\/start\/wp-content\/uploads\/2022\/11\/jorns-gross-300x300.webp 300w\" sizes=\"(max-width: 400px) 100vw, 400px\" \/><\/div><div class=\"uael-grid-img-overlay\"><\/div><\/figure><figcaption class=\"uael-grid-img-content\"><div class=\"uael-grid-img-caption\"><div class=\"uael-grid-caption-text\"><b>Andreas Jorns<\/b><br>\n geboren 1966 in Hameln, ist Fotograf, Autor und Publizist und lebt mit seiner Frau in Haan (Rhld.). Er hat drei B\u00fccher geschrieben (u.a. \u00fcber die Aktfotografie) und zahlreiche Bildb\u00e4nde mit seinen Arbeiten ver\u00f6ffentlicht. Sein fotografischer Schwerpunkt liegt in der Portrait- und Aktfotografie - zumeist in Schwarz-Wei\u00df.<\/div><\/div><\/figcaption><\/div><\/div><div class=\"uael-grid-item  uael-img-gallery-item-5\"><div class=\"uael-grid-item-content\"><figure class=\"uael-grid-img uael-grid-gallery-img uael-ins-hover elementor-clickable\"><div class=\"uael-grid-img-thumbnail uael-ins-target\"><img loading=\"lazy\" decoding=\"async\" width=\"400\" height=\"400\" src=\"https:\/\/www.fototv.de\/start\/wp-content\/uploads\/2022\/11\/Ivo-von-renner-Starschnitt.webp\" class=\"attachment-full size-full wp-image-4006\" alt=\"Ivo von Renner\" srcset=\"https:\/\/www.fototv.de\/start\/wp-content\/uploads\/2022\/11\/Ivo-von-renner-Starschnitt.webp 400w, https:\/\/www.fototv.de\/start\/wp-content\/uploads\/2022\/11\/Ivo-von-renner-Starschnitt-300x300.webp 300w\" sizes=\"(max-width: 400px) 100vw, 400px\" \/><\/div><div class=\"uael-grid-img-overlay\"><\/div><\/figure><figcaption class=\"uael-grid-img-content\"><div class=\"uael-grid-img-caption\"><div class=\"uael-grid-caption-text\"><b>Ivo von Renner<\/b><br>Ivo von Renner ist ein kreatives Ereignis. Er begann nach dem Studium redaktionell f\u00fcr Magazine zu arbeiten und \u00fcbertrug dann die Art, wie er Menschen fotografierte in die Werbefotografie. F\u00fcr seine Auftraggeber aus allen Kontinenten hat Ivo mit seinen Teams die Welt bereist, wo jetzt auch seine Workshops stattfinden, in denen er das Arrangieren von Bildern lehrt. Seine Bilder finden sich heute in Galerien, Museen, Kommunikation in jeglicher Form und haben alle namhaften Auszeichnungen und Preise gewonnen.<\/div><\/div><\/figcaption><\/div><\/div><div class=\"uael-grid-item  uael-img-gallery-item-6\"><div class=\"uael-grid-item-content\"><figure class=\"uael-grid-img uael-grid-gallery-img uael-ins-hover elementor-clickable\"><div class=\"uael-grid-img-thumbnail uael-ins-target\"><img loading=\"lazy\" decoding=\"async\" width=\"400\" height=\"400\" src=\"https:\/\/www.fototv.de\/start\/wp-content\/uploads\/2022\/11\/HP_Schaub_Portrait.webp\" class=\"attachment-full size-full wp-image-4005\" alt=\"Hans-Peter Schaub\" srcset=\"https:\/\/www.fototv.de\/start\/wp-content\/uploads\/2022\/11\/HP_Schaub_Portrait.webp 400w, https:\/\/www.fototv.de\/start\/wp-content\/uploads\/2022\/11\/HP_Schaub_Portrait-300x300.webp 300w\" sizes=\"(max-width: 400px) 100vw, 400px\" \/><\/div><div class=\"uael-grid-img-overlay\"><\/div><\/figure><figcaption class=\"uael-grid-img-content\"><div class=\"uael-grid-img-caption\"><div class=\"uael-grid-caption-text\"><b>Hans-Peter Schaub<\/b><br>Seit \u00fcber 30 Jahren fotografiert der Biologe Hans-Peter Schaub vor allem Natur und Landschaften. Er ist Autor von rund einem Dutzend B\u00fcchern, darunter des zuletzt in zweiter Auflage erschienen Standardwerks \"Naturfotografie - Die gro\u00dfe Fotoschule\". Seit 2001 ist er Chefredakteur des renommierten Fachmagazins \"NaturFoto\".<\/div><\/div><\/figcaption><\/div><\/div><\/div><\/div>\t\t\t\t<\/div>\n\t\t\t\t<\/div>\n\t\t\t\t\t<\/div>\n\t\t\t\t<\/div>\n\t\t<div class=\"elementor-element elementor-element-60f11e25 e-flex e-con-boxed e-con e-parent\" data-id=\"60f11e25\" data-element_type=\"container\" data-settings=\"{&quot;background_background&quot;:&quot;classic&quot;}\">\n\t\t\t\t\t<div class=\"e-con-inner\">\n\t\t\t\t<div class=\"elementor-element elementor-element-f907040 elementor-align-center elementor-widget elementor-widget-button\" data-id=\"f907040\" data-element_type=\"widget\" data-widget_type=\"button.default\">\n\t\t\t\t<div class=\"elementor-widget-container\">\n\t\t\t\t\t\t\t\t\t<div class=\"elementor-button-wrapper\">\n\t\t\t\t\t<a class=\"elementor-button elementor-button-link elementor-size-xl\" href=\"#1\">\n\t\t\t\t\t\t<span class=\"elementor-button-content-wrapper\">\n\t\t\t\t\t\t\t\t\t<span class=\"elementor-button-text\">Jetzt risikolos mit Geld-zur\u00fcck-Garantie testen<\/span>\n\t\t\t\t\t<\/span>\n\t\t\t\t\t<\/a>\n\t\t\t\t<\/div>\n\t\t\t\t\t\t\t\t<\/div>\n\t\t\t\t<\/div>\n\t\t\t\t\t<\/div>\n\t\t\t\t<\/div>\n\t\t<div class=\"elementor-element elementor-element-4afa6a22 e-flex e-con-boxed e-con e-parent\" data-id=\"4afa6a22\" data-element_type=\"container\" data-settings=\"{&quot;background_background&quot;:&quot;classic&quot;}\">\n\t\t\t\t\t<div class=\"e-con-inner\">\n\t\t\t\t<div class=\"elementor-element elementor-element-73f678da elementor-widget elementor-widget-menu-anchor\" data-id=\"73f678da\" data-element_type=\"widget\" data-widget_type=\"menu-anchor.default\">\n\t\t\t\t<div class=\"elementor-widget-container\">\n\t\t\t\t\t\t\t<div class=\"elementor-menu-anchor\" id=\"wir\"><\/div>\n\t\t\t\t\t\t<\/div>\n\t\t\t\t<\/div>\n\t\t\t\t<div class=\"elementor-element elementor-element-14246e0e elementor-widget elementor-widget-image\" data-id=\"14246e0e\" data-element_type=\"widget\" data-widget_type=\"image.default\">\n\t\t\t\t<div class=\"elementor-widget-container\">\n\t\t\t\t\t\t\t\t\t\t\t\t\t\t\t<img loading=\"lazy\" decoding=\"async\" width=\"1920\" height=\"685\" src=\"https:\/\/www.fototv.de\/start\/wp-content\/uploads\/2023\/11\/Private_Kleidung_Rosina_Felix_Marc_Arkadi_Robert_V2_EditMarwin-exhib.webp\" class=\"attachment-full size-full wp-image-5669\" alt=\"\" srcset=\"https:\/\/www.fototv.de\/start\/wp-content\/uploads\/2023\/11\/Private_Kleidung_Rosina_Felix_Marc_Arkadi_Robert_V2_EditMarwin-exhib.webp 1920w, https:\/\/www.fototv.de\/start\/wp-content\/uploads\/2023\/11\/Private_Kleidung_Rosina_Felix_Marc_Arkadi_Robert_V2_EditMarwin-exhib-970x346.webp 970w, https:\/\/www.fototv.de\/start\/wp-content\/uploads\/2023\/11\/Private_Kleidung_Rosina_Felix_Marc_Arkadi_Robert_V2_EditMarwin-exhib-768x274.webp 768w, https:\/\/www.fototv.de\/start\/wp-content\/uploads\/2023\/11\/Private_Kleidung_Rosina_Felix_Marc_Arkadi_Robert_V2_EditMarwin-exhib-1536x548.webp 1536w\" sizes=\"(max-width: 1920px) 100vw, 1920px\" \/>\t\t\t\t\t\t\t\t\t\t\t\t\t\t\t<\/div>\n\t\t\t\t<\/div>\n\t\t\t\t<div class=\"elementor-element elementor-element-6460b2fa elementor-widget elementor-widget-heading\" data-id=\"6460b2fa\" data-element_type=\"widget\" data-widget_type=\"heading.default\">\n\t\t\t\t<div class=\"elementor-widget-container\">\n\t\t\t\t\t<h2 class=\"elementor-heading-title elementor-size-default\">Das FotoTV.-Team: Wir sind die Uncoolen<\/h2>\t\t\t\t<\/div>\n\t\t\t\t<\/div>\n\t\t\t\t<div class=\"elementor-element elementor-element-55ac96f4 elementor-widget elementor-widget-text-editor\" data-id=\"55ac96f4\" data-element_type=\"widget\" data-widget_type=\"text-editor.default\">\n\t\t\t\t<div class=\"elementor-widget-container\">\n\t\t\t\t\t\t\t\t\t<p>Fotografie hat sich ver\u00e4ndert \u2013 und mit ihr auch alle, die fotografieren.<\/p><p>Da gibt es Influencer, die ihren Lebensunterhalt damit verdienen, sich bei der Verwendung von Produkten zu fotografieren. Es gibt Telefone, mit denen keiner mehr telefoniert, sondern fotografiert. Es gibt Filter, die jeden bis zur Unkenntlichkeit versch\u00f6nern. Es gibt die KI, die aus deinem Passfoto einen Rembrandt erschafft. Es gibt Menschen, die dir auf YouTube erz\u00e4hlen, wie du in drei Minuten bessere Fotos machst. Und die, die alles \u00fcber Fotografie wissen, weil sie schon seit zwei Jahren fotografieren.<\/p>\t\t\t\t\t\t\t\t<\/div>\n\t\t\t\t<\/div>\n\t\t\t\t<div class=\"elementor-element elementor-element-18238b01 elementor-widget elementor-widget-heading\" data-id=\"18238b01\" data-element_type=\"widget\" data-widget_type=\"heading.default\">\n\t\t\t\t<div class=\"elementor-widget-container\">\n\t\t\t\t\t<h3 class=\"elementor-heading-title elementor-size-default\">Und dann gibt es uns.<\/h3>\t\t\t\t<\/div>\n\t\t\t\t<\/div>\n\t\t\t\t<div class=\"elementor-element elementor-element-a6fa07c elementor-widget elementor-widget-text-editor\" data-id=\"a6fa07c\" data-element_type=\"widget\" data-widget_type=\"text-editor.default\">\n\t\t\t\t<div class=\"elementor-widget-container\">\n\t\t\t\t\t\t\t\t\t<ul><li>Wir sind die, die noch nicht alles \u00fcber die Fotografie wissen, daher ist auch nach mittlerweile 15 Jahren und rund 4000 Filmen noch kein Ende in Sicht.<\/li><li>Wir sind die Neugierigen, die den Experten in deinem Namen L\u00f6cher in den Bauch fragen und erst dann aufh\u00f6ren, wenn alles gesagt ist.<\/li><li>Wir sind die Vorwitzigen, die vor keinem gro\u00dfen Namen Respekt haben und jeden vor die Kamera bitten, den wir f\u00fcr interessant halten.<\/li><li>Wir sind die, die immer noch gerne eine Kamera in die Hand nehmen, ein Stativ aufbauen und in Ruhe ein Foto komponieren. Oder Filme drehen.<\/li><li>Wir sind die Uncoolen, die eine solide fotografische Basis f\u00fcr den N\u00e4hrboden der Kreativit\u00e4t halten und dir daher Entwicklungsm\u00f6glichkeiten vom Einstieg bis zur Vollendung bieten.<\/li><li>Wir sind die, die sich auf dich freuen und begeistert deine fotografische Entwicklung begleiten.<\/li><\/ul>\t\t\t\t\t\t\t\t<\/div>\n\t\t\t\t<\/div>\n\t\t\t\t<div class=\"elementor-element elementor-element-545ba290 elementor-widget elementor-widget-menu-anchor\" data-id=\"545ba290\" data-element_type=\"widget\" data-widget_type=\"menu-anchor.default\">\n\t\t\t\t<div class=\"elementor-widget-container\">\n\t\t\t\t\t\t\t<div class=\"elementor-menu-anchor\" id=\"90sek\"><\/div>\n\t\t\t\t\t\t<\/div>\n\t\t\t\t<\/div>\n\t\t\t\t\t<\/div>\n\t\t\t\t<\/div>\n\t\t<div class=\"elementor-element elementor-element-7e952c7f animated-slow e-flex e-con-boxed e-con e-parent\" data-id=\"7e952c7f\" data-element_type=\"container\" data-settings=\"{&quot;background_background&quot;:&quot;classic&quot;,&quot;animation&quot;:&quot;none&quot;,&quot;animation_delay&quot;:500}\">\n\t\t\t\t\t<div class=\"e-con-inner\">\n\t\t\t\t<div class=\"elementor-element elementor-element-648ba03c elementor-widget__width-initial elementor-widget elementor-widget-video\" data-id=\"648ba03c\" data-element_type=\"widget\" data-settings=\"{&quot;youtube_url&quot;:&quot;https:\\\/\\\/www.youtube.com\\\/watch?v=ghw3W-oyQJg&quot;,&quot;yt_privacy&quot;:&quot;yes&quot;,&quot;video_type&quot;:&quot;youtube&quot;,&quot;controls&quot;:&quot;yes&quot;}\" data-widget_type=\"video.default\">\n\t\t\t\t<div class=\"elementor-widget-container\">\n\t\t\t\t\t\t\t<div class=\"elementor-wrapper elementor-open-inline\">\n\t\t\t<div class=\"elementor-video\"><\/div>\t\t<\/div>\n\t\t\t\t\t\t<\/div>\n\t\t\t\t<\/div>\n\t\t<div class=\"elementor-element elementor-element-314537f4 e-flex e-con-boxed e-con e-child\" data-id=\"314537f4\" data-element_type=\"container\">\n\t\t\t\t\t<div class=\"e-con-inner\">\n\t\t\t\t<div class=\"elementor-element elementor-element-74ad26c2 elementor-widget elementor-widget-text-editor\" data-id=\"74ad26c2\" data-element_type=\"widget\" data-widget_type=\"text-editor.default\">\n\t\t\t\t<div class=\"elementor-widget-container\">\n\t\t\t\t\t\t\t\t\t<p>FotoTV. in 90 Sekunden erkl\u00e4rt von Dr. Marc Ludwig, Gr\u00fcnder und Gesch\u00e4ftsf\u00fchrer von FotoTV.de<\/p>\t\t\t\t\t\t\t\t<\/div>\n\t\t\t\t<\/div>\n\t\t\t\t<div class=\"elementor-element elementor-element-381807a3 elementor-align-center animated-slow elementor-invisible elementor-widget elementor-widget-button\" data-id=\"381807a3\" data-element_type=\"widget\" data-settings=\"{&quot;_animation&quot;:&quot;fadeIn&quot;,&quot;_animation_delay&quot;:0}\" data-widget_type=\"button.default\">\n\t\t\t\t<div class=\"elementor-widget-container\">\n\t\t\t\t\t\t\t\t\t<div class=\"elementor-button-wrapper\">\n\t\t\t\t\t<a class=\"elementor-button elementor-button-link elementor-size-xl\" href=\"https:\/\/www.fototv.de\/testpaket\" target=\"_blank\">\n\t\t\t\t\t\t<span class=\"elementor-button-content-wrapper\">\n\t\t\t\t\t\t\t\t\t<span class=\"elementor-button-text\">JETZT TESTEN<\/span>\n\t\t\t\t\t<\/span>\n\t\t\t\t\t<\/a>\n\t\t\t\t<\/div>\n\t\t\t\t\t\t\t\t<\/div>\n\t\t\t\t<\/div>\n\t\t\t\t\t<\/div>\n\t\t\t\t<\/div>\n\t\t\t\t\t<\/div>\n\t\t\t\t<\/div>\n\t\t<div class=\"elementor-element elementor-element-35d7242e e-flex e-con-boxed e-con e-parent\" data-id=\"35d7242e\" data-element_type=\"container\">\n\t\t\t\t\t<div class=\"e-con-inner\">\n\t\t\t\t<div class=\"elementor-element elementor-element-7b49e769 elementor-widget elementor-widget-menu-anchor\" data-id=\"7b49e769\" data-element_type=\"widget\" data-widget_type=\"menu-anchor.default\">\n\t\t\t\t<div class=\"elementor-widget-container\">\n\t\t\t\t\t\t\t<div class=\"elementor-menu-anchor\" id=\"faq\"><\/div>\n\t\t\t\t\t\t<\/div>\n\t\t\t\t<\/div>\n\t\t\t\t<div class=\"elementor-element elementor-element-4c74545e elementor-widget elementor-widget-heading\" data-id=\"4c74545e\" data-element_type=\"widget\" data-widget_type=\"heading.default\">\n\t\t\t\t<div class=\"elementor-widget-container\">\n\t\t\t\t\t<h2 class=\"elementor-heading-title elementor-size-default\">FAQ<\/h2>\t\t\t\t<\/div>\n\t\t\t\t<\/div>\n\t\t\t\t<div class=\"elementor-element elementor-element-29df1993 uael-faq-box-layout-yes align-at-left elementor-widget elementor-widget-uael-faq\" data-id=\"29df1993\" data-element_type=\"widget\" data-widget_type=\"uael-faq.default\">\n\t\t\t\t<div class=\"elementor-widget-container\">\n\t\t\t\t\t\n\t\t\t<div id='uael-faq-wrapper-702' class=\"uael-faq-wrapper\">\n\t\t\t\t<div class=\"uael-faq-container uael-faq-layout-accordion\" data-layout=\"accordion\" >\n\t\t\t\t\t\t\t\t\t\t\t\t<div id=\"uael-accordion-ab4cd73\" class=\"uael-faq-accordion\" role=\"tablist\">\n\t\t\t\t\t\t\t\t<div class= \"uael-accordion-title\" aria-expanded=\"false\" role=\"tab\">\n\t\t\t\t\t\t\t\t\t<span class=\"uael-accordion-icon uael-accordion-icon-left\">\n\t\t\t\t\t\t\t\t\t\t<span class=\"uael-accordion-icon-closed\"><i class=\"fas fa-angle-right\"><\/i><\/span>\n\t\t\t\t\t\t\t\t\t\t<span class=\"uael-accordion-icon-opened\"><i class=\"fas fa-angle-up\"><\/i><\/span>\n\t\t\t\t\t\t\t\t\t<\/span>\n\t\t\t\t\t\t\t\t\t<span class=\"uael-question-ab4cd73 uael-question-span\" tabindex=\"0\" id=\"uael-faq-1-69f2b5ae98ccc\">Was ist FotoTV.?<\/span>\n\t\t\t\t\t\t\t\t<\/div>\n\t\t\t\t\t\t\t\t<div class=\"uael-accordion-content\" role=\"tabpanel\">\n\t\t\t\t\t\t\t\t\t<span>\n\t\t\t\t\t\t\t\t\t<span><p>FotoTV. ist die gr\u00f6\u00dfte Online-Fotoschule ihrer Art. Seit 15 Jahren haben bereits Tausende von Fotografinnen und Fotografen ihr Wissen \u00fcber Fotografie mit unseren mehr als 3500 Filmen erweitert.<\/p><p>Dabei setzen wir auf Fachkundige aus allen Bereichen der Fotografie.<\/p><p>FotoTV. finanziert sich durch Mitgliederbeitr\u00e4ge und ist daher frei von Werbung und Affiliate-Programmen. So kannst du sicher sein, nicht einer versteckten Dauerwerbesendung zuzusehen.<\/p><\/span>\t\t\t\t\t\t\t\t\t<\/span>\n\t\t\t\t\t\t\t\t<\/div>\n\t\t\t\t\t\t\t<\/div>\n\t\t\t\t\t\t\t\t\t\t\t\t\t\t<div id=\"uael-accordion-8c5b39c\" class=\"uael-faq-accordion\" role=\"tablist\">\n\t\t\t\t\t\t\t\t<div class= \"uael-accordion-title\" aria-expanded=\"false\" role=\"tab\">\n\t\t\t\t\t\t\t\t\t<span class=\"uael-accordion-icon uael-accordion-icon-left\">\n\t\t\t\t\t\t\t\t\t\t<span class=\"uael-accordion-icon-closed\"><i class=\"fas fa-angle-right\"><\/i><\/span>\n\t\t\t\t\t\t\t\t\t\t<span class=\"uael-accordion-icon-opened\"><i class=\"fas fa-angle-up\"><\/i><\/span>\n\t\t\t\t\t\t\t\t\t<\/span>\n\t\t\t\t\t\t\t\t\t<span class=\"uael-question-8c5b39c uael-question-span\" tabindex=\"0\" id=\"uael-faq-2-69f2b5ae98cf9\">F\u00fcr wen ist FotoTV.?<\/span>\n\t\t\t\t\t\t\t\t<\/div>\n\t\t\t\t\t\t\t\t<div class=\"uael-accordion-content\" role=\"tabpanel\">\n\t\t\t\t\t\t\t\t\t<span>\n\t\t\t\t\t\t\t\t\t<span><p>FotoTV. richtet sich an EinsteigerInnen bis hin zu fortgeschrittenen Amateuren und Amateurinnen. In Grundlagenkursen gelingt der Einstieg in die Fotografie. Hat man die Basics verstanden, findet man ein reichhaltiges Angebot an Filmen, die fundiertes Wissen auch \u00fcber fortgeschrittene Themen vermittelt.<\/p><p>Unsere Filme sind mit entsprechenden Kategorien versehen, sodass man sich immer Beitr\u00e4ge passend zum eigenen Level aussuchen kann.<\/p><\/span>\t\t\t\t\t\t\t\t\t<\/span>\n\t\t\t\t\t\t\t\t<\/div>\n\t\t\t\t\t\t\t<\/div>\n\t\t\t\t\t\t\t\t\t\t\t\t\t\t<div id=\"uael-accordion-67cf3e3\" class=\"uael-faq-accordion\" role=\"tablist\">\n\t\t\t\t\t\t\t\t<div class= \"uael-accordion-title\" aria-expanded=\"false\" role=\"tab\">\n\t\t\t\t\t\t\t\t\t<span class=\"uael-accordion-icon uael-accordion-icon-left\">\n\t\t\t\t\t\t\t\t\t\t<span class=\"uael-accordion-icon-closed\"><i class=\"fas fa-angle-right\"><\/i><\/span>\n\t\t\t\t\t\t\t\t\t\t<span class=\"uael-accordion-icon-opened\"><i class=\"fas fa-angle-up\"><\/i><\/span>\n\t\t\t\t\t\t\t\t\t<\/span>\n\t\t\t\t\t\t\t\t\t<span class=\"uael-question-67cf3e3 uael-question-span\" tabindex=\"0\" id=\"uael-faq-3-69f2b5ae98d13\">Wie kann ich FotoTV. testen?<\/span>\n\t\t\t\t\t\t\t\t<\/div>\n\t\t\t\t\t\t\t\t<div class=\"uael-accordion-content\" role=\"tabpanel\">\n\t\t\t\t\t\t\t\t\t<span>\n\t\t\t\t\t\t\t\t\t<span><p>Von allen unseren Filmen kann man die ersten 3 Minuten kostenlos sehen. Damit bekommt man schon einen guten Eindruck davon, was man lernen kann.<\/p><p>Auch alle Kommentare zu den Filmen sind offen einsehbar und werden von uns nicht \u201ezensiert\u201c. Darin teilen andere NutzerInnen ihr Feedback zum Film und zus\u00e4tzliches Wissen.<\/p><p>Wenn man ganze Filme sehen m\u00f6chte, dann geht dies, in dem man sich v\u00f6llig unverbindlich registriert und dabei den Newsletter abonniert (ebenso kostenlos und unverbindlich). Man erh\u00e4lt daf\u00fcr 5 sogenannte Credits, mit denen man 5 Filme nach Wahl freischalten und sehen kann. Dies ohne Angabe einer Kreditkarte o. \u00c4.<\/p><\/span>\t\t\t\t\t\t\t\t\t<\/span>\n\t\t\t\t\t\t\t\t<\/div>\n\t\t\t\t\t\t\t<\/div>\n\t\t\t\t\t\t\t\t\t\t\t\t\t\t<div id=\"uael-accordion-68676a0\" class=\"uael-faq-accordion\" role=\"tablist\">\n\t\t\t\t\t\t\t\t<div class= \"uael-accordion-title\" aria-expanded=\"false\" role=\"tab\">\n\t\t\t\t\t\t\t\t\t<span class=\"uael-accordion-icon uael-accordion-icon-left\">\n\t\t\t\t\t\t\t\t\t\t<span class=\"uael-accordion-icon-closed\"><i class=\"fas fa-angle-right\"><\/i><\/span>\n\t\t\t\t\t\t\t\t\t\t<span class=\"uael-accordion-icon-opened\"><i class=\"fas fa-angle-up\"><\/i><\/span>\n\t\t\t\t\t\t\t\t\t<\/span>\n\t\t\t\t\t\t\t\t\t<span class=\"uael-question-68676a0 uael-question-span\" tabindex=\"0\" id=\"uael-faq-4-69f2b5ae98d29\">Wie funktioniert die Geld-zur\u00fcck-Garantie?<\/span>\n\t\t\t\t\t\t\t\t<\/div>\n\t\t\t\t\t\t\t\t<div class=\"uael-accordion-content\" role=\"tabpanel\">\n\t\t\t\t\t\t\t\t\t<span>\n\t\t\t\t\t\t\t\t\t<span><p>Wir sind uns sicher, dass FotoTV. das beste Angebot zum Lernen von Fotografie ist. Daher gew\u00e4hren wir jedem Neukunden eine Geld-zur\u00fcck-Garantie. Die funktioniert wie folgt: Wer zum ersten Mal eine FotoTV.-Mitgliedschaft kauft, kann sich bei Nichtgefallen innerhalb der ersten Woche (8 Tage) bei uns unter info@fototv.de (oder telefonisch unter 0221-2223722) melden. Wir erstatten dann den Kaufpreis ohne Abz\u00fcge zur\u00fcck.\u00a0<\/p><\/span>\t\t\t\t\t\t\t\t\t<\/span>\n\t\t\t\t\t\t\t\t<\/div>\n\t\t\t\t\t\t\t<\/div>\n\t\t\t\t\t\t\t\t\t\t\t\t\t\t<div id=\"uael-accordion-6b0ba45\" class=\"uael-faq-accordion\" role=\"tablist\">\n\t\t\t\t\t\t\t\t<div class= \"uael-accordion-title\" aria-expanded=\"false\" role=\"tab\">\n\t\t\t\t\t\t\t\t\t<span class=\"uael-accordion-icon uael-accordion-icon-left\">\n\t\t\t\t\t\t\t\t\t\t<span class=\"uael-accordion-icon-closed\"><i class=\"fas fa-angle-right\"><\/i><\/span>\n\t\t\t\t\t\t\t\t\t\t<span class=\"uael-accordion-icon-opened\"><i class=\"fas fa-angle-up\"><\/i><\/span>\n\t\t\t\t\t\t\t\t\t<\/span>\n\t\t\t\t\t\t\t\t\t<span class=\"uael-question-6b0ba45 uael-question-span\" tabindex=\"0\" id=\"uael-faq-5-69f2b5ae98d3e\">Wie unterscheidet sich FotoTV. von YouTube Videos? <\/span>\n\t\t\t\t\t\t\t\t<\/div>\n\t\t\t\t\t\t\t\t<div class=\"uael-accordion-content\" role=\"tabpanel\">\n\t\t\t\t\t\t\t\t\t<span>\n\t\t\t\t\t\t\t\t\t<span><p>Es gibt bei YouTube hervorragende Filme \u00fcber Fotografie.<\/p><p>Aber: Es gibt noch mehr schreckliche Videos mit gef\u00e4hrlichem Halbwissen, voll von versteckter Werbung und von minderwertiger Qualit\u00e4t.<\/p><p>Der Grund: Jeder kann bei YouTube hochladen, was er will.<\/p><p>Bei FotoTV. produzieren wir nur Videos mit ausgewiesenen Expertinnen und Experten. Wir drehen mit einem Profiteam Beitr\u00e4ge in bester technischer Qualit\u00e4t. Und: weil wir werbefrei sind, versuchen wir nicht, euch mit unseren Videos etwas zu verkaufen. Wenn wir mal eine Empfehlung f\u00fcr ein Produkt geben, dann aus \u00dcberzeugung.<\/p><\/span>\t\t\t\t\t\t\t\t\t<\/span>\n\t\t\t\t\t\t\t\t<\/div>\n\t\t\t\t\t\t\t<\/div>\n\t\t\t\t\t\t\t\t\t\t\t\t\t\t<div id=\"uael-accordion-67913ef\" class=\"uael-faq-accordion\" role=\"tablist\">\n\t\t\t\t\t\t\t\t<div class= \"uael-accordion-title\" aria-expanded=\"false\" role=\"tab\">\n\t\t\t\t\t\t\t\t\t<span class=\"uael-accordion-icon uael-accordion-icon-left\">\n\t\t\t\t\t\t\t\t\t\t<span class=\"uael-accordion-icon-closed\"><i class=\"fas fa-angle-right\"><\/i><\/span>\n\t\t\t\t\t\t\t\t\t\t<span class=\"uael-accordion-icon-opened\"><i class=\"fas fa-angle-up\"><\/i><\/span>\n\t\t\t\t\t\t\t\t\t<\/span>\n\t\t\t\t\t\t\t\t\t<span class=\"uael-question-67913ef uael-question-span\" tabindex=\"0\" id=\"uael-faq-6-69f2b5ae98d54\">Was bekomme ich bei FotoTV.?<\/span>\n\t\t\t\t\t\t\t\t<\/div>\n\t\t\t\t\t\t\t\t<div class=\"uael-accordion-content\" role=\"tabpanel\">\n\t\t\t\t\t\t\t\t\t<span>\n\t\t\t\t\t\t\t\t\t<span><p>Bei FotoTV. bekommst du mit einer bezahlten Mitgliedschaft Zugang zu ALLEN Inhalten, die wir haben. Aktuell \u00fcber 3500 Filme, &gt;60 Kurse, diverse Downloads, monatlich die Zeitschrift DigitalPhoto als Download und Einladungen zu allen unseren Livestreams.<\/p><\/span>\t\t\t\t\t\t\t\t\t<\/span>\n\t\t\t\t\t\t\t\t<\/div>\n\t\t\t\t\t\t\t<\/div>\n\t\t\t\t\t\t\t\t\t\t\t\t\t\t<div id=\"uael-accordion-24849b6\" class=\"uael-faq-accordion\" role=\"tablist\">\n\t\t\t\t\t\t\t\t<div class= \"uael-accordion-title\" aria-expanded=\"false\" role=\"tab\">\n\t\t\t\t\t\t\t\t\t<span class=\"uael-accordion-icon uael-accordion-icon-left\">\n\t\t\t\t\t\t\t\t\t\t<span class=\"uael-accordion-icon-closed\"><i class=\"fas fa-angle-right\"><\/i><\/span>\n\t\t\t\t\t\t\t\t\t\t<span class=\"uael-accordion-icon-opened\"><i class=\"fas fa-angle-up\"><\/i><\/span>\n\t\t\t\t\t\t\t\t\t<\/span>\n\t\t\t\t\t\t\t\t\t<span class=\"uael-question-24849b6 uael-question-span\" tabindex=\"0\" id=\"uael-faq-7-69f2b5ae98d68\">Wie kann ich FotoTV. nutzen?<\/span>\n\t\t\t\t\t\t\t\t<\/div>\n\t\t\t\t\t\t\t\t<div class=\"uael-accordion-content\" role=\"tabpanel\">\n\t\t\t\t\t\t\t\t\t<span>\n\t\t\t\t\t\t\t\t\t<span><p>FotoTV. kann man am Computer, auf dem Handy und mit dem Amazon FireTV Stick auch am Fernseher sehen.<\/p><\/span>\t\t\t\t\t\t\t\t\t<\/span>\n\t\t\t\t\t\t\t\t<\/div>\n\t\t\t\t\t\t\t<\/div>\n\t\t\t\t\t\t\t\t\t\t\t\t\t\t<div id=\"uael-accordion-56949a5\" class=\"uael-faq-accordion\" role=\"tablist\">\n\t\t\t\t\t\t\t\t<div class= \"uael-accordion-title\" aria-expanded=\"false\" role=\"tab\">\n\t\t\t\t\t\t\t\t\t<span class=\"uael-accordion-icon uael-accordion-icon-left\">\n\t\t\t\t\t\t\t\t\t\t<span class=\"uael-accordion-icon-closed\"><i class=\"fas fa-angle-right\"><\/i><\/span>\n\t\t\t\t\t\t\t\t\t\t<span class=\"uael-accordion-icon-opened\"><i class=\"fas fa-angle-up\"><\/i><\/span>\n\t\t\t\t\t\t\t\t\t<\/span>\n\t\t\t\t\t\t\t\t\t<span class=\"uael-question-56949a5 uael-question-span\" tabindex=\"0\" id=\"uael-faq-8-69f2b5ae98d7d\">Was kostet FotoTV.?<\/span>\n\t\t\t\t\t\t\t\t<\/div>\n\t\t\t\t\t\t\t\t<div class=\"uael-accordion-content\" role=\"tabpanel\">\n\t\t\t\t\t\t\t\t\t<span>\n\t\t\t\t\t\t\t\t\t<span><p>FotoTV. gibt es als 3 Monats- und als Jahresmitgliedschaft.<\/p><p>Die 3-Monatsmitgliedschaft kostet monatlich 19,95 Euro. In der Jahresmitgliedschaft reduziert sich der monatliche Preis auf nur 9,95 Euro.<\/p><\/span>\t\t\t\t\t\t\t\t\t<\/span>\n\t\t\t\t\t\t\t\t<\/div>\n\t\t\t\t\t\t\t<\/div>\n\t\t\t\t\t\t\t\t\t\t\t\t\t\t<div id=\"uael-accordion-e69da7e\" class=\"uael-faq-accordion\" role=\"tablist\">\n\t\t\t\t\t\t\t\t<div class= \"uael-accordion-title\" aria-expanded=\"false\" role=\"tab\">\n\t\t\t\t\t\t\t\t\t<span class=\"uael-accordion-icon uael-accordion-icon-left\">\n\t\t\t\t\t\t\t\t\t\t<span class=\"uael-accordion-icon-closed\"><i class=\"fas fa-angle-right\"><\/i><\/span>\n\t\t\t\t\t\t\t\t\t\t<span class=\"uael-accordion-icon-opened\"><i class=\"fas fa-angle-up\"><\/i><\/span>\n\t\t\t\t\t\t\t\t\t<\/span>\n\t\t\t\t\t\t\t\t\t<span class=\"uael-question-e69da7e uael-question-span\" tabindex=\"0\" id=\"uael-faq-9-69f2b5ae98d91\">Ich habe noch Fragen<\/span>\n\t\t\t\t\t\t\t\t<\/div>\n\t\t\t\t\t\t\t\t<div class=\"uael-accordion-content\" role=\"tabpanel\">\n\t\t\t\t\t\t\t\t\t<span>\n\t\t\t\t\t\t\t\t\t<span><p>Kontaktiere uns gerne unter info@fototv.de oder telefonisch unter 0221-2223722. Wir sind immer f\u00fcr unsere Mitglieder da.<\/p><\/span>\t\t\t\t\t\t\t\t\t<\/span>\n\t\t\t\t\t\t\t\t<\/div>\n\t\t\t\t\t\t\t<\/div>\n\t\t\t\t\t\t\t\t\t\t\t<\/div>\n\t\t\t<\/div>\n\t\t\t\t\t\t\t<\/div>\n\t\t\t\t<\/div>\n\t\t\t\t\t<\/div>\n\t\t\t\t<\/div>\n\t\t<div class=\"elementor-element elementor-element-5aad1e53 e-flex e-con-boxed e-con e-parent\" data-id=\"5aad1e53\" data-element_type=\"container\" data-settings=\"{&quot;background_background&quot;:&quot;classic&quot;}\">\n\t\t\t\t\t<div class=\"e-con-inner\">\n\t\t\t\t<div class=\"elementor-element elementor-element-24e3b626 elementor-align-center elementor-widget elementor-widget-button\" data-id=\"24e3b626\" data-element_type=\"widget\" data-widget_type=\"button.default\">\n\t\t\t\t<div class=\"elementor-widget-container\">\n\t\t\t\t\t\t\t\t\t<div class=\"elementor-button-wrapper\">\n\t\t\t\t\t<a class=\"elementor-button elementor-button-link elementor-size-xl\" href=\"#1\">\n\t\t\t\t\t\t<span class=\"elementor-button-content-wrapper\">\n\t\t\t\t\t\t\t\t\t<span class=\"elementor-button-text\">Jetzt risikolos mit Geld-zur\u00fcck-Garantie testen<\/span>\n\t\t\t\t\t<\/span>\n\t\t\t\t\t<\/a>\n\t\t\t\t<\/div>\n\t\t\t\t\t\t\t\t<\/div>\n\t\t\t\t<\/div>\n\t\t\t\t\t<\/div>\n\t\t\t\t<\/div>\n\t\t<div class=\"elementor-element elementor-element-5b7811c5 e-flex e-con-boxed e-con e-parent\" data-id=\"5b7811c5\" data-element_type=\"container\" data-settings=\"{&quot;background_background&quot;:&quot;classic&quot;}\">\n\t\t\t\t\t<div class=\"e-con-inner\">\n\t\t\t\t<div class=\"elementor-element elementor-element-451cbe68 elementor-widget elementor-widget-heading\" data-id=\"451cbe68\" data-element_type=\"widget\" data-widget_type=\"heading.default\">\n\t\t\t\t<div class=\"elementor-widget-container\">\n\t\t\t\t\t<h2 class=\"elementor-heading-title elementor-size-default\">Wir sind f\u00fcr dich da!<\/h2>\t\t\t\t<\/div>\n\t\t\t\t<\/div>\n\t\t<div class=\"elementor-element elementor-element-571854ec e-con-full e-flex e-con e-child\" data-id=\"571854ec\" data-element_type=\"container\">\n\t\t<div class=\"elementor-element elementor-element-40e2203a e-con-full e-flex e-con e-child\" data-id=\"40e2203a\" data-element_type=\"container\">\n\t\t\t\t<div class=\"elementor-element elementor-element-7c918ada elementor-widget__width-initial elementor-widget elementor-widget-text-editor\" data-id=\"7c918ada\" data-element_type=\"widget\" data-widget_type=\"text-editor.default\">\n\t\t\t\t<div class=\"elementor-widget-container\">\n\t\t\t\t\t\t\t\t\t<p>Du hast noch Fragen? Wir beantworten sie gerne!<\/p><p>Nutze einfach die hier genannten Kontaktm\u00f6glichkeiten oder die Chat-Funktion unten rechts!<\/p>\t\t\t\t\t\t\t\t<\/div>\n\t\t\t\t<\/div>\n\t\t\t\t<div class=\"elementor-element elementor-element-1ba79420 elementor-widget elementor-widget-heading\" data-id=\"1ba79420\" data-element_type=\"widget\" data-widget_type=\"heading.default\">\n\t\t\t\t<div class=\"elementor-widget-container\">\n\t\t\t\t\t<div class=\"elementor-heading-title elementor-size-default\">Folge uns auf ...<\/div>\t\t\t\t<\/div>\n\t\t\t\t<\/div>\n\t\t\t\t<div class=\"elementor-element elementor-element-2aed024a elementor-shape-circle e-grid-align-left elementor-grid-0 elementor-widget elementor-widget-social-icons\" data-id=\"2aed024a\" data-element_type=\"widget\" data-widget_type=\"social-icons.default\">\n\t\t\t\t<div class=\"elementor-widget-container\">\n\t\t\t\t\t\t\t<div class=\"elementor-social-icons-wrapper elementor-grid\" role=\"list\">\n\t\t\t\t\t\t\t<span class=\"elementor-grid-item\" role=\"listitem\">\n\t\t\t\t\t<a class=\"elementor-icon elementor-social-icon elementor-social-icon-facebook-f elementor-repeater-item-2d0da0c\" href=\"https:\/\/www.facebook.com\/fototv\/\" target=\"_blank\">\n\t\t\t\t\t\t<span class=\"elementor-screen-only\">Facebook-f<\/span>\n\t\t\t\t\t\t<i aria-hidden=\"true\" class=\"fab fa-facebook-f\"><\/i>\t\t\t\t\t<\/a>\n\t\t\t\t<\/span>\n\t\t\t\t\t\t\t<span class=\"elementor-grid-item\" role=\"listitem\">\n\t\t\t\t\t<a class=\"elementor-icon elementor-social-icon elementor-social-icon-instagram elementor-repeater-item-17f88e1\" href=\"https:\/\/www.instagram.com\/fototv.de\/\" target=\"_blank\">\n\t\t\t\t\t\t<span class=\"elementor-screen-only\">Instagram<\/span>\n\t\t\t\t\t\t<i aria-hidden=\"true\" class=\"fab fa-instagram\"><\/i>\t\t\t\t\t<\/a>\n\t\t\t\t<\/span>\n\t\t\t\t\t\t\t<span class=\"elementor-grid-item\" role=\"listitem\">\n\t\t\t\t\t<a class=\"elementor-icon elementor-social-icon elementor-social-icon-youtube elementor-repeater-item-c377ac9\" href=\"https:\/\/www.youtube.com\/user\/FotoTV\" target=\"_blank\">\n\t\t\t\t\t\t<span class=\"elementor-screen-only\">Youtube<\/span>\n\t\t\t\t\t\t<i aria-hidden=\"true\" class=\"fab fa-youtube\"><\/i>\t\t\t\t\t<\/a>\n\t\t\t\t<\/span>\n\t\t\t\t\t<\/div>\n\t\t\t\t\t\t<\/div>\n\t\t\t\t<\/div>\n\t\t\t\t<\/div>\n\t\t<div class=\"elementor-element elementor-element-70472d51 animated-slow e-con-full e-flex elementor-invisible e-con e-child\" data-id=\"70472d51\" data-element_type=\"container\" data-settings=\"{&quot;background_background&quot;:&quot;classic&quot;,&quot;animation&quot;:&quot;fadeIn&quot;,&quot;animation_delay&quot;:1000}\">\n\t\t\t\t<div class=\"elementor-element elementor-element-3918ed3e elementor-view-default elementor-position-block-start elementor-mobile-position-block-start elementor-widget elementor-widget-icon-box\" data-id=\"3918ed3e\" data-element_type=\"widget\" data-widget_type=\"icon-box.default\">\n\t\t\t\t<div class=\"elementor-widget-container\">\n\t\t\t\t\t\t\t<div class=\"elementor-icon-box-wrapper\">\n\n\t\t\t\t\t\t<div class=\"elementor-icon-box-icon\">\n\t\t\t\t<span  class=\"elementor-icon\">\n\t\t\t\t<i aria-hidden=\"true\" class=\"fas fa-phone\"><\/i>\t\t\t\t<\/span>\n\t\t\t<\/div>\n\t\t\t\n\t\t\t\t\t\t<div class=\"elementor-icon-box-content\">\n\n\t\t\t\t\t\t\t\t\t<h3 class=\"elementor-icon-box-title\">\n\t\t\t\t\t\t<span  >\n\t\t\t\t\t\t\t+49(0)221 222 37 22\t\t\t\t\t\t<\/span>\n\t\t\t\t\t<\/h3>\n\t\t\t\t\n\t\t\t\t\n\t\t\t<\/div>\n\t\t\t\n\t\t<\/div>\n\t\t\t\t\t\t<\/div>\n\t\t\t\t<\/div>\n\t\t\t\t<div class=\"elementor-element elementor-element-38d904f3 elementor-widget elementor-widget-text-editor\" data-id=\"38d904f3\" data-element_type=\"widget\" data-widget_type=\"text-editor.default\">\n\t\t\t\t<div class=\"elementor-widget-container\">\n\t\t\t\t\t\t\t\t\t<p>Unsere B\u00fcrozeiten sind:<\/p><p>Montag bis Freitag von 9 bis 18 Uhr<\/p>\t\t\t\t\t\t\t\t<\/div>\n\t\t\t\t<\/div>\n\t\t\t\t<div class=\"elementor-element elementor-element-556240d6 elementor-widget elementor-widget-text-editor\" data-id=\"556240d6\" data-element_type=\"widget\" data-widget_type=\"text-editor.default\">\n\t\t\t\t<div class=\"elementor-widget-container\">\n\t\t\t\t\t\t\t\t\t<p>FotoTV. \/ Stellar Attractions GmbH &amp; Co. KG<\/p><p>Bergisch-Gladbacher-Str. 1177<\/p><p>51069 K\u00f6ln | Deutschland<\/p>\t\t\t\t\t\t\t\t<\/div>\n\t\t\t\t<\/div>\n\t\t\t\t<div class=\"elementor-element elementor-element-6d6f92fd elementor-widget elementor-widget-text-editor\" data-id=\"6d6f92fd\" data-element_type=\"widget\" data-widget_type=\"text-editor.default\">\n\t\t\t\t<div class=\"elementor-widget-container\">\n\t\t\t\t\t\t\t\t\t<p><span style=\"color: #ffffff;\"><a style=\"color: #ffffff;\" href=\"mailto:info@fototv.de\" target=\"_blank\" rel=\"noopener\">info@fototv.de<\/a><\/span><\/p>\t\t\t\t\t\t\t\t<\/div>\n\t\t\t\t<\/div>\n\t\t\t\t<\/div>\n\t\t\t\t<\/div>\n\t\t\t\t\t<\/div>\n\t\t\t\t<\/div>\n\t\t<div class=\"elementor-element elementor-element-129c679b e-flex e-con-boxed e-con e-parent\" data-id=\"129c679b\" data-element_type=\"container\">\n\t\t\t\t\t<div class=\"e-con-inner\">\n\t\t\t\t\t<\/div>\n\t\t\t\t<\/div>\n\t\t<div class=\"elementor-element elementor-element-1d75aa85 e-flex e-con-boxed e-con e-parent\" data-id=\"1d75aa85\" data-element_type=\"container\">\n\t\t\t\t\t<div class=\"e-con-inner\">\n\t\t\t\t\t<\/div>\n\t\t\t\t<\/div>\n\t\t\t\t<\/div>\n\t\t","protected":false},"excerpt":{"rendered":"<p>Fotografie k\u00f6nnen lernen! Wir vermitteln dir strukturiert das Fotowissen, mit dem du jederzeit herausragende Bilder machst. FotoTV. ist die Lernplattform f\u00fcr ernsthaft Fotointeressierte, die fotografisch weiter kommen wollen und bereit sind, Fotografie wirklich zu lernen. Bei uns lernst du alles \u00fcber Fotografie \u2013 vom Motiv \u00fcber Kamera- und Lichttechnik bis hin zu Bildbearbeitung und Pr\u00e4sentation [&hellip;]<\/p>\n","protected":false},"author":4,"featured_media":0,"parent":0,"menu_order":0,"comment_status":"closed","ping_status":"closed","template":"elementor_header_footer","meta":{"footnotes":""},"class_list":["post-5751","page","type-page","status-publish","hentry"],"yoast_head":"<!-- This site is optimized with the Yoast SEO plugin v26.6 - https:\/\/yoast.com\/wordpress\/plugins\/seo\/ -->\n<title>f8 FotoTV -<\/title>\n<meta name=\"robots\" content=\"index, follow, max-snippet:-1, max-image-preview:large, max-video-preview:-1\" \/>\n<link rel=\"canonical\" href=\"https:\/\/www.fototv.de\/start\/\" \/>\n<meta property=\"og:locale\" content=\"de_DE\" \/>\n<meta property=\"og:type\" content=\"article\" \/>\n<meta property=\"og:title\" content=\"f8 FotoTV -\" \/>\n<meta property=\"og:description\" content=\"Fotografie k\u00f6nnen lernen! Wir vermitteln dir strukturiert das Fotowissen, mit dem du jederzeit herausragende Bilder machst. FotoTV. ist die Lernplattform f\u00fcr ernsthaft Fotointeressierte, die fotografisch weiter kommen wollen und bereit sind, Fotografie wirklich zu lernen. Bei uns lernst du alles \u00fcber Fotografie \u2013 vom Motiv \u00fcber Kamera- und Lichttechnik bis hin zu Bildbearbeitung und Pr\u00e4sentation [&hellip;]\" \/>\n<meta property=\"og:url\" content=\"https:\/\/www.fototv.de\/start\/\" \/>\n<meta property=\"article:modified_time\" content=\"2025-11-25T11:11:09+00:00\" \/>\n<meta property=\"og:image\" content=\"https:\/\/www.fototv.de\/start\/wp-content\/uploads\/2022\/11\/PhotoWeekly239_EMPFEHLUNG_fotoTV.webp\" \/>\n\t<meta property=\"og:image:width\" content=\"300\" \/>\n\t<meta property=\"og:image:height\" content=\"300\" \/>\n\t<meta property=\"og:image:type\" content=\"image\/webp\" \/>\n<meta name=\"twitter:card\" content=\"summary_large_image\" \/>\n<meta name=\"twitter:label1\" content=\"Gesch\u00e4tzte Lesezeit\" \/>\n\t<meta name=\"twitter:data1\" content=\"40\u00a0Minuten\" \/>\n<script type=\"application\/ld+json\" class=\"yoast-schema-graph\">{\"@context\":\"https:\/\/schema.org\",\"@graph\":[{\"@type\":\"WebPage\",\"@id\":\"https:\/\/www.fototv.de\/start\/\",\"url\":\"https:\/\/www.fototv.de\/start\/\",\"name\":\"f8 FotoTV -\",\"isPartOf\":{\"@id\":\"https:\/\/www.fototv.de\/start\/#website\"},\"primaryImageOfPage\":{\"@id\":\"https:\/\/www.fototv.de\/start\/#primaryimage\"},\"image\":{\"@id\":\"https:\/\/www.fototv.de\/start\/#primaryimage\"},\"thumbnailUrl\":\"https:\/\/www.fototv.de\/start\/wp-content\/uploads\/2022\/11\/PhotoWeekly239_EMPFEHLUNG_fotoTV.webp\",\"datePublished\":\"2025-02-14T10:14:29+00:00\",\"dateModified\":\"2025-11-25T11:11:09+00:00\",\"breadcrumb\":{\"@id\":\"https:\/\/www.fototv.de\/start\/#breadcrumb\"},\"inLanguage\":\"de\",\"potentialAction\":[{\"@type\":\"ReadAction\",\"target\":[\"https:\/\/www.fototv.de\/start\/\"]}]},{\"@type\":\"ImageObject\",\"inLanguage\":\"de\",\"@id\":\"https:\/\/www.fototv.de\/start\/#primaryimage\",\"url\":\"https:\/\/www.fototv.de\/start\/wp-content\/uploads\/2022\/11\/PhotoWeekly239_EMPFEHLUNG_fotoTV.webp\",\"contentUrl\":\"https:\/\/www.fototv.de\/start\/wp-content\/uploads\/2022\/11\/PhotoWeekly239_EMPFEHLUNG_fotoTV.webp\",\"width\":300,\"height\":300},{\"@type\":\"BreadcrumbList\",\"@id\":\"https:\/\/www.fototv.de\/start\/#breadcrumb\",\"itemListElement\":[{\"@type\":\"ListItem\",\"position\":1,\"name\":\"Home\",\"item\":\"https:\/\/www.fototv.de\/start\/\"},{\"@type\":\"ListItem\",\"position\":2,\"name\":\"f8 FotoTV\"}]},{\"@type\":\"WebSite\",\"@id\":\"https:\/\/www.fototv.de\/start\/#website\",\"url\":\"https:\/\/www.fototv.de\/start\/\",\"name\":\"\",\"description\":\"\",\"potentialAction\":[{\"@type\":\"SearchAction\",\"target\":{\"@type\":\"EntryPoint\",\"urlTemplate\":\"https:\/\/www.fototv.de\/start\/?s={search_term_string}\"},\"query-input\":{\"@type\":\"PropertyValueSpecification\",\"valueRequired\":true,\"valueName\":\"search_term_string\"}}],\"inLanguage\":\"de\"}]}<\/script>\n<!-- \/ Yoast SEO plugin. -->","yoast_head_json":{"title":"f8 FotoTV -","robots":{"index":"index","follow":"follow","max-snippet":"max-snippet:-1","max-image-preview":"max-image-preview:large","max-video-preview":"max-video-preview:-1"},"canonical":"https:\/\/www.fototv.de\/start\/","og_locale":"de_DE","og_type":"article","og_title":"f8 FotoTV -","og_description":"Fotografie k\u00f6nnen lernen! Wir vermitteln dir strukturiert das Fotowissen, mit dem du jederzeit herausragende Bilder machst. FotoTV. ist die Lernplattform f\u00fcr ernsthaft Fotointeressierte, die fotografisch weiter kommen wollen und bereit sind, Fotografie wirklich zu lernen. Bei uns lernst du alles \u00fcber Fotografie \u2013 vom Motiv \u00fcber Kamera- und Lichttechnik bis hin zu Bildbearbeitung und Pr\u00e4sentation [&hellip;]","og_url":"https:\/\/www.fototv.de\/start\/","article_modified_time":"2025-11-25T11:11:09+00:00","og_image":[{"width":300,"height":300,"url":"https:\/\/www.fototv.de\/start\/wp-content\/uploads\/2022\/11\/PhotoWeekly239_EMPFEHLUNG_fotoTV.webp","type":"image\/webp"}],"twitter_card":"summary_large_image","twitter_misc":{"Gesch\u00e4tzte Lesezeit":"40\u00a0Minuten"},"schema":{"@context":"https:\/\/schema.org","@graph":[{"@type":"WebPage","@id":"https:\/\/www.fototv.de\/start\/","url":"https:\/\/www.fototv.de\/start\/","name":"f8 FotoTV -","isPartOf":{"@id":"https:\/\/www.fototv.de\/start\/#website"},"primaryImageOfPage":{"@id":"https:\/\/www.fototv.de\/start\/#primaryimage"},"image":{"@id":"https:\/\/www.fototv.de\/start\/#primaryimage"},"thumbnailUrl":"https:\/\/www.fototv.de\/start\/wp-content\/uploads\/2022\/11\/PhotoWeekly239_EMPFEHLUNG_fotoTV.webp","datePublished":"2025-02-14T10:14:29+00:00","dateModified":"2025-11-25T11:11:09+00:00","breadcrumb":{"@id":"https:\/\/www.fototv.de\/start\/#breadcrumb"},"inLanguage":"de","potentialAction":[{"@type":"ReadAction","target":["https:\/\/www.fototv.de\/start\/"]}]},{"@type":"ImageObject","inLanguage":"de","@id":"https:\/\/www.fototv.de\/start\/#primaryimage","url":"https:\/\/www.fototv.de\/start\/wp-content\/uploads\/2022\/11\/PhotoWeekly239_EMPFEHLUNG_fotoTV.webp","contentUrl":"https:\/\/www.fototv.de\/start\/wp-content\/uploads\/2022\/11\/PhotoWeekly239_EMPFEHLUNG_fotoTV.webp","width":300,"height":300},{"@type":"BreadcrumbList","@id":"https:\/\/www.fototv.de\/start\/#breadcrumb","itemListElement":[{"@type":"ListItem","position":1,"name":"Home","item":"https:\/\/www.fototv.de\/start\/"},{"@type":"ListItem","position":2,"name":"f8 FotoTV"}]},{"@type":"WebSite","@id":"https:\/\/www.fototv.de\/start\/#website","url":"https:\/\/www.fototv.de\/start\/","name":"","description":"","potentialAction":[{"@type":"SearchAction","target":{"@type":"EntryPoint","urlTemplate":"https:\/\/www.fototv.de\/start\/?s={search_term_string}"},"query-input":{"@type":"PropertyValueSpecification","valueRequired":true,"valueName":"search_term_string"}}],"inLanguage":"de"}]}},"_links":{"self":[{"href":"https:\/\/www.fototv.de\/start\/wp-json\/wp\/v2\/pages\/5751","targetHints":{"allow":["GET"]}}],"collection":[{"href":"https:\/\/www.fototv.de\/start\/wp-json\/wp\/v2\/pages"}],"about":[{"href":"https:\/\/www.fototv.de\/start\/wp-json\/wp\/v2\/types\/page"}],"author":[{"embeddable":true,"href":"https:\/\/www.fototv.de\/start\/wp-json\/wp\/v2\/users\/4"}],"replies":[{"embeddable":true,"href":"https:\/\/www.fototv.de\/start\/wp-json\/wp\/v2\/comments?post=5751"}],"version-history":[{"count":12,"href":"https:\/\/www.fototv.de\/start\/wp-json\/wp\/v2\/pages\/5751\/revisions"}],"predecessor-version":[{"id":5916,"href":"https:\/\/www.fototv.de\/start\/wp-json\/wp\/v2\/pages\/5751\/revisions\/5916"}],"wp:attachment":[{"href":"https:\/\/www.fototv.de\/start\/wp-json\/wp\/v2\/media?parent=5751"}],"curies":[{"name":"wp","href":"https:\/\/api.w.org\/{rel}","templated":true}]}}